{"id":1698,"date":"2023-06-07T00:27:35","date_gmt":"2023-06-06T22:27:35","guid":{"rendered":"https:\/\/azordisseny.com\/23\/serveis\/"},"modified":"2024-02-12T13:55:47","modified_gmt":"2024-02-12T12:55:47","slug":"servicios","status":"publish","type":"page","link":"https:\/\/azordisseny.com\/es\/servicios\/","title":{"rendered":"Servicios"},"content":{"rendered":"<section class=\"l-section wpb_row height_medium\"><div class=\"l-section-h i-cf\"><div class=\"g-cols vc_row via_grid cols_2 laptops-cols_inherit tablets-cols_inherit mobiles-cols_1 valign_middle type_default stacking_default\"><div class=\"wpb_column vc_column_container\"><div class=\"vc_column-inner\"><div class=\"w-image align_none\"><div class=\"w-image-h\"><img loading=\"lazy\" decoding=\"async\" width=\"2375\" height=\"2223\" src=\"https:\/\/azordisseny.com\/wp-content\/uploads\/2023\/07\/corque-fem-ok.png\" class=\"attachment-full size-full\" alt=\"\" srcset=\"https:\/\/azordisseny.com\/wp-content\/uploads\/2023\/07\/corque-fem-ok.png 2375w, https:\/\/azordisseny.com\/wp-content\/uploads\/2023\/07\/corque-fem-ok-300x281.png 300w, https:\/\/azordisseny.com\/wp-content\/uploads\/2023\/07\/corque-fem-ok-1024x958.png 1024w\" sizes=\"auto, (max-width: 2375px) 100vw, 2375px\" \/><\/div><\/div><\/div><\/div><div class=\"wpb_column vc_column_container\"><div class=\"vc_column-inner\"><h2 class=\"w-text us_custom_9d8e21fa\"><span class=\"w-text-h\"><span class=\"w-text-value\">\u00bfQu\u00e9 hacemos?<\/span><\/span><\/h2><div class=\"wpb_text_column us_custom_d8d2f9b6\"><div class=\"wpb_wrapper\"><p>Proyectos de dise\u00f1o gr\u00e1fico y comunicaci\u00f3n para empresas, entidades, organismos p\u00fablicos y particulares.<\/p>\n<p>Asesoramos y coordinamos los procesos de producci\u00f3n y ejecuci\u00f3n.<\/p>\n<\/div><\/div><\/div><\/div><\/div><\/div><\/section><section class=\"l-section wpb_row height_medium\"><div class=\"l-section-h i-cf\"><div class=\"g-cols vc_row via_grid cols_2 laptops-cols_inherit tablets-cols_inherit mobiles-cols_1 valign_top type_default stacking_default\"><div class=\"wpb_column vc_column_container\"><div class=\"vc_column-inner\"><h2 class=\"w-text us_custom_a3c4ffc9\"><span class=\"w-text-h\"><span class=\"w-text-value\">Branding e Imagen Corporativa<\/span><\/span><\/h2><div class=\"wpb_text_column\"><div class=\"wpb_wrapper\"><p><strong>La importancia de tu imagen<\/strong>.<\/p>\n<p id=\"tw-target-text\" class=\"tw-data-text tw-text-large tw-ta\" dir=\"ltr\" data-placeholder=\"Traducci\u00f3n\" data-ved=\"2ahUKEwi59-uA3-iCAxUfUaQEHTlGBUsQ3ewLegQIBRAQ\"><span class=\"Y2IQFc\" lang=\"es\">Te ayudamos a crear y construir tu marca o logotipo para darle el valor que merece y ubicarla en la mente del p\u00fablico final.<\/span><\/p>\n<p class=\"tw-data-text tw-text-large tw-ta\" dir=\"ltr\" data-placeholder=\"Traducci\u00f3n\" data-ved=\"2ahUKEwi59-uA3-iCAxUfUaQEHTlGBUsQ3ewLegQIBRAQ\"><span class=\"Y2IQFc\" lang=\"es\">Te acompa\u00f1amos en la elecci\u00f3n del nombre (naming), en el desarrollo de la identidad corporativa, en el posicionamiento, en la lealtad de marca y su arquitectura para un buen uso. Toda marca cuenta una historia y una experiencia que acaba por transmitir una emoci\u00f3n.<\/span><\/p>\n<p><strong>\u00bfTienes <\/strong><strong>un logo pero necesitas un restyling?<\/strong><\/p>\n<p id=\"tw-target-text\" class=\"tw-data-text tw-text-large tw-ta\" dir=\"ltr\" data-placeholder=\"Traducci\u00f3n\" data-ved=\"2ahUKEwi59-uA3-iCAxUfUaQEHTlGBUsQ3ewLegQIBRAQ\"><span class=\"Y2IQFc\" lang=\"es\">Estudiamos las posibilidades para darle un nuevo rumbo para que siga vigente sin perder el adn.<\/span><\/p>\n<p class=\"tw-data-text tw-text-large tw-ta\" dir=\"ltr\" data-placeholder=\"Traducci\u00f3n\" data-ved=\"2ahUKEwi59-uA3-iCAxUfUaQEHTlGBUsQ3ewLegQIBRAQ\"><em><span class=\"Y2IQFc\" lang=\"es\">Las mejores ideas son las m\u00e1s simples.<\/span><\/em><\/p>\n<\/div><\/div><div class=\"w-grid us_custom_faa47779 type_carousel layout_gallery_default\" id=\"us_grid_1\" style=\"--gap:0.1rem;\"><style>.layout_gallery_default .w-grid-item-h{}<\/style><div class=\"w-grid-list owl-carousel navstyle_circle navpos_outside\">\t<article class=\"w-grid-item post-2024 us_portfolio type-us_portfolio status-publish has-post-thumbnail hentry us_portfolio_category-branding-e-imagen-corporativa us_portfolio_tag-destacado-en-portada\" data-id=\"2024\">\r\n\t\t<div class=\"w-grid-item-h\">\r\n\t\t\t\t\t\t<div class=\"w-post-elm post_image usg_post_image_1 stretched\"><img loading=\"lazy\" decoding=\"async\" width=\"1024\" height=\"1024\" src=\"https:\/\/azordisseny.com\/wp-content\/uploads\/2023\/11\/lidia-blasco-fisioterapeuta1-ok-1024x1024.jpg\" class=\"attachment-large size-large wp-post-image\" alt=\"\" srcset=\"https:\/\/azordisseny.com\/wp-content\/uploads\/2023\/11\/lidia-blasco-fisioterapeuta1-ok-1024x1024.jpg 1024w, https:\/\/azordisseny.com\/wp-content\/uploads\/2023\/11\/lidia-blasco-fisioterapeuta1-ok-300x300.jpg 300w, https:\/\/azordisseny.com\/wp-content\/uploads\/2023\/11\/lidia-blasco-fisioterapeuta1-ok-150x150.jpg 150w, https:\/\/azordisseny.com\/wp-content\/uploads\/2023\/11\/lidia-blasco-fisioterapeuta1-ok.jpg 1535w\" sizes=\"auto, (max-width: 1024px) 100vw, 1024px\" \/><\/div>\t\t<\/div>\r\n\t<\/article>\r\n\t<article class=\"w-grid-item post-2226 us_portfolio type-us_portfolio status-publish has-post-thumbnail hentry us_portfolio_category-branding-e-imagen-corporativa us_portfolio_category-editorial-es us_portfolio_category-grafica-publicitaria-y-comunicacion us_portfolio_tag-destacado-en-portada\" data-id=\"2226\">\r\n\t\t<div class=\"w-grid-item-h\">\r\n\t\t\t\t\t\t<div class=\"w-post-elm post_image usg_post_image_1 stretched\"><img loading=\"lazy\" decoding=\"async\" width=\"1024\" height=\"1024\" src=\"https:\/\/azordisseny.com\/wp-content\/uploads\/2024\/08\/cataleg-cava-jaume-giro-i-giro-1024x1024.jpg\" class=\"attachment-large size-large wp-post-image\" alt=\"\" srcset=\"https:\/\/azordisseny.com\/wp-content\/uploads\/2024\/08\/cataleg-cava-jaume-giro-i-giro-1024x1024.jpg 1024w, https:\/\/azordisseny.com\/wp-content\/uploads\/2024\/08\/cataleg-cava-jaume-giro-i-giro-300x300.jpg 300w, https:\/\/azordisseny.com\/wp-content\/uploads\/2024\/08\/cataleg-cava-jaume-giro-i-giro-150x150.jpg 150w\" sizes=\"auto, (max-width: 1024px) 100vw, 1024px\" \/><\/div>\t\t<\/div>\r\n\t<\/article>\r\n\t<article class=\"w-grid-item post-2361 us_portfolio type-us_portfolio status-publish has-post-thumbnail hentry us_portfolio_category-branding-e-imagen-corporativa us_portfolio_category-grafica-publicitaria-y-comunicacion us_portfolio_tag-destacado-en-portada\" data-id=\"2361\">\r\n\t\t<div class=\"w-grid-item-h\">\r\n\t\t\t\t\t\t<div class=\"w-post-elm post_image usg_post_image_1 stretched\"><img loading=\"lazy\" decoding=\"async\" width=\"1024\" height=\"1024\" src=\"https:\/\/azordisseny.com\/wp-content\/uploads\/2026\/02\/w-mockup-Feria-OCF-Mexico-1024x1024.jpg\" class=\"attachment-large size-large wp-post-image\" alt=\"\" srcset=\"https:\/\/azordisseny.com\/wp-content\/uploads\/2026\/02\/w-mockup-Feria-OCF-Mexico-1024x1024.jpg 1024w, https:\/\/azordisseny.com\/wp-content\/uploads\/2026\/02\/w-mockup-Feria-OCF-Mexico-300x300.jpg 300w, https:\/\/azordisseny.com\/wp-content\/uploads\/2026\/02\/w-mockup-Feria-OCF-Mexico-150x150.jpg 150w, https:\/\/azordisseny.com\/wp-content\/uploads\/2026\/02\/w-mockup-Feria-OCF-Mexico.jpg 1772w\" sizes=\"auto, (max-width: 1024px) 100vw, 1024px\" \/><\/div>\t\t<\/div>\r\n\t<\/article>\r\n\t<article class=\"w-grid-item post-2371 us_portfolio type-us_portfolio status-publish has-post-thumbnail hentry us_portfolio_category-branding-e-imagen-corporativa us_portfolio_tag-destacado-en-portada\" data-id=\"2371\">\r\n\t\t<div class=\"w-grid-item-h\">\r\n\t\t\t\t\t\t<div class=\"w-post-elm post_image usg_post_image_1 stretched\"><img loading=\"lazy\" decoding=\"async\" width=\"1024\" height=\"1024\" src=\"https:\/\/azordisseny.com\/wp-content\/uploads\/2026\/02\/w-mockup-paret-BITLMEDIA-instagram-1024x1024.jpg\" class=\"attachment-large size-large wp-post-image\" alt=\"\" srcset=\"https:\/\/azordisseny.com\/wp-content\/uploads\/2026\/02\/w-mockup-paret-BITLMEDIA-instagram-1024x1024.jpg 1024w, https:\/\/azordisseny.com\/wp-content\/uploads\/2026\/02\/w-mockup-paret-BITLMEDIA-instagram-300x300.jpg 300w, https:\/\/azordisseny.com\/wp-content\/uploads\/2026\/02\/w-mockup-paret-BITLMEDIA-instagram-150x150.jpg 150w, https:\/\/azordisseny.com\/wp-content\/uploads\/2026\/02\/w-mockup-paret-BITLMEDIA-instagram.jpg 1772w\" sizes=\"auto, (max-width: 1024px) 100vw, 1024px\" \/><\/div>\t\t<\/div>\r\n\t<\/article>\r\n\t<article class=\"w-grid-item post-2281 us_portfolio type-us_portfolio status-publish has-post-thumbnail hentry us_portfolio_category-branding-e-imagen-corporativa\" data-id=\"2281\">\r\n\t\t<div class=\"w-grid-item-h\">\r\n\t\t\t\t\t\t<div class=\"w-post-elm post_image usg_post_image_1 stretched\"><img loading=\"lazy\" decoding=\"async\" width=\"1024\" height=\"1024\" src=\"https:\/\/azordisseny.com\/wp-content\/uploads\/2025\/02\/web-tarjeta-cervera-alumini--1024x1024.jpg\" class=\"attachment-large size-large wp-post-image\" alt=\"\" srcset=\"https:\/\/azordisseny.com\/wp-content\/uploads\/2025\/02\/web-tarjeta-cervera-alumini--1024x1024.jpg 1024w, https:\/\/azordisseny.com\/wp-content\/uploads\/2025\/02\/web-tarjeta-cervera-alumini--300x300.jpg 300w, https:\/\/azordisseny.com\/wp-content\/uploads\/2025\/02\/web-tarjeta-cervera-alumini--150x150.jpg 150w, https:\/\/azordisseny.com\/wp-content\/uploads\/2025\/02\/web-tarjeta-cervera-alumini-.jpg 1500w\" sizes=\"auto, (max-width: 1024px) 100vw, 1024px\" \/><\/div>\t\t<\/div>\r\n\t<\/article>\r\n\t<article class=\"w-grid-item post-2367 us_portfolio type-us_portfolio status-publish has-post-thumbnail hentry us_portfolio_category-branding-e-imagen-corporativa us_portfolio_category-grafica-publicitaria-y-comunicacion us_portfolio_tag-destacado-en-portada\" data-id=\"2367\">\r\n\t\t<div class=\"w-grid-item-h\">\r\n\t\t\t\t\t\t<div class=\"w-post-elm post_image usg_post_image_1 stretched\"><img loading=\"lazy\" decoding=\"async\" width=\"1024\" height=\"1024\" src=\"https:\/\/azordisseny.com\/wp-content\/uploads\/2026\/02\/w-mockup-monocrom-instagram-1024x1024.jpg\" class=\"attachment-large size-large wp-post-image\" alt=\"\" srcset=\"https:\/\/azordisseny.com\/wp-content\/uploads\/2026\/02\/w-mockup-monocrom-instagram-1024x1024.jpg 1024w, https:\/\/azordisseny.com\/wp-content\/uploads\/2026\/02\/w-mockup-monocrom-instagram-300x300.jpg 300w, https:\/\/azordisseny.com\/wp-content\/uploads\/2026\/02\/w-mockup-monocrom-instagram-150x150.jpg 150w, https:\/\/azordisseny.com\/wp-content\/uploads\/2026\/02\/w-mockup-monocrom-instagram.jpg 1772w\" sizes=\"auto, (max-width: 1024px) 100vw, 1024px\" \/><\/div>\t\t<\/div>\r\n\t<\/article>\r\n\t<article class=\"w-grid-item post-2025 us_portfolio type-us_portfolio status-publish has-post-thumbnail hentry us_portfolio_category-branding-e-imagen-corporativa\" data-id=\"2025\">\r\n\t\t<div class=\"w-grid-item-h\">\r\n\t\t\t\t\t\t<div class=\"w-post-elm post_image usg_post_image_1 stretched\"><img loading=\"lazy\" decoding=\"async\" width=\"1024\" height=\"812\" src=\"https:\/\/azordisseny.com\/wp-content\/uploads\/2020\/09\/xuslide06-1024x812.jpg\" class=\"attachment-large size-large wp-post-image\" alt=\"\" srcset=\"https:\/\/azordisseny.com\/wp-content\/uploads\/2020\/09\/xuslide06-1024x812.jpg 1024w, https:\/\/azordisseny.com\/wp-content\/uploads\/2020\/09\/xuslide06-300x238.jpg 300w, https:\/\/azordisseny.com\/wp-content\/uploads\/2020\/09\/xuslide06.jpg 1200w\" sizes=\"auto, (max-width: 1024px) 100vw, 1024px\" \/><\/div>\t\t<\/div>\r\n\t<\/article>\r\n\t<article class=\"w-grid-item post-2295 us_portfolio type-us_portfolio status-publish has-post-thumbnail hentry us_portfolio_category-branding-e-imagen-corporativa us_portfolio_category-grafica-publicitaria-y-comunicacion us_portfolio_tag-destacado-en-portada\" data-id=\"2295\">\r\n\t\t<div class=\"w-grid-item-h\">\r\n\t\t\t\t\t\t<div class=\"w-post-elm post_image usg_post_image_1 stretched\"><img loading=\"lazy\" decoding=\"async\" width=\"1024\" height=\"1024\" src=\"https:\/\/azordisseny.com\/wp-content\/uploads\/2025\/02\/cataleg-BiT-2025-web--1024x1024.jpg\" class=\"attachment-large size-large wp-post-image\" alt=\"\" srcset=\"https:\/\/azordisseny.com\/wp-content\/uploads\/2025\/02\/cataleg-BiT-2025-web--1024x1024.jpg 1024w, https:\/\/azordisseny.com\/wp-content\/uploads\/2025\/02\/cataleg-BiT-2025-web--300x300.jpg 300w, https:\/\/azordisseny.com\/wp-content\/uploads\/2025\/02\/cataleg-BiT-2025-web--150x150.jpg 150w, https:\/\/azordisseny.com\/wp-content\/uploads\/2025\/02\/cataleg-BiT-2025-web-.jpg 2000w\" sizes=\"auto, (max-width: 1024px) 100vw, 1024px\" \/><\/div>\t\t<\/div>\r\n\t<\/article>\r\n\t<article class=\"w-grid-item post-2023 us_portfolio type-us_portfolio status-publish has-post-thumbnail hentry us_portfolio_category-branding-e-imagen-corporativa\" data-id=\"2023\">\r\n\t\t<div class=\"w-grid-item-h\">\r\n\t\t\t\t\t\t<div class=\"w-post-elm post_image usg_post_image_1 stretched\"><img loading=\"lazy\" decoding=\"async\" width=\"1024\" height=\"1024\" src=\"https:\/\/azordisseny.com\/wp-content\/uploads\/2023\/11\/lidia-blasco-fisioterapeuta-1024x1024.jpg\" class=\"attachment-large size-large wp-post-image\" alt=\"\" srcset=\"https:\/\/azordisseny.com\/wp-content\/uploads\/2023\/11\/lidia-blasco-fisioterapeuta-1024x1024.jpg 1024w, https:\/\/azordisseny.com\/wp-content\/uploads\/2023\/11\/lidia-blasco-fisioterapeuta-300x300.jpg 300w, https:\/\/azordisseny.com\/wp-content\/uploads\/2023\/11\/lidia-blasco-fisioterapeuta-150x150.jpg 150w, https:\/\/azordisseny.com\/wp-content\/uploads\/2023\/11\/lidia-blasco-fisioterapeuta.jpg 1772w\" sizes=\"auto, (max-width: 1024px) 100vw, 1024px\" \/><\/div>\t\t<\/div>\r\n\t<\/article>\r\n\t<article class=\"w-grid-item post-2260 us_portfolio type-us_portfolio status-publish has-post-thumbnail hentry us_portfolio_category-branding-e-imagen-corporativa us_portfolio_tag-destacado-en-portada\" data-id=\"2260\">\r\n\t\t<div class=\"w-grid-item-h\">\r\n\t\t\t\t\t\t<div class=\"w-post-elm post_image usg_post_image_1 stretched\"><img loading=\"lazy\" decoding=\"async\" width=\"1000\" height=\"1000\" src=\"https:\/\/azordisseny.com\/wp-content\/uploads\/2025\/02\/web2finestres-vilafranca-.jpg\" class=\"attachment-large size-large wp-post-image\" alt=\"\" srcset=\"https:\/\/azordisseny.com\/wp-content\/uploads\/2025\/02\/web2finestres-vilafranca-.jpg 1000w, https:\/\/azordisseny.com\/wp-content\/uploads\/2025\/02\/web2finestres-vilafranca--300x300.jpg 300w, https:\/\/azordisseny.com\/wp-content\/uploads\/2025\/02\/web2finestres-vilafranca--150x150.jpg 150w\" sizes=\"auto, (max-width: 1000px) 100vw, 1000px\" \/><\/div>\t\t<\/div>\r\n\t<\/article>\r\n<\/div>\t<div class=\"g-preloader type_1\">\r\n\t\t<div><\/div>\r\n\t<\/div>\r\n\t\t<div class=\"w-grid-json hidden\" onclick='return {&quot;action&quot;:&quot;us_ajax_grid&quot;,&quot;ajax_url&quot;:&quot;https:\\\/\\\/azordisseny.com\\\/wp-admin\\\/admin-ajax.php&quot;,&quot;infinite_scroll&quot;:0,&quot;max_num_pages&quot;:3,&quot;pagination&quot;:&quot;none&quot;,&quot;template_vars&quot;:{&quot;columns&quot;:&quot;1&quot;,&quot;exclude_items&quot;:&quot;none&quot;,&quot;img_size&quot;:&quot;default&quot;,&quot;ignore_items_size&quot;:0,&quot;items_layout&quot;:&quot;gallery_default&quot;,&quot;items_offset&quot;:&quot;1&quot;,&quot;load_animation&quot;:&quot;none&quot;,&quot;overriding_link&quot;:&quot;{\\&quot;url\\&quot;:\\&quot;\\&quot;}&quot;,&quot;post_id&quot;:0,&quot;query_args&quot;:{&quot;post_type&quot;:[&quot;us_portfolio&quot;],&quot;tax_query&quot;:[{&quot;taxonomy&quot;:&quot;us_portfolio_category&quot;,&quot;field&quot;:&quot;slug&quot;,&quot;terms&quot;:[&quot;branding-i-imatge-corporativa&quot;]}],&quot;post_status&quot;:[&quot;publish&quot;,&quot;acf-disabled&quot;],&quot;posts_per_page&quot;:&quot;10&quot;},&quot;orderby_query_args&quot;:{&quot;orderby&quot;:&quot;RAND(1973642792)&quot;},&quot;type&quot;:&quot;carousel&quot;,&quot;us_grid_ajax_index&quot;:1,&quot;us_grid_filter_params&quot;:[],&quot;us_grid_index&quot;:1,&quot;_us_grid_post_type&quot;:&quot;us_portfolio&quot;,&quot;page_args&quot;:[],&quot;lang&quot;:&quot;es&quot;},&quot;carousel_settings&quot;:{&quot;autoHeight&quot;:0,&quot;autoplay&quot;:1,&quot;carousel_fade&quot;:1,&quot;center&quot;:0,&quot;dots&quot;:0,&quot;items&quot;:&quot;1&quot;,&quot;loop&quot;:true,&quot;nav&quot;:0,&quot;slideby&quot;:&quot;1&quot;,&quot;smooth_play&quot;:0,&quot;speed&quot;:250,&quot;timeout&quot;:3000,&quot;transition&quot;:&quot;&quot;,&quot;aria_labels&quot;:{&quot;prev&quot;:&quot;Anterior&quot;,&quot;next&quot;:&quot;Siguiente&quot;}},&quot;carousel_breakpoints&quot;:{&quot;0&quot;:{&quot;autoHeight&quot;:0,&quot;autoplay&quot;:1,&quot;autoplayHoverPause&quot;:1,&quot;items&quot;:1,&quot;loop&quot;:true,&quot;stagePadding&quot;:0},&quot;601&quot;:{&quot;autoHeight&quot;:0,&quot;autoplay&quot;:1,&quot;autoplayHoverPause&quot;:1,&quot;items&quot;:&quot;1&quot;,&quot;loop&quot;:true,&quot;stagePadding&quot;:0},&quot;1025&quot;:{&quot;autoHeight&quot;:0,&quot;autoplay&quot;:1,&quot;autoplayHoverPause&quot;:1,&quot;items&quot;:&quot;1&quot;,&quot;loop&quot;:true,&quot;stagePadding&quot;:0},&quot;1381&quot;:{&quot;items&quot;:1,&quot;stagePadding&quot;:0}}}'><\/div>\r\n\t<\/div><\/div><\/div><div class=\"wpb_column vc_column_container\"><div class=\"vc_column-inner\"><h2 class=\"w-text us_custom_a3c4ffc9\"><span class=\"w-text-h\"><span class=\"w-text-value\">Gr\u00e1fica Publicitaria y Comunicaci\u00f3n<\/span><\/span><\/h2><div class=\"wpb_text_column\"><div class=\"wpb_wrapper\"><p><strong>Un mensaje correcto con emociones.<\/strong><\/p>\n<p id=\"tw-target-text\" class=\"tw-data-text tw-text-large tw-ta\" dir=\"ltr\" data-placeholder=\"Traducci\u00f3n\" data-ved=\"2ahUKEwi59-uA3-iCAxUfUaQEHTlGBUsQ3ewLegQIBRAQ\"><span class=\"Y2IQFc\" lang=\"es\">Es la clave que nos permite potenciar la efectividad de un mensaje a trav\u00e9s del correcto uso de s\u00edmbolos y signos gr\u00e1ficos que transmiten ideas, emociones e incluso sensaciones.<\/span><\/p>\n<p class=\"tw-data-text tw-text-large tw-ta\" dir=\"ltr\" data-placeholder=\"Traducci\u00f3n\" data-ved=\"2ahUKEwi59-uA3-iCAxUfUaQEHTlGBUsQ3ewLegQIBRAQ\"><span class=\"Y2IQFc\" lang=\"es\">El dise\u00f1o publicitario es el medio y finalidad de la comunicaci\u00f3n visual. Desarrollamos los recursos m\u00e1s habituales: vallas, cat\u00e1logos, carteles, folletos, gu\u00edas, agendas, calendarios, banners, redes sociales\u2026<\/span><\/p>\n<p class=\"tw-data-text tw-text-large tw-ta\" dir=\"ltr\" data-placeholder=\"Traducci\u00f3n\" data-ved=\"2ahUKEwi59-uA3-iCAxUfUaQEHTlGBUsQ3ewLegQIBRAQ\"><em><span class=\"Y2IQFc\" lang=\"es\">Las mejores ideas son las m\u00e1s simples.<\/span><\/em><\/p>\n<\/div><\/div><div class=\"w-grid us_custom_faa47779 type_carousel layout_gallery_default\" id=\"us_grid_2\" style=\"--gap:0.1rem;\"><div class=\"w-grid-list owl-carousel navstyle_circle navpos_outside\">\t<article class=\"w-grid-item post-2013 us_portfolio type-us_portfolio status-publish has-post-thumbnail hentry us_portfolio_category-grafica-publicitaria-y-comunicacion\" data-id=\"2013\">\r\n\t\t<div class=\"w-grid-item-h\">\r\n\t\t\t\t\t\t<div class=\"w-post-elm post_image usg_post_image_1 stretched\"><img loading=\"lazy\" decoding=\"async\" width=\"960\" height=\"960\" src=\"https:\/\/azordisseny.com\/wp-content\/uploads\/2020\/07\/grafica16-1.jpg\" class=\"attachment-large size-large wp-post-image\" alt=\"\" srcset=\"https:\/\/azordisseny.com\/wp-content\/uploads\/2020\/07\/grafica16-1.jpg 960w, https:\/\/azordisseny.com\/wp-content\/uploads\/2020\/07\/grafica16-1-300x300.jpg 300w, https:\/\/azordisseny.com\/wp-content\/uploads\/2020\/07\/grafica16-1-150x150.jpg 150w\" sizes=\"auto, (max-width: 960px) 100vw, 960px\" \/><\/div>\t\t<\/div>\r\n\t<\/article>\r\n\t<article class=\"w-grid-item post-2208 us_portfolio type-us_portfolio status-publish has-post-thumbnail hentry us_portfolio_category-grafica-publicitaria-y-comunicacion us_portfolio_tag-destacado-en-portada\" data-id=\"2208\">\r\n\t\t<div class=\"w-grid-item-h\">\r\n\t\t\t\t\t\t<div class=\"w-post-elm post_image usg_post_image_1 stretched\"><img loading=\"lazy\" decoding=\"async\" width=\"1024\" height=\"1024\" src=\"https:\/\/azordisseny.com\/wp-content\/uploads\/2024\/08\/campanya-digital-MMGestions-w-1024x1024.jpg\" class=\"attachment-large size-large wp-post-image\" alt=\"\" srcset=\"https:\/\/azordisseny.com\/wp-content\/uploads\/2024\/08\/campanya-digital-MMGestions-w-1024x1024.jpg 1024w, https:\/\/azordisseny.com\/wp-content\/uploads\/2024\/08\/campanya-digital-MMGestions-w-300x300.jpg 300w, https:\/\/azordisseny.com\/wp-content\/uploads\/2024\/08\/campanya-digital-MMGestions-w-150x150.jpg 150w, https:\/\/azordisseny.com\/wp-content\/uploads\/2024\/08\/campanya-digital-MMGestions-w.jpg 1181w\" sizes=\"auto, (max-width: 1024px) 100vw, 1024px\" \/><\/div>\t\t<\/div>\r\n\t<\/article>\r\n\t<article class=\"w-grid-item post-2026 us_portfolio type-us_portfolio status-publish has-post-thumbnail hentry us_portfolio_category-grafica-publicitaria-y-comunicacion\" data-id=\"2026\">\r\n\t\t<div class=\"w-grid-item-h\">\r\n\t\t\t\t\t\t<div class=\"w-post-elm post_image usg_post_image_1 stretched\"><img loading=\"lazy\" decoding=\"async\" width=\"1024\" height=\"1024\" src=\"https:\/\/azordisseny.com\/wp-content\/uploads\/2022\/08\/comunicacio-bustiada-FUSIONA-PENEDES-scaled-1-1024x1024.jpg\" class=\"attachment-large size-large wp-post-image\" alt=\"\" srcset=\"https:\/\/azordisseny.com\/wp-content\/uploads\/2022\/08\/comunicacio-bustiada-FUSIONA-PENEDES-scaled-1-1024x1024.jpg 1024w, https:\/\/azordisseny.com\/wp-content\/uploads\/2022\/08\/comunicacio-bustiada-FUSIONA-PENEDES-scaled-1-300x300.jpg 300w, https:\/\/azordisseny.com\/wp-content\/uploads\/2022\/08\/comunicacio-bustiada-FUSIONA-PENEDES-scaled-1-150x150.jpg 150w\" sizes=\"auto, (max-width: 1024px) 100vw, 1024px\" \/><\/div>\t\t<\/div>\r\n\t<\/article>\r\n\t<article class=\"w-grid-item post-2006 us_portfolio type-us_portfolio status-publish has-post-thumbnail hentry us_portfolio_category-grafica-publicitaria-y-comunicacion\" data-id=\"2006\">\r\n\t\t<div class=\"w-grid-item-h\">\r\n\t\t\t\t\t\t<div class=\"w-post-elm post_image usg_post_image_1 stretched\"><img loading=\"lazy\" decoding=\"async\" width=\"960\" height=\"960\" src=\"https:\/\/azordisseny.com\/wp-content\/uploads\/2020\/07\/grafica03.jpg\" class=\"attachment-large size-large wp-post-image\" alt=\"\" srcset=\"https:\/\/azordisseny.com\/wp-content\/uploads\/2020\/07\/grafica03.jpg 960w, https:\/\/azordisseny.com\/wp-content\/uploads\/2020\/07\/grafica03-300x300.jpg 300w, https:\/\/azordisseny.com\/wp-content\/uploads\/2020\/07\/grafica03-150x150.jpg 150w\" sizes=\"auto, (max-width: 960px) 100vw, 960px\" \/><\/div>\t\t<\/div>\r\n\t<\/article>\r\n\t<article class=\"w-grid-item post-2027 us_portfolio type-us_portfolio status-publish has-post-thumbnail hentry us_portfolio_category-grafica-publicitaria-y-comunicacion\" data-id=\"2027\">\r\n\t\t<div class=\"w-grid-item-h\">\r\n\t\t\t\t\t\t<div class=\"w-post-elm post_image usg_post_image_1 stretched\"><img loading=\"lazy\" decoding=\"async\" width=\"1024\" height=\"1024\" src=\"https:\/\/azordisseny.com\/wp-content\/uploads\/2023\/05\/mockup-bossa-CCAP-1024x1024.jpg\" class=\"attachment-large size-large wp-post-image\" alt=\"\" srcset=\"https:\/\/azordisseny.com\/wp-content\/uploads\/2023\/05\/mockup-bossa-CCAP-1024x1024.jpg 1024w, https:\/\/azordisseny.com\/wp-content\/uploads\/2023\/05\/mockup-bossa-CCAP-300x300.jpg 300w, https:\/\/azordisseny.com\/wp-content\/uploads\/2023\/05\/mockup-bossa-CCAP-150x150.jpg 150w\" sizes=\"auto, (max-width: 1024px) 100vw, 1024px\" \/><\/div>\t\t<\/div>\r\n\t<\/article>\r\n\t<article class=\"w-grid-item post-2220 us_portfolio type-us_portfolio status-publish has-post-thumbnail hentry us_portfolio_category-editorial-es us_portfolio_category-grafica-publicitaria-y-comunicacion us_portfolio_tag-destacado-en-portada\" data-id=\"2220\">\r\n\t\t<div class=\"w-grid-item-h\">\r\n\t\t\t\t\t\t<div class=\"w-post-elm post_image usg_post_image_1 stretched\"><img loading=\"lazy\" decoding=\"async\" width=\"1024\" height=\"1024\" src=\"https:\/\/azordisseny.com\/wp-content\/uploads\/2024\/08\/fm-bellvei-2024-fons-gris-1024x1024.jpg\" class=\"attachment-large size-large wp-post-image\" alt=\"\" srcset=\"https:\/\/azordisseny.com\/wp-content\/uploads\/2024\/08\/fm-bellvei-2024-fons-gris-1024x1024.jpg 1024w, https:\/\/azordisseny.com\/wp-content\/uploads\/2024\/08\/fm-bellvei-2024-fons-gris-300x300.jpg 300w, https:\/\/azordisseny.com\/wp-content\/uploads\/2024\/08\/fm-bellvei-2024-fons-gris-150x150.jpg 150w, https:\/\/azordisseny.com\/wp-content\/uploads\/2024\/08\/fm-bellvei-2024-fons-gris.jpg 1575w\" sizes=\"auto, (max-width: 1024px) 100vw, 1024px\" \/><\/div>\t\t<\/div>\r\n\t<\/article>\r\n\t<article class=\"w-grid-item post-2183 us_portfolio type-us_portfolio status-publish has-post-thumbnail hentry us_portfolio_category-grafica-publicitaria-y-comunicacion us_portfolio_category-ilustracion us_portfolio_tag-destacado-en-portada\" data-id=\"2183\">\r\n\t\t<div class=\"w-grid-item-h\">\r\n\t\t\t\t\t\t<div class=\"w-post-elm post_image usg_post_image_1 stretched\"><img loading=\"lazy\" decoding=\"async\" width=\"984\" height=\"984\" src=\"https:\/\/azordisseny.com\/wp-content\/uploads\/2024\/07\/samarreta-festa-major-constanti-2024-w.jpg\" class=\"attachment-large size-large wp-post-image\" alt=\"\" srcset=\"https:\/\/azordisseny.com\/wp-content\/uploads\/2024\/07\/samarreta-festa-major-constanti-2024-w.jpg 984w, https:\/\/azordisseny.com\/wp-content\/uploads\/2024\/07\/samarreta-festa-major-constanti-2024-w-300x300.jpg 300w, https:\/\/azordisseny.com\/wp-content\/uploads\/2024\/07\/samarreta-festa-major-constanti-2024-w-150x150.jpg 150w\" sizes=\"auto, (max-width: 984px) 100vw, 984px\" \/><\/div>\t\t<\/div>\r\n\t<\/article>\r\n\t<article class=\"w-grid-item post-2361 us_portfolio type-us_portfolio status-publish has-post-thumbnail hentry us_portfolio_category-branding-e-imagen-corporativa us_portfolio_category-grafica-publicitaria-y-comunicacion us_portfolio_tag-destacado-en-portada\" data-id=\"2361\">\r\n\t\t<div class=\"w-grid-item-h\">\r\n\t\t\t\t\t\t<div class=\"w-post-elm post_image usg_post_image_1 stretched\"><img loading=\"lazy\" decoding=\"async\" width=\"1024\" height=\"1024\" src=\"https:\/\/azordisseny.com\/wp-content\/uploads\/2026\/02\/w-mockup-Feria-OCF-Mexico-1024x1024.jpg\" class=\"attachment-large size-large wp-post-image\" alt=\"\" srcset=\"https:\/\/azordisseny.com\/wp-content\/uploads\/2026\/02\/w-mockup-Feria-OCF-Mexico-1024x1024.jpg 1024w, https:\/\/azordisseny.com\/wp-content\/uploads\/2026\/02\/w-mockup-Feria-OCF-Mexico-300x300.jpg 300w, https:\/\/azordisseny.com\/wp-content\/uploads\/2026\/02\/w-mockup-Feria-OCF-Mexico-150x150.jpg 150w, https:\/\/azordisseny.com\/wp-content\/uploads\/2026\/02\/w-mockup-Feria-OCF-Mexico.jpg 1772w\" sizes=\"auto, (max-width: 1024px) 100vw, 1024px\" \/><\/div>\t\t<\/div>\r\n\t<\/article>\r\n\t<article class=\"w-grid-item post-2021 us_portfolio type-us_portfolio status-publish has-post-thumbnail hentry us_portfolio_category-grafica-publicitaria-y-comunicacion\" data-id=\"2021\">\r\n\t\t<div class=\"w-grid-item-h\">\r\n\t\t\t\t\t\t<div class=\"w-post-elm post_image usg_post_image_1 stretched\"><img loading=\"lazy\" decoding=\"async\" width=\"1024\" height=\"1024\" src=\"https:\/\/azordisseny.com\/wp-content\/uploads\/2022\/04\/programa-fm-hivern-constanti-22-2-1024x1024.jpg\" class=\"attachment-large size-large wp-post-image\" alt=\"\" srcset=\"https:\/\/azordisseny.com\/wp-content\/uploads\/2022\/04\/programa-fm-hivern-constanti-22-2-1024x1024.jpg 1024w, https:\/\/azordisseny.com\/wp-content\/uploads\/2022\/04\/programa-fm-hivern-constanti-22-2-300x300.jpg 300w, https:\/\/azordisseny.com\/wp-content\/uploads\/2022\/04\/programa-fm-hivern-constanti-22-2-150x150.jpg 150w, https:\/\/azordisseny.com\/wp-content\/uploads\/2022\/04\/programa-fm-hivern-constanti-22-2.jpg 1181w\" sizes=\"auto, (max-width: 1024px) 100vw, 1024px\" \/><\/div>\t\t<\/div>\r\n\t<\/article>\r\n\t<article class=\"w-grid-item post-1999 us_portfolio type-us_portfolio status-publish has-post-thumbnail hentry us_portfolio_category-grafica-publicitaria-y-comunicacion\" data-id=\"1999\">\r\n\t\t<div class=\"w-grid-item-h\">\r\n\t\t\t\t\t\t<div class=\"w-post-elm post_image usg_post_image_1 stretched\"><img loading=\"lazy\" decoding=\"async\" width=\"1024\" height=\"1024\" src=\"https:\/\/azordisseny.com\/wp-content\/uploads\/2023\/11\/mockup-triptic-A5-oficina-jove-CCAP-2-1024x1024.jpg\" class=\"attachment-large size-large wp-post-image\" alt=\"\" srcset=\"https:\/\/azordisseny.com\/wp-content\/uploads\/2023\/11\/mockup-triptic-A5-oficina-jove-CCAP-2-1024x1024.jpg 1024w, https:\/\/azordisseny.com\/wp-content\/uploads\/2023\/11\/mockup-triptic-A5-oficina-jove-CCAP-2-300x300.jpg 300w, https:\/\/azordisseny.com\/wp-content\/uploads\/2023\/11\/mockup-triptic-A5-oficina-jove-CCAP-2-150x150.jpg 150w\" sizes=\"auto, (max-width: 1024px) 100vw, 1024px\" \/><\/div>\t\t<\/div>\r\n\t<\/article>\r\n<\/div>\t<div class=\"g-preloader type_1\">\r\n\t\t<div><\/div>\r\n\t<\/div>\r\n\t\t<div class=\"w-grid-json hidden\" onclick='return {&quot;action&quot;:&quot;us_ajax_grid&quot;,&quot;ajax_url&quot;:&quot;https:\\\/\\\/azordisseny.com\\\/wp-admin\\\/admin-ajax.php&quot;,&quot;infinite_scroll&quot;:0,&quot;max_num_pages&quot;:5,&quot;pagination&quot;:&quot;none&quot;,&quot;template_vars&quot;:{&quot;columns&quot;:&quot;1&quot;,&quot;exclude_items&quot;:&quot;none&quot;,&quot;img_size&quot;:&quot;default&quot;,&quot;ignore_items_size&quot;:0,&quot;items_layout&quot;:&quot;gallery_default&quot;,&quot;items_offset&quot;:&quot;1&quot;,&quot;load_animation&quot;:&quot;none&quot;,&quot;overriding_link&quot;:&quot;{\\&quot;url\\&quot;:\\&quot;\\&quot;}&quot;,&quot;post_id&quot;:0,&quot;query_args&quot;:{&quot;post_type&quot;:[&quot;us_portfolio&quot;],&quot;tax_query&quot;:[{&quot;taxonomy&quot;:&quot;us_portfolio_category&quot;,&quot;field&quot;:&quot;slug&quot;,&quot;terms&quot;:[&quot;grafica-publicitaria-i-comunicacio&quot;]}],&quot;post_status&quot;:[&quot;publish&quot;,&quot;acf-disabled&quot;],&quot;posts_per_page&quot;:&quot;10&quot;},&quot;orderby_query_args&quot;:{&quot;orderby&quot;:&quot;RAND(2104063968)&quot;},&quot;type&quot;:&quot;carousel&quot;,&quot;us_grid_ajax_index&quot;:2,&quot;us_grid_filter_params&quot;:[],&quot;us_grid_index&quot;:2,&quot;_us_grid_post_type&quot;:&quot;us_portfolio&quot;,&quot;page_args&quot;:[],&quot;lang&quot;:&quot;es&quot;},&quot;carousel_settings&quot;:{&quot;autoHeight&quot;:0,&quot;autoplay&quot;:1,&quot;carousel_fade&quot;:1,&quot;center&quot;:0,&quot;dots&quot;:0,&quot;items&quot;:&quot;1&quot;,&quot;loop&quot;:true,&quot;nav&quot;:0,&quot;slideby&quot;:&quot;1&quot;,&quot;smooth_play&quot;:0,&quot;speed&quot;:250,&quot;timeout&quot;:3000,&quot;transition&quot;:&quot;&quot;,&quot;aria_labels&quot;:{&quot;prev&quot;:&quot;Anterior&quot;,&quot;next&quot;:&quot;Siguiente&quot;}},&quot;carousel_breakpoints&quot;:{&quot;0&quot;:{&quot;autoHeight&quot;:0,&quot;autoplay&quot;:1,&quot;autoplayHoverPause&quot;:1,&quot;items&quot;:1,&quot;loop&quot;:true,&quot;stagePadding&quot;:0},&quot;601&quot;:{&quot;autoHeight&quot;:0,&quot;autoplay&quot;:1,&quot;autoplayHoverPause&quot;:1,&quot;items&quot;:&quot;1&quot;,&quot;loop&quot;:true,&quot;stagePadding&quot;:0},&quot;1025&quot;:{&quot;autoHeight&quot;:0,&quot;autoplay&quot;:1,&quot;autoplayHoverPause&quot;:1,&quot;items&quot;:&quot;1&quot;,&quot;loop&quot;:true,&quot;stagePadding&quot;:0},&quot;1381&quot;:{&quot;items&quot;:1,&quot;stagePadding&quot;:0}}}'><\/div>\r\n\t<\/div><\/div><\/div><\/div><\/div><\/section><section class=\"l-section wpb_row height_medium\"><div class=\"l-section-h i-cf\"><div class=\"g-cols vc_row via_grid cols_2 laptops-cols_inherit tablets-cols_inherit mobiles-cols_1 valign_top type_default stacking_default\"><div class=\"wpb_column vc_column_container\"><div class=\"vc_column-inner\"><h2 class=\"w-text us_custom_a3c4ffc9\"><span class=\"w-text-h\"><span class=\"w-text-value\">Ilustraci\u00f3n<\/span><\/span><\/h2><div class=\"wpb_text_column\"><div class=\"wpb_wrapper\"><p><strong>Representaciones visuales para comunicar.<\/strong><\/p>\n<p id=\"tw-target-text\" class=\"tw-data-text tw-text-large tw-ta\" dir=\"ltr\" data-placeholder=\"Traducci\u00f3n\" data-ved=\"2ahUKEwi59-uA3-iCAxUfUaQEHTlGBUsQ3ewLegQIBRAQ\"><span class=\"Y2IQFc\" lang=\"es\">Las ilustraciones pueden ser utilizadas para esclarecer conceptos que en ocasiones pueden ser dif\u00edciles de describir textualmente, o para que el resultado final tenga un atractivo especial y personalizado.<\/span><\/p>\n<p dir=\"ltr\" data-placeholder=\"Traducci\u00f3n\" data-ved=\"2ahUKEwi59-uA3-iCAxUfUaQEHTlGBUsQ3ewLegQIBRAQ\"><em><span class=\"Y2IQFc\" lang=\"es\">Las mejores ideas son las m\u00e1s simples.<\/span><\/em><\/p>\n<\/div><\/div><div class=\"w-grid us_custom_faa47779 type_carousel layout_gallery_default\" id=\"us_grid_3\" style=\"--gap:0.1rem;\"><div class=\"w-grid-list owl-carousel navstyle_circle navpos_outside\">\t<article class=\"w-grid-item post-2004 us_portfolio type-us_portfolio status-publish has-post-thumbnail hentry us_portfolio_category-ilustracion us_portfolio_tag-destacado-en-portada\" data-id=\"2004\">\r\n\t\t<div class=\"w-grid-item-h\">\r\n\t\t\t\t\t\t<div class=\"w-post-elm post_image usg_post_image_1 stretched\"><img loading=\"lazy\" decoding=\"async\" width=\"1024\" height=\"1024\" src=\"https:\/\/azordisseny.com\/wp-content\/uploads\/2023\/11\/mockup-camiseta-fm-constanti-2023-1024x1024.jpg\" class=\"attachment-large size-large wp-post-image\" alt=\"\" srcset=\"https:\/\/azordisseny.com\/wp-content\/uploads\/2023\/11\/mockup-camiseta-fm-constanti-2023-1024x1024.jpg 1024w, https:\/\/azordisseny.com\/wp-content\/uploads\/2023\/11\/mockup-camiseta-fm-constanti-2023-300x300.jpg 300w, https:\/\/azordisseny.com\/wp-content\/uploads\/2023\/11\/mockup-camiseta-fm-constanti-2023-150x150.jpg 150w, https:\/\/azordisseny.com\/wp-content\/uploads\/2023\/11\/mockup-camiseta-fm-constanti-2023.jpg 1181w\" sizes=\"auto, (max-width: 1024px) 100vw, 1024px\" \/><\/div>\t\t<\/div>\r\n\t<\/article>\r\n\t<article class=\"w-grid-item post-2028 us_portfolio type-us_portfolio status-publish has-post-thumbnail hentry us_portfolio_category-ilustracion\" data-id=\"2028\">\r\n\t\t<div class=\"w-grid-item-h\">\r\n\t\t\t\t\t\t<div class=\"w-post-elm post_image usg_post_image_1 stretched\"><img loading=\"lazy\" decoding=\"async\" width=\"1024\" height=\"1024\" src=\"https:\/\/azordisseny.com\/wp-content\/uploads\/2022\/08\/samarreta-constanti-2022-1024x1024.jpg\" class=\"attachment-large size-large wp-post-image\" alt=\"\" srcset=\"https:\/\/azordisseny.com\/wp-content\/uploads\/2022\/08\/samarreta-constanti-2022-1024x1024.jpg 1024w, https:\/\/azordisseny.com\/wp-content\/uploads\/2022\/08\/samarreta-constanti-2022-300x300.jpg 300w, https:\/\/azordisseny.com\/wp-content\/uploads\/2022\/08\/samarreta-constanti-2022-150x150.jpg 150w, https:\/\/azordisseny.com\/wp-content\/uploads\/2022\/08\/samarreta-constanti-2022.jpg 1426w\" sizes=\"auto, (max-width: 1024px) 100vw, 1024px\" \/><\/div>\t\t<\/div>\r\n\t<\/article>\r\n\t<article class=\"w-grid-item post-2002 us_portfolio type-us_portfolio status-publish has-post-thumbnail hentry us_portfolio_category-ilustracion\" data-id=\"2002\">\r\n\t\t<div class=\"w-grid-item-h\">\r\n\t\t\t\t\t\t<div class=\"w-post-elm post_image usg_post_image_1 stretched\"><img loading=\"lazy\" decoding=\"async\" width=\"1024\" height=\"1024\" src=\"https:\/\/azordisseny.com\/wp-content\/uploads\/2023\/11\/mockup_shirt-feina-ben-feta-constanti-1024x1024.jpg\" class=\"attachment-large size-large wp-post-image\" alt=\"\" srcset=\"https:\/\/azordisseny.com\/wp-content\/uploads\/2023\/11\/mockup_shirt-feina-ben-feta-constanti-1024x1024.jpg 1024w, https:\/\/azordisseny.com\/wp-content\/uploads\/2023\/11\/mockup_shirt-feina-ben-feta-constanti-300x300.jpg 300w, https:\/\/azordisseny.com\/wp-content\/uploads\/2023\/11\/mockup_shirt-feina-ben-feta-constanti-150x150.jpg 150w, https:\/\/azordisseny.com\/wp-content\/uploads\/2023\/11\/mockup_shirt-feina-ben-feta-constanti.jpg 1181w\" sizes=\"auto, (max-width: 1024px) 100vw, 1024px\" \/><\/div>\t\t<\/div>\r\n\t<\/article>\r\n\t<article class=\"w-grid-item post-2032 us_portfolio type-us_portfolio status-publish has-post-thumbnail hentry us_portfolio_category-ilustracion\" data-id=\"2032\">\r\n\t\t<div class=\"w-grid-item-h\">\r\n\t\t\t\t\t\t<div class=\"w-post-elm post_image usg_post_image_1 stretched\"><img loading=\"lazy\" decoding=\"async\" width=\"1024\" height=\"1024\" src=\"https:\/\/azordisseny.com\/wp-content\/uploads\/2021\/12\/samarreta-fm21-constanti-1-1024x1024.jpg\" class=\"attachment-large size-large wp-post-image\" alt=\"\" srcset=\"https:\/\/azordisseny.com\/wp-content\/uploads\/2021\/12\/samarreta-fm21-constanti-1-1024x1024.jpg 1024w, https:\/\/azordisseny.com\/wp-content\/uploads\/2021\/12\/samarreta-fm21-constanti-1-300x300.jpg 300w, https:\/\/azordisseny.com\/wp-content\/uploads\/2021\/12\/samarreta-fm21-constanti-1-150x150.jpg 150w, https:\/\/azordisseny.com\/wp-content\/uploads\/2021\/12\/samarreta-fm21-constanti-1.jpg 1572w\" sizes=\"auto, (max-width: 1024px) 100vw, 1024px\" \/><\/div>\t\t<\/div>\r\n\t<\/article>\r\n\t<article class=\"w-grid-item post-2190 us_portfolio type-us_portfolio status-publish has-post-thumbnail hentry us_portfolio_category-grafica-publicitaria-y-comunicacion us_portfolio_category-ilustracion us_portfolio_tag-destacado-en-portada\" data-id=\"2190\">\r\n\t\t<div class=\"w-grid-item-h\">\r\n\t\t\t\t\t\t<div class=\"w-post-elm post_image usg_post_image_1 stretched\"><img loading=\"lazy\" decoding=\"async\" width=\"1024\" height=\"1024\" src=\"https:\/\/azordisseny.com\/wp-content\/uploads\/2024\/07\/samarreta-i-love-constanti-2024-w-1024x1024.jpg\" class=\"attachment-large size-large wp-post-image\" alt=\"\" srcset=\"https:\/\/azordisseny.com\/wp-content\/uploads\/2024\/07\/samarreta-i-love-constanti-2024-w-1024x1024.jpg 1024w, https:\/\/azordisseny.com\/wp-content\/uploads\/2024\/07\/samarreta-i-love-constanti-2024-w-300x300.jpg 300w, https:\/\/azordisseny.com\/wp-content\/uploads\/2024\/07\/samarreta-i-love-constanti-2024-w-150x150.jpg 150w, https:\/\/azordisseny.com\/wp-content\/uploads\/2024\/07\/samarreta-i-love-constanti-2024-w.jpg 1476w\" sizes=\"auto, (max-width: 1024px) 100vw, 1024px\" \/><\/div>\t\t<\/div>\r\n\t<\/article>\r\n\t<article class=\"w-grid-item post-2183 us_portfolio type-us_portfolio status-publish has-post-thumbnail hentry us_portfolio_category-grafica-publicitaria-y-comunicacion us_portfolio_category-ilustracion us_portfolio_tag-destacado-en-portada\" data-id=\"2183\">\r\n\t\t<div class=\"w-grid-item-h\">\r\n\t\t\t\t\t\t<div class=\"w-post-elm post_image usg_post_image_1 stretched\"><img loading=\"lazy\" decoding=\"async\" width=\"984\" height=\"984\" src=\"https:\/\/azordisseny.com\/wp-content\/uploads\/2024\/07\/samarreta-festa-major-constanti-2024-w.jpg\" class=\"attachment-large size-large wp-post-image\" alt=\"\" srcset=\"https:\/\/azordisseny.com\/wp-content\/uploads\/2024\/07\/samarreta-festa-major-constanti-2024-w.jpg 984w, https:\/\/azordisseny.com\/wp-content\/uploads\/2024\/07\/samarreta-festa-major-constanti-2024-w-300x300.jpg 300w, https:\/\/azordisseny.com\/wp-content\/uploads\/2024\/07\/samarreta-festa-major-constanti-2024-w-150x150.jpg 150w\" sizes=\"auto, (max-width: 984px) 100vw, 984px\" \/><\/div>\t\t<\/div>\r\n\t<\/article>\r\n<\/div>\t<div class=\"g-preloader type_1\">\r\n\t\t<div><\/div>\r\n\t<\/div>\r\n\t\t<div class=\"w-grid-json hidden\" onclick='return {&quot;action&quot;:&quot;us_ajax_grid&quot;,&quot;ajax_url&quot;:&quot;https:\\\/\\\/azordisseny.com\\\/wp-admin\\\/admin-ajax.php&quot;,&quot;infinite_scroll&quot;:0,&quot;max_num_pages&quot;:1,&quot;pagination&quot;:&quot;none&quot;,&quot;template_vars&quot;:{&quot;columns&quot;:&quot;1&quot;,&quot;exclude_items&quot;:&quot;none&quot;,&quot;img_size&quot;:&quot;default&quot;,&quot;ignore_items_size&quot;:0,&quot;items_layout&quot;:&quot;gallery_default&quot;,&quot;items_offset&quot;:&quot;1&quot;,&quot;load_animation&quot;:&quot;none&quot;,&quot;overriding_link&quot;:&quot;{\\&quot;url\\&quot;:\\&quot;\\&quot;}&quot;,&quot;post_id&quot;:0,&quot;query_args&quot;:{&quot;post_type&quot;:[&quot;us_portfolio&quot;],&quot;tax_query&quot;:[{&quot;taxonomy&quot;:&quot;us_portfolio_category&quot;,&quot;field&quot;:&quot;slug&quot;,&quot;terms&quot;:[&quot;il-lustracio&quot;]}],&quot;post_status&quot;:[&quot;publish&quot;,&quot;acf-disabled&quot;],&quot;posts_per_page&quot;:&quot;10&quot;},&quot;orderby_query_args&quot;:{&quot;orderby&quot;:&quot;RAND(201454717)&quot;},&quot;type&quot;:&quot;carousel&quot;,&quot;us_grid_ajax_index&quot;:3,&quot;us_grid_filter_params&quot;:[],&quot;us_grid_index&quot;:3,&quot;_us_grid_post_type&quot;:&quot;us_portfolio&quot;,&quot;page_args&quot;:[],&quot;lang&quot;:&quot;es&quot;},&quot;carousel_settings&quot;:{&quot;autoHeight&quot;:0,&quot;autoplay&quot;:1,&quot;carousel_fade&quot;:1,&quot;center&quot;:0,&quot;dots&quot;:0,&quot;items&quot;:&quot;1&quot;,&quot;loop&quot;:true,&quot;nav&quot;:0,&quot;slideby&quot;:&quot;1&quot;,&quot;smooth_play&quot;:0,&quot;speed&quot;:250,&quot;timeout&quot;:3000,&quot;transition&quot;:&quot;&quot;,&quot;aria_labels&quot;:{&quot;prev&quot;:&quot;Anterior&quot;,&quot;next&quot;:&quot;Siguiente&quot;}},&quot;carousel_breakpoints&quot;:{&quot;0&quot;:{&quot;autoHeight&quot;:0,&quot;autoplay&quot;:1,&quot;autoplayHoverPause&quot;:1,&quot;items&quot;:1,&quot;loop&quot;:true,&quot;stagePadding&quot;:0},&quot;601&quot;:{&quot;autoHeight&quot;:0,&quot;autoplay&quot;:1,&quot;autoplayHoverPause&quot;:1,&quot;items&quot;:&quot;1&quot;,&quot;loop&quot;:true,&quot;stagePadding&quot;:0},&quot;1025&quot;:{&quot;autoHeight&quot;:0,&quot;autoplay&quot;:1,&quot;autoplayHoverPause&quot;:1,&quot;items&quot;:&quot;1&quot;,&quot;loop&quot;:true,&quot;stagePadding&quot;:0},&quot;1381&quot;:{&quot;items&quot;:1,&quot;stagePadding&quot;:0}}}'><\/div>\r\n\t<\/div><\/div><\/div><div class=\"wpb_column vc_column_container\"><div class=\"vc_column-inner\"><h2 class=\"w-text us_custom_a3c4ffc9\"><span class=\"w-text-h\"><span class=\"w-text-value\">Packaging e Imagen de Producto<\/span><\/span><\/h2><div class=\"wpb_text_column\"><div class=\"wpb_wrapper\"><p><strong>\u00a1Mucho m\u00e1s que simples envases!<\/strong><\/p>\n<p>El pack contiene, protege, transporta, informa y vende. Todo esto implica a los envases, envoltorios y etiquetados de cualquier producto comercial. Establecemos una estrategia con el objetivo de captar la atenci\u00f3n del consumidor, puesto que el impacto visual ser\u00e1 su primera gu\u00eda de adquisici\u00f3n.<\/p>\n<p><em><span class=\"Y2IQFc\" lang=\"es\">Las mejores ideas son las m\u00e1s simples.<\/span><\/em><\/p>\n<\/div><\/div><div class=\"w-grid us_custom_faa47779 type_carousel layout_gallery_default\" id=\"us_grid_4\" style=\"--gap:0.1rem;\"><div class=\"w-grid-list owl-carousel navstyle_circle navpos_outside\">\t<article class=\"w-grid-item post-2030 us_portfolio type-us_portfolio status-publish has-post-thumbnail hentry us_portfolio_category-pack-e-imagen-de-producto\" data-id=\"2030\">\r\n\t\t<div class=\"w-grid-item-h\">\r\n\t\t\t\t\t\t<div class=\"w-post-elm post_image usg_post_image_1 stretched\"><img loading=\"lazy\" decoding=\"async\" width=\"1024\" height=\"1024\" src=\"https:\/\/azordisseny.com\/wp-content\/uploads\/2022\/04\/pack-catania-vintage-1-1024x1024.jpg\" class=\"attachment-large size-large wp-post-image\" alt=\"\" srcset=\"https:\/\/azordisseny.com\/wp-content\/uploads\/2022\/04\/pack-catania-vintage-1-1024x1024.jpg 1024w, https:\/\/azordisseny.com\/wp-content\/uploads\/2022\/04\/pack-catania-vintage-1-300x300.jpg 300w, https:\/\/azordisseny.com\/wp-content\/uploads\/2022\/04\/pack-catania-vintage-1-150x150.jpg 150w, https:\/\/azordisseny.com\/wp-content\/uploads\/2022\/04\/pack-catania-vintage-1.jpg 1181w\" sizes=\"auto, (max-width: 1024px) 100vw, 1024px\" \/><\/div>\t\t<\/div>\r\n\t<\/article>\r\n\t<article class=\"w-grid-item post-1997 us_portfolio type-us_portfolio status-publish has-post-thumbnail hentry us_portfolio_category-pack-e-imagen-de-producto\" data-id=\"1997\">\r\n\t\t<div class=\"w-grid-item-h\">\r\n\t\t\t\t\t\t<div class=\"w-post-elm post_image usg_post_image_1 stretched\"><img loading=\"lazy\" decoding=\"async\" width=\"1024\" height=\"1024\" src=\"https:\/\/azordisseny.com\/wp-content\/uploads\/2022\/04\/bossa-mercat-monjos2-1024x1024.jpg\" class=\"attachment-large size-large wp-post-image\" alt=\"\" srcset=\"https:\/\/azordisseny.com\/wp-content\/uploads\/2022\/04\/bossa-mercat-monjos2-1024x1024.jpg 1024w, https:\/\/azordisseny.com\/wp-content\/uploads\/2022\/04\/bossa-mercat-monjos2-300x300.jpg 300w, https:\/\/azordisseny.com\/wp-content\/uploads\/2022\/04\/bossa-mercat-monjos2-150x150.jpg 150w, https:\/\/azordisseny.com\/wp-content\/uploads\/2022\/04\/bossa-mercat-monjos2.jpg 1181w\" sizes=\"auto, (max-width: 1024px) 100vw, 1024px\" \/><\/div>\t\t<\/div>\r\n\t<\/article>\r\n\t<article class=\"w-grid-item post-2003 us_portfolio type-us_portfolio status-publish has-post-thumbnail hentry us_portfolio_category-pack-e-imagen-de-producto\" data-id=\"2003\">\r\n\t\t<div class=\"w-grid-item-h\">\r\n\t\t\t\t\t\t<div class=\"w-post-elm post_image usg_post_image_1 stretched\"><img loading=\"lazy\" decoding=\"async\" width=\"886\" height=\"886\" src=\"https:\/\/azordisseny.com\/wp-content\/uploads\/2023\/11\/mug-CCAP.jpg\" class=\"attachment-large size-large wp-post-image\" alt=\"\" srcset=\"https:\/\/azordisseny.com\/wp-content\/uploads\/2023\/11\/mug-CCAP.jpg 886w, https:\/\/azordisseny.com\/wp-content\/uploads\/2023\/11\/mug-CCAP-300x300.jpg 300w, https:\/\/azordisseny.com\/wp-content\/uploads\/2023\/11\/mug-CCAP-150x150.jpg 150w\" sizes=\"auto, (max-width: 886px) 100vw, 886px\" \/><\/div>\t\t<\/div>\r\n\t<\/article>\r\n\t<article class=\"w-grid-item post-1996 us_portfolio type-us_portfolio status-publish has-post-thumbnail hentry us_portfolio_category-pack-e-imagen-de-producto\" data-id=\"1996\">\r\n\t\t<div class=\"w-grid-item-h\">\r\n\t\t\t\t\t\t<div class=\"w-post-elm post_image usg_post_image_1 stretched\"><img loading=\"lazy\" decoding=\"async\" width=\"960\" height=\"960\" src=\"https:\/\/azordisseny.com\/wp-content\/uploads\/2020\/07\/caligo.jpg\" class=\"attachment-large size-large wp-post-image\" alt=\"\" srcset=\"https:\/\/azordisseny.com\/wp-content\/uploads\/2020\/07\/caligo.jpg 960w, https:\/\/azordisseny.com\/wp-content\/uploads\/2020\/07\/caligo-300x300.jpg 300w, https:\/\/azordisseny.com\/wp-content\/uploads\/2020\/07\/caligo-150x150.jpg 150w\" sizes=\"auto, (max-width: 960px) 100vw, 960px\" \/><\/div>\t\t<\/div>\r\n\t<\/article>\r\n\t<article class=\"w-grid-item post-2029 us_portfolio type-us_portfolio status-publish has-post-thumbnail hentry us_portfolio_category-pack-e-imagen-de-producto\" data-id=\"2029\">\r\n\t\t<div class=\"w-grid-item-h\">\r\n\t\t\t\t\t\t<div class=\"w-post-elm post_image usg_post_image_1 stretched\"><img loading=\"lazy\" decoding=\"async\" width=\"1024\" height=\"1024\" src=\"https:\/\/azordisseny.com\/wp-content\/uploads\/2022\/04\/packs-petritxol-1-1024x1024.jpg\" class=\"attachment-large size-large wp-post-image\" alt=\"\" srcset=\"https:\/\/azordisseny.com\/wp-content\/uploads\/2022\/04\/packs-petritxol-1-1024x1024.jpg 1024w, https:\/\/azordisseny.com\/wp-content\/uploads\/2022\/04\/packs-petritxol-1-300x300.jpg 300w, https:\/\/azordisseny.com\/wp-content\/uploads\/2022\/04\/packs-petritxol-1-150x150.jpg 150w, https:\/\/azordisseny.com\/wp-content\/uploads\/2022\/04\/packs-petritxol-1.jpg 1181w\" sizes=\"auto, (max-width: 1024px) 100vw, 1024px\" \/><\/div>\t\t<\/div>\r\n\t<\/article>\r\n\t<article class=\"w-grid-item post-2036 us_portfolio type-us_portfolio status-publish has-post-thumbnail hentry us_portfolio_category-pack-e-imagen-de-producto us_portfolio_tag-destacado-en-portada\" data-id=\"2036\">\r\n\t\t<div class=\"w-grid-item-h\">\r\n\t\t\t\t\t\t<div class=\"w-post-elm post_image usg_post_image_1 stretched\"><img loading=\"lazy\" decoding=\"async\" width=\"1024\" height=\"1024\" src=\"https:\/\/azordisseny.com\/wp-content\/uploads\/2021\/02\/10-pack-infus-org-novell-1-1024x1024.jpg\" class=\"attachment-large size-large wp-post-image\" alt=\"\" srcset=\"https:\/\/azordisseny.com\/wp-content\/uploads\/2021\/02\/10-pack-infus-org-novell-1-1024x1024.jpg 1024w, https:\/\/azordisseny.com\/wp-content\/uploads\/2021\/02\/10-pack-infus-org-novell-1-300x300.jpg 300w, https:\/\/azordisseny.com\/wp-content\/uploads\/2021\/02\/10-pack-infus-org-novell-1-150x150.jpg 150w, https:\/\/azordisseny.com\/wp-content\/uploads\/2021\/02\/10-pack-infus-org-novell-1.jpg 1772w\" sizes=\"auto, (max-width: 1024px) 100vw, 1024px\" \/><\/div>\t\t<\/div>\r\n\t<\/article>\r\n\t<article class=\"w-grid-item post-2241 us_portfolio type-us_portfolio status-publish has-post-thumbnail hentry us_portfolio_category-pack-e-imagen-de-producto us_portfolio_tag-destacado-en-portada\" data-id=\"2241\">\r\n\t\t<div class=\"w-grid-item-h\">\r\n\t\t\t\t\t\t<div class=\"w-post-elm post_image usg_post_image_1 stretched\"><img loading=\"lazy\" decoding=\"async\" width=\"1024\" height=\"1024\" src=\"https:\/\/azordisseny.com\/wp-content\/uploads\/2024\/10\/ECOCARAMEL-CARNAVAL-VILANOVA-I-LA-GELTRU-web-1024x1024.jpg\" class=\"attachment-large size-large wp-post-image\" alt=\"\" srcset=\"https:\/\/azordisseny.com\/wp-content\/uploads\/2024\/10\/ECOCARAMEL-CARNAVAL-VILANOVA-I-LA-GELTRU-web-1024x1024.jpg 1024w, https:\/\/azordisseny.com\/wp-content\/uploads\/2024\/10\/ECOCARAMEL-CARNAVAL-VILANOVA-I-LA-GELTRU-web-300x300.jpg 300w, https:\/\/azordisseny.com\/wp-content\/uploads\/2024\/10\/ECOCARAMEL-CARNAVAL-VILANOVA-I-LA-GELTRU-web-150x150.jpg 150w, https:\/\/azordisseny.com\/wp-content\/uploads\/2024\/10\/ECOCARAMEL-CARNAVAL-VILANOVA-I-LA-GELTRU-web.jpg 1181w\" sizes=\"auto, (max-width: 1024px) 100vw, 1024px\" \/><\/div>\t\t<\/div>\r\n\t<\/article>\r\n\t<article class=\"w-grid-item post-2037 us_portfolio type-us_portfolio status-publish has-post-thumbnail hentry us_portfolio_category-branding-e-imagen-corporativa us_portfolio_category-pack-e-imagen-de-producto\" data-id=\"2037\">\r\n\t\t<div class=\"w-grid-item-h\">\r\n\t\t\t\t\t\t<div class=\"w-post-elm post_image usg_post_image_1 stretched\"><img loading=\"lazy\" decoding=\"async\" width=\"960\" height=\"960\" src=\"https:\/\/azordisseny.com\/wp-content\/uploads\/2021\/02\/grafica07-2.jpg\" class=\"attachment-large size-large wp-post-image\" alt=\"\" srcset=\"https:\/\/azordisseny.com\/wp-content\/uploads\/2021\/02\/grafica07-2.jpg 960w, https:\/\/azordisseny.com\/wp-content\/uploads\/2021\/02\/grafica07-2-300x300.jpg 300w, https:\/\/azordisseny.com\/wp-content\/uploads\/2021\/02\/grafica07-2-150x150.jpg 150w\" sizes=\"auto, (max-width: 960px) 100vw, 960px\" \/><\/div>\t\t<\/div>\r\n\t<\/article>\r\n\t<article class=\"w-grid-item post-2369 us_portfolio type-us_portfolio status-publish has-post-thumbnail hentry us_portfolio_category-branding-e-imagen-corporativa us_portfolio_category-grafica-publicitaria-y-comunicacion us_portfolio_category-pack-e-imagen-de-producto us_portfolio_tag-destacado-en-portada\" data-id=\"2369\">\r\n\t\t<div class=\"w-grid-item-h\">\r\n\t\t\t\t\t\t<div class=\"w-post-elm post_image usg_post_image_1 stretched\"><img loading=\"lazy\" decoding=\"async\" width=\"1024\" height=\"1024\" src=\"https:\/\/azordisseny.com\/wp-content\/uploads\/2026\/02\/w-mockup-totebag-MMGestionsinstagram-1024x1024.jpg\" class=\"attachment-large size-large wp-post-image\" alt=\"\" srcset=\"https:\/\/azordisseny.com\/wp-content\/uploads\/2026\/02\/w-mockup-totebag-MMGestionsinstagram-1024x1024.jpg 1024w, https:\/\/azordisseny.com\/wp-content\/uploads\/2026\/02\/w-mockup-totebag-MMGestionsinstagram-300x300.jpg 300w, https:\/\/azordisseny.com\/wp-content\/uploads\/2026\/02\/w-mockup-totebag-MMGestionsinstagram-150x150.jpg 150w, https:\/\/azordisseny.com\/wp-content\/uploads\/2026\/02\/w-mockup-totebag-MMGestionsinstagram.jpg 1772w\" sizes=\"auto, (max-width: 1024px) 100vw, 1024px\" \/><\/div>\t\t<\/div>\r\n\t<\/article>\r\n\t<article class=\"w-grid-item post-2001 us_portfolio type-us_portfolio status-publish has-post-thumbnail hentry us_portfolio_category-pack-e-imagen-de-producto\" data-id=\"2001\">\r\n\t\t<div class=\"w-grid-item-h\">\r\n\t\t\t\t\t\t<div class=\"w-post-elm post_image usg_post_image_1 stretched\"><img loading=\"lazy\" decoding=\"async\" width=\"1024\" height=\"1024\" src=\"https:\/\/azordisseny.com\/wp-content\/uploads\/2023\/11\/ORIGEN-CAPVESPRE-1024x1024.jpg\" class=\"attachment-large size-large wp-post-image\" alt=\"\" srcset=\"https:\/\/azordisseny.com\/wp-content\/uploads\/2023\/11\/ORIGEN-CAPVESPRE-1024x1024.jpg 1024w, https:\/\/azordisseny.com\/wp-content\/uploads\/2023\/11\/ORIGEN-CAPVESPRE-300x300.jpg 300w, https:\/\/azordisseny.com\/wp-content\/uploads\/2023\/11\/ORIGEN-CAPVESPRE-150x150.jpg 150w\" sizes=\"auto, (max-width: 1024px) 100vw, 1024px\" \/><\/div>\t\t<\/div>\r\n\t<\/article>\r\n<\/div>\t<div class=\"g-preloader type_1\">\r\n\t\t<div><\/div>\r\n\t<\/div>\r\n\t\t<div class=\"w-grid-json hidden\" onclick='return {&quot;action&quot;:&quot;us_ajax_grid&quot;,&quot;ajax_url&quot;:&quot;https:\\\/\\\/azordisseny.com\\\/wp-admin\\\/admin-ajax.php&quot;,&quot;infinite_scroll&quot;:0,&quot;max_num_pages&quot;:2,&quot;pagination&quot;:&quot;none&quot;,&quot;template_vars&quot;:{&quot;columns&quot;:&quot;1&quot;,&quot;exclude_items&quot;:&quot;none&quot;,&quot;img_size&quot;:&quot;default&quot;,&quot;ignore_items_size&quot;:0,&quot;items_layout&quot;:&quot;gallery_default&quot;,&quot;items_offset&quot;:&quot;1&quot;,&quot;load_animation&quot;:&quot;none&quot;,&quot;overriding_link&quot;:&quot;{\\&quot;url\\&quot;:\\&quot;\\&quot;}&quot;,&quot;post_id&quot;:0,&quot;query_args&quot;:{&quot;post_type&quot;:[&quot;us_portfolio&quot;],&quot;tax_query&quot;:[{&quot;taxonomy&quot;:&quot;us_portfolio_category&quot;,&quot;field&quot;:&quot;slug&quot;,&quot;terms&quot;:[&quot;pack-i-imatge-de-producte&quot;]}],&quot;post_status&quot;:[&quot;publish&quot;,&quot;acf-disabled&quot;],&quot;posts_per_page&quot;:&quot;10&quot;},&quot;orderby_query_args&quot;:{&quot;orderby&quot;:&quot;RAND(1870814007)&quot;},&quot;type&quot;:&quot;carousel&quot;,&quot;us_grid_ajax_index&quot;:4,&quot;us_grid_filter_params&quot;:[],&quot;us_grid_index&quot;:4,&quot;_us_grid_post_type&quot;:&quot;us_portfolio&quot;,&quot;page_args&quot;:[],&quot;lang&quot;:&quot;es&quot;},&quot;carousel_settings&quot;:{&quot;autoHeight&quot;:0,&quot;autoplay&quot;:1,&quot;carousel_fade&quot;:1,&quot;center&quot;:0,&quot;dots&quot;:0,&quot;items&quot;:&quot;1&quot;,&quot;loop&quot;:true,&quot;nav&quot;:0,&quot;slideby&quot;:&quot;1&quot;,&quot;smooth_play&quot;:0,&quot;speed&quot;:250,&quot;timeout&quot;:3000,&quot;transition&quot;:&quot;&quot;,&quot;aria_labels&quot;:{&quot;prev&quot;:&quot;Anterior&quot;,&quot;next&quot;:&quot;Siguiente&quot;}},&quot;carousel_breakpoints&quot;:{&quot;0&quot;:{&quot;autoHeight&quot;:0,&quot;autoplay&quot;:1,&quot;autoplayHoverPause&quot;:1,&quot;items&quot;:1,&quot;loop&quot;:true,&quot;stagePadding&quot;:0},&quot;601&quot;:{&quot;autoHeight&quot;:0,&quot;autoplay&quot;:1,&quot;autoplayHoverPause&quot;:1,&quot;items&quot;:&quot;1&quot;,&quot;loop&quot;:true,&quot;stagePadding&quot;:0},&quot;1025&quot;:{&quot;autoHeight&quot;:0,&quot;autoplay&quot;:1,&quot;autoplayHoverPause&quot;:1,&quot;items&quot;:&quot;1&quot;,&quot;loop&quot;:true,&quot;stagePadding&quot;:0},&quot;1381&quot;:{&quot;items&quot;:1,&quot;stagePadding&quot;:0}}}'><\/div>\r\n\t<\/div><\/div><\/div><\/div><\/div><\/section><section class=\"l-section wpb_row height_medium\"><div class=\"l-section-h i-cf\"><div class=\"g-cols vc_row via_grid cols_2 laptops-cols_inherit tablets-cols_inherit mobiles-cols_1 valign_top type_default stacking_default\"><div class=\"wpb_column vc_column_container\"><div class=\"vc_column-inner\"><h2 class=\"w-text us_custom_a3c4ffc9\"><span class=\"w-text-h\"><span class=\"w-text-value\">Editorial<\/span><\/span><\/h2><div class=\"wpb_text_column\"><div class=\"wpb_wrapper\"><p><strong>Todo en su sitio.<\/strong><\/p>\n<p id=\"tw-target-text\" class=\"tw-data-text tw-text-large tw-ta\" dir=\"ltr\" data-placeholder=\"Traducci\u00f3n\" data-ved=\"2ahUKEwi59-uA3-iCAxUfUaQEHTlGBUsQ3ewLegQIBRAQ\"><span class=\"Y2IQFc\" lang=\"es\">Nos encargamos de la maquetaci\u00f3n y composici\u00f3n de todo tipo de publicaciones: libros, revistas, peri\u00f3dicos\u2026 El principal objetivo es crear un dise\u00f1o atractivo y funcional para el lector y conseguir una perfecta armon\u00eda entre forma y contenido. En una publicaci\u00f3n todo importa: desde la portada, la tipograf\u00eda, los m\u00e1rgenes, los colores, la disposici\u00f3n de las im\u00e1genes y los textos.<\/span><\/p>\n<p dir=\"ltr\" data-placeholder=\"Traducci\u00f3n\" data-ved=\"2ahUKEwi59-uA3-iCAxUfUaQEHTlGBUsQ3ewLegQIBRAQ\"><em><span class=\"Y2IQFc\" lang=\"es\">Las mejores ideas son las m\u00e1s simples.<\/span><\/em><\/p>\n<\/div><\/div><div class=\"w-grid us_custom_faa47779 type_carousel layout_gallery_default\" id=\"us_grid_5\" style=\"--gap:0.1rem;\"><div class=\"w-grid-list owl-carousel navstyle_circle navpos_outside\">\t<article class=\"w-grid-item post-2220 us_portfolio type-us_portfolio status-publish has-post-thumbnail hentry us_portfolio_category-editorial-es us_portfolio_category-grafica-publicitaria-y-comunicacion us_portfolio_tag-destacado-en-portada\" data-id=\"2220\">\r\n\t\t<div class=\"w-grid-item-h\">\r\n\t\t\t\t\t\t<div class=\"w-post-elm post_image usg_post_image_1 stretched\"><img loading=\"lazy\" decoding=\"async\" width=\"1024\" height=\"1024\" src=\"https:\/\/azordisseny.com\/wp-content\/uploads\/2024\/08\/fm-bellvei-2024-fons-gris-1024x1024.jpg\" class=\"attachment-large size-large wp-post-image\" alt=\"\" srcset=\"https:\/\/azordisseny.com\/wp-content\/uploads\/2024\/08\/fm-bellvei-2024-fons-gris-1024x1024.jpg 1024w, https:\/\/azordisseny.com\/wp-content\/uploads\/2024\/08\/fm-bellvei-2024-fons-gris-300x300.jpg 300w, https:\/\/azordisseny.com\/wp-content\/uploads\/2024\/08\/fm-bellvei-2024-fons-gris-150x150.jpg 150w, https:\/\/azordisseny.com\/wp-content\/uploads\/2024\/08\/fm-bellvei-2024-fons-gris.jpg 1575w\" sizes=\"auto, (max-width: 1024px) 100vw, 1024px\" \/><\/div>\t\t<\/div>\r\n\t<\/article>\r\n\t<article class=\"w-grid-item post-1989 us_portfolio type-us_portfolio status-publish has-post-thumbnail hentry us_portfolio_category-editorial-es\" data-id=\"1989\">\r\n\t\t<div class=\"w-grid-item-h\">\r\n\t\t\t\t\t\t<div class=\"w-post-elm post_image usg_post_image_1 stretched\"><img loading=\"lazy\" decoding=\"async\" width=\"1024\" height=\"1024\" src=\"https:\/\/azordisseny.com\/wp-content\/uploads\/2023\/11\/casa-de-la-vila2023-revista-w-1024x1024.jpg\" class=\"attachment-large size-large wp-post-image\" alt=\"\" srcset=\"https:\/\/azordisseny.com\/wp-content\/uploads\/2023\/11\/casa-de-la-vila2023-revista-w-1024x1024.jpg 1024w, https:\/\/azordisseny.com\/wp-content\/uploads\/2023\/11\/casa-de-la-vila2023-revista-w-300x300.jpg 300w, https:\/\/azordisseny.com\/wp-content\/uploads\/2023\/11\/casa-de-la-vila2023-revista-w-150x150.jpg 150w, https:\/\/azordisseny.com\/wp-content\/uploads\/2023\/11\/casa-de-la-vila2023-revista-w.jpg 1181w\" sizes=\"auto, (max-width: 1024px) 100vw, 1024px\" \/><\/div>\t\t<\/div>\r\n\t<\/article>\r\n\t<article class=\"w-grid-item post-2226 us_portfolio type-us_portfolio status-publish has-post-thumbnail hentry us_portfolio_category-branding-e-imagen-corporativa us_portfolio_category-editorial-es us_portfolio_category-grafica-publicitaria-y-comunicacion us_portfolio_tag-destacado-en-portada\" data-id=\"2226\">\r\n\t\t<div class=\"w-grid-item-h\">\r\n\t\t\t\t\t\t<div class=\"w-post-elm post_image usg_post_image_1 stretched\"><img loading=\"lazy\" decoding=\"async\" width=\"1024\" height=\"1024\" src=\"https:\/\/azordisseny.com\/wp-content\/uploads\/2024\/08\/cataleg-cava-jaume-giro-i-giro-1024x1024.jpg\" class=\"attachment-large size-large wp-post-image\" alt=\"\" srcset=\"https:\/\/azordisseny.com\/wp-content\/uploads\/2024\/08\/cataleg-cava-jaume-giro-i-giro-1024x1024.jpg 1024w, https:\/\/azordisseny.com\/wp-content\/uploads\/2024\/08\/cataleg-cava-jaume-giro-i-giro-300x300.jpg 300w, https:\/\/azordisseny.com\/wp-content\/uploads\/2024\/08\/cataleg-cava-jaume-giro-i-giro-150x150.jpg 150w\" sizes=\"auto, (max-width: 1024px) 100vw, 1024px\" \/><\/div>\t\t<\/div>\r\n\t<\/article>\r\n\t<article class=\"w-grid-item post-2312 us_portfolio type-us_portfolio status-publish has-post-thumbnail hentry us_portfolio_category-editorial-es us_portfolio_category-grafica-publicitaria-y-comunicacion us_portfolio_tag-destacado-en-portada\" data-id=\"2312\">\r\n\t\t<div class=\"w-grid-item-h\">\r\n\t\t\t\t\t\t<div class=\"w-post-elm post_image usg_post_image_1 stretched\"><img loading=\"lazy\" decoding=\"async\" width=\"787\" height=\"787\" src=\"https:\/\/azordisseny.com\/wp-content\/uploads\/2025\/07\/mercats-mockup.jpg\" class=\"attachment-large size-large wp-post-image\" alt=\"\" srcset=\"https:\/\/azordisseny.com\/wp-content\/uploads\/2025\/07\/mercats-mockup.jpg 787w, https:\/\/azordisseny.com\/wp-content\/uploads\/2025\/07\/mercats-mockup-300x300.jpg 300w, https:\/\/azordisseny.com\/wp-content\/uploads\/2025\/07\/mercats-mockup-150x150.jpg 150w\" sizes=\"auto, (max-width: 787px) 100vw, 787px\" \/><\/div>\t\t<\/div>\r\n\t<\/article>\r\n<\/div>\t<div class=\"g-preloader type_1\">\r\n\t\t<div><\/div>\r\n\t<\/div>\r\n\t\t<div class=\"w-grid-json hidden\" onclick='return {&quot;action&quot;:&quot;us_ajax_grid&quot;,&quot;ajax_url&quot;:&quot;https:\\\/\\\/azordisseny.com\\\/wp-admin\\\/admin-ajax.php&quot;,&quot;infinite_scroll&quot;:0,&quot;max_num_pages&quot;:1,&quot;pagination&quot;:&quot;none&quot;,&quot;template_vars&quot;:{&quot;columns&quot;:&quot;1&quot;,&quot;exclude_items&quot;:&quot;none&quot;,&quot;img_size&quot;:&quot;default&quot;,&quot;ignore_items_size&quot;:0,&quot;items_layout&quot;:&quot;gallery_default&quot;,&quot;items_offset&quot;:&quot;1&quot;,&quot;load_animation&quot;:&quot;none&quot;,&quot;overriding_link&quot;:&quot;{\\&quot;url\\&quot;:\\&quot;\\&quot;}&quot;,&quot;post_id&quot;:0,&quot;query_args&quot;:{&quot;post_type&quot;:[&quot;us_portfolio&quot;],&quot;tax_query&quot;:[{&quot;taxonomy&quot;:&quot;us_portfolio_category&quot;,&quot;field&quot;:&quot;slug&quot;,&quot;terms&quot;:[&quot;editorial&quot;]}],&quot;post_status&quot;:[&quot;publish&quot;,&quot;acf-disabled&quot;],&quot;posts_per_page&quot;:&quot;10&quot;},&quot;orderby_query_args&quot;:{&quot;orderby&quot;:&quot;RAND(1515176486)&quot;},&quot;type&quot;:&quot;carousel&quot;,&quot;us_grid_ajax_index&quot;:5,&quot;us_grid_filter_params&quot;:[],&quot;us_grid_index&quot;:5,&quot;_us_grid_post_type&quot;:&quot;us_portfolio&quot;,&quot;page_args&quot;:[],&quot;lang&quot;:&quot;es&quot;},&quot;carousel_settings&quot;:{&quot;autoHeight&quot;:0,&quot;autoplay&quot;:1,&quot;carousel_fade&quot;:1,&quot;center&quot;:0,&quot;dots&quot;:0,&quot;items&quot;:&quot;1&quot;,&quot;loop&quot;:true,&quot;nav&quot;:0,&quot;slideby&quot;:&quot;1&quot;,&quot;smooth_play&quot;:0,&quot;speed&quot;:250,&quot;timeout&quot;:3000,&quot;transition&quot;:&quot;&quot;,&quot;aria_labels&quot;:{&quot;prev&quot;:&quot;Anterior&quot;,&quot;next&quot;:&quot;Siguiente&quot;}},&quot;carousel_breakpoints&quot;:{&quot;0&quot;:{&quot;autoHeight&quot;:0,&quot;autoplay&quot;:1,&quot;autoplayHoverPause&quot;:1,&quot;items&quot;:1,&quot;loop&quot;:true,&quot;stagePadding&quot;:0},&quot;601&quot;:{&quot;autoHeight&quot;:0,&quot;autoplay&quot;:1,&quot;autoplayHoverPause&quot;:1,&quot;items&quot;:&quot;1&quot;,&quot;loop&quot;:true,&quot;stagePadding&quot;:0},&quot;1025&quot;:{&quot;autoHeight&quot;:0,&quot;autoplay&quot;:1,&quot;autoplayHoverPause&quot;:1,&quot;items&quot;:&quot;1&quot;,&quot;loop&quot;:true,&quot;stagePadding&quot;:0},&quot;1381&quot;:{&quot;items&quot;:1,&quot;stagePadding&quot;:0}}}'><\/div>\r\n\t<\/div><\/div><\/div><div class=\"wpb_column vc_column_container\"><div class=\"vc_column-inner\"><h2 class=\"w-text us_custom_a3c4ffc9\"><span class=\"w-text-h\"><span class=\"w-text-value\">Dise\u00f1o para Particulares<\/span><\/span><\/h2><div class=\"wpb_text_column\"><div class=\"wpb_wrapper\"><p><strong>Porque el dise\u00f1o es un derecho para todos.<\/strong><\/p>\n<p id=\"tw-target-text\" class=\"tw-data-text tw-text-large tw-ta\" dir=\"ltr\" data-placeholder=\"Traducci\u00f3n\" data-ved=\"2ahUKEwi59-uA3-iCAxUfUaQEHTlGBUsQ3ewLegQIBRAQ\"><span class=\"Y2IQFc\" lang=\"es\">\u00bfTienes algo que celebrar o comunicar? Realizamos el dise\u00f1o y la producci\u00f3n personalizada de tus invitaciones y piezas gr\u00e1ficas para conmemorar momentos \u00fanicos de una forma muy especial: bodas, bautizos, comuniones, cumplea\u00f1os, eventos\u2026<\/span><\/p>\n<p class=\"tw-data-text tw-text-large tw-ta\" dir=\"ltr\" data-placeholder=\"Traducci\u00f3n\" data-ved=\"2ahUKEwi59-uA3-iCAxUfUaQEHTlGBUsQ3ewLegQIBRAQ\"><span class=\"Y2IQFc\" lang=\"es\">Huye del est\u00e1ndar y desm\u00e1rcate.<\/span><\/p>\n<p dir=\"ltr\" data-placeholder=\"Traducci\u00f3n\" data-ved=\"2ahUKEwi59-uA3-iCAxUfUaQEHTlGBUsQ3ewLegQIBRAQ\"><em><span class=\"Y2IQFc\" lang=\"es\">Las mejores ideas son las m\u00e1s simples.<\/span><\/em><\/p>\n<\/div><\/div><div class=\"w-grid us_custom_faa47779 type_carousel layout_gallery_default\" id=\"us_grid_6\" style=\"--gap:0.1rem;\"><div class=\"w-grid-list owl-carousel navstyle_circle navpos_outside\">\t<article class=\"w-grid-item post-2158 us_portfolio type-us_portfolio status-publish has-post-thumbnail hentry us_portfolio_category-diseno-para-particulares\" data-id=\"2158\">\r\n\t\t<div class=\"w-grid-item-h\">\r\n\t\t\t\t\t\t<div class=\"w-post-elm post_image usg_post_image_1 stretched\"><img loading=\"lazy\" decoding=\"async\" width=\"960\" height=\"960\" src=\"https:\/\/azordisseny.com\/wp-content\/uploads\/2020\/07\/casament.jpg\" class=\"attachment-large size-large wp-post-image\" alt=\"\" srcset=\"https:\/\/azordisseny.com\/wp-content\/uploads\/2020\/07\/casament.jpg 960w, https:\/\/azordisseny.com\/wp-content\/uploads\/2020\/07\/casament-300x300.jpg 300w, https:\/\/azordisseny.com\/wp-content\/uploads\/2020\/07\/casament-150x150.jpg 150w\" sizes=\"auto, (max-width: 960px) 100vw, 960px\" \/><\/div>\t\t<\/div>\r\n\t<\/article>\r\n\t<article class=\"w-grid-item post-2152 us_portfolio type-us_portfolio status-publish has-post-thumbnail hentry us_portfolio_category-diseno-para-particulares\" data-id=\"2152\">\r\n\t\t<div class=\"w-grid-item-h\">\r\n\t\t\t\t\t\t<div class=\"w-post-elm post_image usg_post_image_1 stretched\"><img loading=\"lazy\" decoding=\"async\" width=\"960\" height=\"960\" src=\"https:\/\/azordisseny.com\/wp-content\/uploads\/2020\/07\/biel.jpg\" class=\"attachment-large size-large wp-post-image\" alt=\"\" srcset=\"https:\/\/azordisseny.com\/wp-content\/uploads\/2020\/07\/biel.jpg 960w, https:\/\/azordisseny.com\/wp-content\/uploads\/2020\/07\/biel-300x300.jpg 300w, https:\/\/azordisseny.com\/wp-content\/uploads\/2020\/07\/biel-150x150.jpg 150w\" sizes=\"auto, (max-width: 960px) 100vw, 960px\" \/><\/div>\t\t<\/div>\r\n\t<\/article>\r\n\t<article class=\"w-grid-item post-2162 us_portfolio type-us_portfolio status-publish has-post-thumbnail hentry us_portfolio_category-diseno-para-particulares\" data-id=\"2162\">\r\n\t\t<div class=\"w-grid-item-h\">\r\n\t\t\t\t\t\t<div class=\"w-post-elm post_image usg_post_image_1 stretched\"><img loading=\"lazy\" decoding=\"async\" width=\"960\" height=\"960\" src=\"https:\/\/azordisseny.com\/wp-content\/uploads\/2020\/07\/arros.jpg\" class=\"attachment-large size-large wp-post-image\" alt=\"\" srcset=\"https:\/\/azordisseny.com\/wp-content\/uploads\/2020\/07\/arros.jpg 960w, https:\/\/azordisseny.com\/wp-content\/uploads\/2020\/07\/arros-300x300.jpg 300w, https:\/\/azordisseny.com\/wp-content\/uploads\/2020\/07\/arros-150x150.jpg 150w\" sizes=\"auto, (max-width: 960px) 100vw, 960px\" \/><\/div>\t\t<\/div>\r\n\t<\/article>\r\n\t<article class=\"w-grid-item post-2160 us_portfolio type-us_portfolio status-publish has-post-thumbnail hentry us_portfolio_category-diseno-para-particulares\" data-id=\"2160\">\r\n\t\t<div class=\"w-grid-item-h\">\r\n\t\t\t\t\t\t<div class=\"w-post-elm post_image usg_post_image_1 stretched\"><img loading=\"lazy\" decoding=\"async\" width=\"960\" height=\"960\" src=\"https:\/\/azordisseny.com\/wp-content\/uploads\/2020\/07\/angel.jpg\" class=\"attachment-large size-large wp-post-image\" alt=\"\" srcset=\"https:\/\/azordisseny.com\/wp-content\/uploads\/2020\/07\/angel.jpg 960w, https:\/\/azordisseny.com\/wp-content\/uploads\/2020\/07\/angel-300x300.jpg 300w, https:\/\/azordisseny.com\/wp-content\/uploads\/2020\/07\/angel-150x150.jpg 150w\" sizes=\"auto, (max-width: 960px) 100vw, 960px\" \/><\/div>\t\t<\/div>\r\n\t<\/article>\r\n\t<article class=\"w-grid-item post-2161 us_portfolio type-us_portfolio status-publish has-post-thumbnail hentry us_portfolio_category-diseno-para-particulares\" data-id=\"2161\">\r\n\t\t<div class=\"w-grid-item-h\">\r\n\t\t\t\t\t\t<div class=\"w-post-elm post_image usg_post_image_1 stretched\"><img loading=\"lazy\" decoding=\"async\" width=\"960\" height=\"960\" src=\"https:\/\/azordisseny.com\/wp-content\/uploads\/2020\/07\/mireia.jpg\" class=\"attachment-large size-large wp-post-image\" alt=\"\" srcset=\"https:\/\/azordisseny.com\/wp-content\/uploads\/2020\/07\/mireia.jpg 960w, https:\/\/azordisseny.com\/wp-content\/uploads\/2020\/07\/mireia-300x300.jpg 300w, https:\/\/azordisseny.com\/wp-content\/uploads\/2020\/07\/mireia-150x150.jpg 150w\" sizes=\"auto, (max-width: 960px) 100vw, 960px\" \/><\/div>\t\t<\/div>\r\n\t<\/article>\r\n<\/div>\t<div class=\"g-preloader type_1\">\r\n\t\t<div><\/div>\r\n\t<\/div>\r\n\t\t<div class=\"w-grid-json hidden\" onclick='return {&quot;action&quot;:&quot;us_ajax_grid&quot;,&quot;ajax_url&quot;:&quot;https:\\\/\\\/azordisseny.com\\\/wp-admin\\\/admin-ajax.php&quot;,&quot;infinite_scroll&quot;:0,&quot;max_num_pages&quot;:1,&quot;pagination&quot;:&quot;none&quot;,&quot;template_vars&quot;:{&quot;columns&quot;:&quot;1&quot;,&quot;exclude_items&quot;:&quot;none&quot;,&quot;img_size&quot;:&quot;default&quot;,&quot;ignore_items_size&quot;:0,&quot;items_layout&quot;:&quot;gallery_default&quot;,&quot;items_offset&quot;:&quot;1&quot;,&quot;load_animation&quot;:&quot;none&quot;,&quot;overriding_link&quot;:&quot;{\\&quot;url\\&quot;:\\&quot;\\&quot;}&quot;,&quot;post_id&quot;:0,&quot;query_args&quot;:{&quot;post_type&quot;:[&quot;us_portfolio&quot;],&quot;tax_query&quot;:[{&quot;taxonomy&quot;:&quot;us_portfolio_category&quot;,&quot;field&quot;:&quot;slug&quot;,&quot;terms&quot;:[&quot;disseny-per-a-particulars&quot;]}],&quot;post_status&quot;:[&quot;publish&quot;,&quot;acf-disabled&quot;],&quot;posts_per_page&quot;:&quot;10&quot;},&quot;orderby_query_args&quot;:{&quot;orderby&quot;:&quot;RAND(670252068)&quot;},&quot;type&quot;:&quot;carousel&quot;,&quot;us_grid_ajax_index&quot;:6,&quot;us_grid_filter_params&quot;:[],&quot;us_grid_index&quot;:6,&quot;_us_grid_post_type&quot;:&quot;us_portfolio&quot;,&quot;page_args&quot;:[],&quot;lang&quot;:&quot;es&quot;},&quot;carousel_settings&quot;:{&quot;autoHeight&quot;:0,&quot;autoplay&quot;:1,&quot;carousel_fade&quot;:1,&quot;center&quot;:0,&quot;dots&quot;:0,&quot;items&quot;:&quot;1&quot;,&quot;loop&quot;:true,&quot;nav&quot;:0,&quot;slideby&quot;:&quot;1&quot;,&quot;smooth_play&quot;:0,&quot;speed&quot;:250,&quot;timeout&quot;:3000,&quot;transition&quot;:&quot;&quot;,&quot;aria_labels&quot;:{&quot;prev&quot;:&quot;Anterior&quot;,&quot;next&quot;:&quot;Siguiente&quot;}},&quot;carousel_breakpoints&quot;:{&quot;0&quot;:{&quot;autoHeight&quot;:0,&quot;autoplay&quot;:1,&quot;autoplayHoverPause&quot;:1,&quot;items&quot;:1,&quot;loop&quot;:true,&quot;stagePadding&quot;:0},&quot;601&quot;:{&quot;autoHeight&quot;:0,&quot;autoplay&quot;:1,&quot;autoplayHoverPause&quot;:1,&quot;items&quot;:&quot;1&quot;,&quot;loop&quot;:true,&quot;stagePadding&quot;:0},&quot;1025&quot;:{&quot;autoHeight&quot;:0,&quot;autoplay&quot;:1,&quot;autoplayHoverPause&quot;:1,&quot;items&quot;:&quot;1&quot;,&quot;loop&quot;:true,&quot;stagePadding&quot;:0},&quot;1381&quot;:{&quot;items&quot;:1,&quot;stagePadding&quot;:0}}}'><\/div>\r\n\t<\/div><\/div><\/div><\/div><\/div><\/section>\n","protected":false},"excerpt":{"rendered":"MIREIA &amp; SERGI Dise\u00f1o personalizado de invitaci\u00f3n para boda.","protected":false},"author":1,"featured_media":0,"parent":0,"menu_order":0,"comment_status":"closed","ping_status":"closed","template":"","meta":{"footnotes":""},"class_list":["post-1698","page","type-page","status-publish","hentry"],"acf":[],"_links":{"self":[{"href":"https:\/\/azordisseny.com\/es\/wp-json\/wp\/v2\/pages\/1698","targetHints":{"allow":["GET"]}}],"collection":[{"href":"https:\/\/azordisseny.com\/es\/wp-json\/wp\/v2\/pages"}],"about":[{"href":"https:\/\/azordisseny.com\/es\/wp-json\/wp\/v2\/types\/page"}],"author":[{"embeddable":true,"href":"https:\/\/azordisseny.com\/es\/wp-json\/wp\/v2\/users\/1"}],"replies":[{"embeddable":true,"href":"https:\/\/azordisseny.com\/es\/wp-json\/wp\/v2\/comments?post=1698"}],"version-history":[{"count":6,"href":"https:\/\/azordisseny.com\/es\/wp-json\/wp\/v2\/pages\/1698\/revisions"}],"predecessor-version":[{"id":2176,"href":"https:\/\/azordisseny.com\/es\/wp-json\/wp\/v2\/pages\/1698\/revisions\/2176"}],"wp:attachment":[{"href":"https:\/\/azordisseny.com\/es\/wp-json\/wp\/v2\/media?parent=1698"}],"curies":[{"name":"wp","href":"https:\/\/api.w.org\/{rel}","templated":true}]}}