{"id":1687,"date":"2023-06-07T00:27:22","date_gmt":"2023-06-06T22:27:22","guid":{"rendered":"https:\/\/azordisseny.com\/23\/projectes\/"},"modified":"2024-02-10T09:29:19","modified_gmt":"2024-02-10T08:29:19","slug":"proyectos","status":"publish","type":"page","link":"https:\/\/azordisseny.com\/es\/proyectos\/","title":{"rendered":"Proyectos"},"content":{"rendered":"<section class=\"l-section wpb_row height_small\"><div class=\"l-section-h i-cf\"><div class=\"g-cols vc_row via_grid cols_1 laptops-cols_inherit tablets-cols_inherit mobiles-cols_1 valign_top type_default stacking_default\"><div class=\"wpb_column vc_column_container\"><div class=\"vc_column-inner\"><h1 class=\"w-post-elm post_title align_center entry-title color_link_inherit\">Proyectos<\/h1><\/div><\/div><\/div><\/div><\/section><section class=\"l-section wpb_row height_medium\"><div class=\"l-section-h i-cf\"><div class=\"g-cols vc_row via_grid cols_1 laptops-cols_inherit tablets-cols_inherit mobiles-cols_1 valign_top type_default stacking_default\"><div class=\"wpb_column vc_column_container\"><div class=\"vc_column-inner\"><h2 class=\"w-text\"><span class=\"w-text-h\"><span class=\"w-text-value\">Branding e Imagen corporativa<\/span><\/span><\/h2><div class=\"w-grid type_grid layout_1338 cols_3 ratio_1x1\" id=\"us_grid_1\" style=\"--gap:1rem;\" data-filterable=\"true\"><style>@media (max-width:1024px){#us_grid_1 .w-grid-item{width:50%}#us_grid_1 .w-grid-item.size_2x1,#us_grid_1 .w-grid-item.size_2x2{width:100%}}@media (max-width:600px){#us_grid_1 .w-grid-list{margin:0}#us_grid_1 .w-grid-item{width:100%;padding:0;margin-bottom:var(--gap,0px)}}#us_grid_1 .w-grid-item-h:before{padding-bottom:100%}.layout_1338 .w-grid-item-h:before{padding-bottom:100%}@media (min-width:601px){.layout_1338 .w-grid-item.size_1x2 .w-grid-item-h:before{padding-bottom:calc(200% + var(--gap,0px) * 2)}.layout_1338 .w-grid-item.size_2x1 .w-grid-item-h:before{padding-bottom:calc(50% - var(--gap,0px) * 1)}.layout_1338 .w-grid-item.size_2x2 .w-grid-item-h:before{padding-bottom:calc(100% - var(--gap,0px) * 0)}}.layout_1338 .w-grid-item-h{}.layout_1338 .usg_post_image_1{transition-duration:0.3s;transform-origin:50% 50%;transform:scale(1) translate(0%,0%)}.layout_1338 .w-grid-item-h:hover .usg_post_image_1{transform:scale(1.1) translate(0%,0%);opacity:1}.layout_1338 .usg_post_title_1{transition-duration:0.3s;transform-origin:50% 50%;transform:scale(1) translate(0%,0%)}.layout_1338 .w-grid-item-h:hover .usg_post_title_1{transform:scale(1) translate(0%,0%);opacity:1;color:var(--color-header-middle-text)!important}.layout_1338 .usg_post_image_1{position:absolute!important;left:0!important;top:0!important;bottom:0!important;right:0!important}.layout_1338 .usg_post_title_1{color:var(--color-content-link-hover)!important;font-size:clamp(1rem,0.966rem + 0.149vw,1.1rem)!important;line-height:1.333!important;margin-top:1rem!important}.layout_1338 .usg_vwrapper_1{padding-top:100%!important;position:relative!important;overflow:hidden!important}@media (min-width:1025px) and (max-width:1380px){.layout_1338 .usg_post_image_1{position:absolute!important;left:0!important;top:0!important;bottom:0!important;right:0!important}.layout_1338 .usg_post_title_1{color:var(--color-content-link-hover)!important;font-size:clamp(1rem,0.966rem + 0.149vw,1.1rem)!important;line-height:1.333!important;margin-top:1rem!important}.layout_1338 .usg_vwrapper_1{padding-top:100%!important;position:relative!important;overflow:hidden!important}}@media (min-width:601px) and (max-width:1024px){.layout_1338 .usg_post_image_1{position:absolute!important;left:0!important;top:0!important;bottom:0!important;right:0!important}.layout_1338 .usg_post_title_1{color:var(--color-content-link-hover)!important;font-size:clamp(1rem,0.966rem + 0.149vw,1.1rem)!important;line-height:1.333!important;margin-top:1rem!important}.layout_1338 .usg_vwrapper_1{padding-top:100%!important;position:relative!important;overflow:hidden!important}}@media (max-width:600px){.layout_1338 .usg_post_image_1{position:absolute!important;left:0!important;top:0!important;bottom:0!important;right:0!important}.layout_1338 .usg_post_title_1{color:var(--color-content-link-hover)!important;font-size:clamp(1rem,0.966rem + 0.149vw,1.1rem)!important;line-height:1.333!important;margin-top:1rem!important}.layout_1338 .usg_vwrapper_1{padding-top:100%!important;position:relative!important;overflow:hidden!important}}<\/style><div class=\"w-grid-list\">\t<article class=\"w-grid-item size_1x1 post-2373 us_portfolio type-us_portfolio status-publish has-post-thumbnail hentry us_portfolio_category-branding-e-imagen-corporativa us_portfolio_category-grafica-publicitaria-y-comunicacion us_portfolio_tag-destacado-en-portada\" data-id=\"2373\">\r\n\t\t<div class=\"w-grid-item-h\">\r\n\t\t\t\t\t\t\t<a href=\"https:\/\/azordisseny.com\/es\/portfolio\/aplicacion-rebranding-bitl-media-a-soportes\/\" class=\"w-grid-item-anchor\" aria-label=\"Aplicaci\u00f3n rebranding BITL Media a soportes\"><\/a>\r\n\t\t\t\t\t\t<div class=\"w-vwrapper usg_vwrapper_1 align_center valign_middle\" style=\"--vwrapper-gap:0rem\"><div class=\"w-post-elm post_image usg_post_image_1 has_ratio\"><div style=\"padding-bottom:100%\"><\/div><a href=\"https:\/\/azordisseny.com\/es\/portfolio\/aplicacion-rebranding-bitl-media-a-soportes\/\" aria-label=\"Aplicaci\u00f3n rebranding BITL Media a soportes\"><img loading=\"lazy\" decoding=\"async\" width=\"1024\" height=\"1024\" src=\"https:\/\/azordisseny.com\/wp-content\/uploads\/2026\/02\/w-mockup-web-bitlmedia-instagram-1024x1024.jpg\" class=\"attachment-large size-large wp-post-image\" alt=\"\" srcset=\"https:\/\/azordisseny.com\/wp-content\/uploads\/2026\/02\/w-mockup-web-bitlmedia-instagram-1024x1024.jpg 1024w, https:\/\/azordisseny.com\/wp-content\/uploads\/2026\/02\/w-mockup-web-bitlmedia-instagram-300x300.jpg 300w, https:\/\/azordisseny.com\/wp-content\/uploads\/2026\/02\/w-mockup-web-bitlmedia-instagram-150x150.jpg 150w, https:\/\/azordisseny.com\/wp-content\/uploads\/2026\/02\/w-mockup-web-bitlmedia-instagram.jpg 1772w\" sizes=\"auto, (max-width: 1024px) 100vw, 1024px\" \/><\/a><\/div><\/div><h3 class=\"w-post-elm post_title usg_post_title_1 has_text_color entry-title color_link_inherit\"><a href=\"https:\/\/azordisseny.com\/es\/portfolio\/aplicacion-rebranding-bitl-media-a-soportes\/\">Aplicaci\u00f3n rebranding BITL Media a soportes<\/a><\/h3>\t\t<\/div>\r\n\t<\/article>\r\n\t<article class=\"w-grid-item size_1x1 post-2371 us_portfolio type-us_portfolio status-publish has-post-thumbnail hentry us_portfolio_category-branding-e-imagen-corporativa us_portfolio_tag-destacado-en-portada\" data-id=\"2371\">\r\n\t\t<div class=\"w-grid-item-h\">\r\n\t\t\t\t\t\t\t<a href=\"https:\/\/azordisseny.com\/es\/portfolio\/rebranding-de-marca-bitl-media\/\" class=\"w-grid-item-anchor\" aria-label=\"Rebranding de marca BITL Media\"><\/a>\r\n\t\t\t\t\t\t<div class=\"w-vwrapper usg_vwrapper_1 align_center valign_middle\" style=\"--vwrapper-gap:0rem\"><div class=\"w-post-elm post_image usg_post_image_1 has_ratio\"><div style=\"padding-bottom:100%\"><\/div><a href=\"https:\/\/azordisseny.com\/es\/portfolio\/rebranding-de-marca-bitl-media\/\" aria-label=\"Rebranding de marca BITL Media\"><img loading=\"lazy\" decoding=\"async\" width=\"1024\" height=\"1024\" src=\"https:\/\/azordisseny.com\/wp-content\/uploads\/2026\/02\/w-mockup-paret-BITLMEDIA-instagram-1024x1024.jpg\" class=\"attachment-large size-large wp-post-image\" alt=\"\" srcset=\"https:\/\/azordisseny.com\/wp-content\/uploads\/2026\/02\/w-mockup-paret-BITLMEDIA-instagram-1024x1024.jpg 1024w, https:\/\/azordisseny.com\/wp-content\/uploads\/2026\/02\/w-mockup-paret-BITLMEDIA-instagram-300x300.jpg 300w, https:\/\/azordisseny.com\/wp-content\/uploads\/2026\/02\/w-mockup-paret-BITLMEDIA-instagram-150x150.jpg 150w, https:\/\/azordisseny.com\/wp-content\/uploads\/2026\/02\/w-mockup-paret-BITLMEDIA-instagram.jpg 1772w\" sizes=\"auto, (max-width: 1024px) 100vw, 1024px\" \/><\/a><\/div><\/div><h3 class=\"w-post-elm post_title usg_post_title_1 has_text_color entry-title color_link_inherit\"><a href=\"https:\/\/azordisseny.com\/es\/portfolio\/rebranding-de-marca-bitl-media\/\">Rebranding de marca BITL Media<\/a><\/h3>\t\t<\/div>\r\n\t<\/article>\r\n\t<article class=\"w-grid-item size_1x1 post-2369 us_portfolio type-us_portfolio status-publish has-post-thumbnail hentry us_portfolio_category-branding-e-imagen-corporativa us_portfolio_category-grafica-publicitaria-y-comunicacion us_portfolio_category-pack-e-imagen-de-producto us_portfolio_tag-destacado-en-portada\" data-id=\"2369\">\r\n\t\t<div class=\"w-grid-item-h\">\r\n\t\t\t\t\t\t\t<a href=\"https:\/\/azordisseny.com\/es\/portfolio\/totebag-y-libreta-corporativa-\u00b7-mmgestions\/\" class=\"w-grid-item-anchor\" aria-label=\"Totebag y libreta corporativa \u00b7 MMGestions\"><\/a>\r\n\t\t\t\t\t\t<div class=\"w-vwrapper usg_vwrapper_1 align_center valign_middle\" style=\"--vwrapper-gap:0rem\"><div class=\"w-post-elm post_image usg_post_image_1 has_ratio\"><div style=\"padding-bottom:100%\"><\/div><a href=\"https:\/\/azordisseny.com\/es\/portfolio\/totebag-y-libreta-corporativa-\u00b7-mmgestions\/\" aria-label=\"Totebag y libreta corporativa \u00b7 MMGestions\"><img loading=\"lazy\" decoding=\"async\" width=\"1024\" height=\"1024\" src=\"https:\/\/azordisseny.com\/wp-content\/uploads\/2026\/02\/w-mockup-totebag-MMGestionsinstagram-1024x1024.jpg\" class=\"attachment-large size-large wp-post-image\" alt=\"\" srcset=\"https:\/\/azordisseny.com\/wp-content\/uploads\/2026\/02\/w-mockup-totebag-MMGestionsinstagram-1024x1024.jpg 1024w, https:\/\/azordisseny.com\/wp-content\/uploads\/2026\/02\/w-mockup-totebag-MMGestionsinstagram-300x300.jpg 300w, https:\/\/azordisseny.com\/wp-content\/uploads\/2026\/02\/w-mockup-totebag-MMGestionsinstagram-150x150.jpg 150w, https:\/\/azordisseny.com\/wp-content\/uploads\/2026\/02\/w-mockup-totebag-MMGestionsinstagram.jpg 1772w\" sizes=\"auto, (max-width: 1024px) 100vw, 1024px\" \/><\/a><\/div><\/div><h3 class=\"w-post-elm post_title usg_post_title_1 has_text_color entry-title color_link_inherit\"><a href=\"https:\/\/azordisseny.com\/es\/portfolio\/totebag-y-libreta-corporativa-\u00b7-mmgestions\/\">Totebag y libreta corporativa \u00b7 MMGestions<\/a><\/h3>\t\t<\/div>\r\n\t<\/article>\r\n\t<article class=\"w-grid-item size_1x1 post-2367 us_portfolio type-us_portfolio status-publish has-post-thumbnail hentry us_portfolio_category-branding-e-imagen-corporativa us_portfolio_category-grafica-publicitaria-y-comunicacion us_portfolio_tag-destacado-en-portada\" data-id=\"2367\">\r\n\t\t<div class=\"w-grid-item-h\">\r\n\t\t\t\t\t\t\t<a href=\"https:\/\/azordisseny.com\/es\/portfolio\/diseno-de-stand-ferial-\u00b7-monocrom-\u00b7-san-francisco\/\" class=\"w-grid-item-anchor\" aria-label=\"Dise\u00f1o de stand ferial \u00b7 Monocrom \u00b7 San Francisco\"><\/a>\r\n\t\t\t\t\t\t<div class=\"w-vwrapper usg_vwrapper_1 align_center valign_middle\" style=\"--vwrapper-gap:0rem\"><div class=\"w-post-elm post_image usg_post_image_1 has_ratio\"><div style=\"padding-bottom:100%\"><\/div><a href=\"https:\/\/azordisseny.com\/es\/portfolio\/diseno-de-stand-ferial-\u00b7-monocrom-\u00b7-san-francisco\/\" aria-label=\"Dise\u00f1o de stand ferial \u00b7 Monocrom \u00b7 San Francisco\"><img loading=\"lazy\" decoding=\"async\" width=\"1024\" height=\"1024\" src=\"https:\/\/azordisseny.com\/wp-content\/uploads\/2026\/02\/w-mockup-monocrom-instagram-1024x1024.jpg\" class=\"attachment-large size-large wp-post-image\" alt=\"\" srcset=\"https:\/\/azordisseny.com\/wp-content\/uploads\/2026\/02\/w-mockup-monocrom-instagram-1024x1024.jpg 1024w, https:\/\/azordisseny.com\/wp-content\/uploads\/2026\/02\/w-mockup-monocrom-instagram-300x300.jpg 300w, https:\/\/azordisseny.com\/wp-content\/uploads\/2026\/02\/w-mockup-monocrom-instagram-150x150.jpg 150w, https:\/\/azordisseny.com\/wp-content\/uploads\/2026\/02\/w-mockup-monocrom-instagram.jpg 1772w\" sizes=\"auto, (max-width: 1024px) 100vw, 1024px\" \/><\/a><\/div><\/div><h3 class=\"w-post-elm post_title usg_post_title_1 has_text_color entry-title color_link_inherit\"><a href=\"https:\/\/azordisseny.com\/es\/portfolio\/diseno-de-stand-ferial-\u00b7-monocrom-\u00b7-san-francisco\/\">Dise\u00f1o de stand ferial \u00b7 Monocrom \u00b7 San Francisco<\/a><\/h3>\t\t<\/div>\r\n\t<\/article>\r\n<\/div><div class=\"w-grid-preloader\">\t<div class=\"g-preloader type_1\">\r\n\t\t<div><\/div>\r\n\t<\/div>\r\n\t<\/div>\t<div class=\"w-grid-json hidden\" onclick='return {&quot;action&quot;:&quot;us_ajax_grid&quot;,&quot;ajax_url&quot;:&quot;https:\\\/\\\/azordisseny.com\\\/wp-admin\\\/admin-ajax.php&quot;,&quot;infinite_scroll&quot;:0,&quot;max_num_pages&quot;:7,&quot;pagination&quot;:&quot;none&quot;,&quot;template_vars&quot;:{&quot;columns&quot;:&quot;3&quot;,&quot;exclude_items&quot;:&quot;none&quot;,&quot;img_size&quot;:&quot;large&quot;,&quot;ignore_items_size&quot;:0,&quot;items_layout&quot;:&quot;1338&quot;,&quot;items_offset&quot;:&quot;1&quot;,&quot;load_animation&quot;:&quot;none&quot;,&quot;overriding_link&quot;:&quot;%7B%22type%22%3A%22post%22%7D&quot;,&quot;post_id&quot;:0,&quot;query_args&quot;:{&quot;post_type&quot;:[&quot;us_portfolio&quot;],&quot;tax_query&quot;:[{&quot;taxonomy&quot;:&quot;us_portfolio_category&quot;,&quot;field&quot;:&quot;slug&quot;,&quot;terms&quot;:[&quot;branding-i-imatge-corporativa&quot;]}],&quot;post_status&quot;:[&quot;publish&quot;,&quot;acf-disabled&quot;],&quot;posts_per_page&quot;:&quot;4&quot;},&quot;orderby_query_args&quot;:{&quot;orderby&quot;:{&quot;date&quot;:&quot;DESC&quot;}},&quot;type&quot;:&quot;grid&quot;,&quot;us_grid_ajax_index&quot;:1,&quot;us_grid_filter_params&quot;:[],&quot;us_grid_index&quot;:1,&quot;_us_grid_post_type&quot;:&quot;us_portfolio&quot;,&quot;page_args&quot;:[],&quot;lang&quot;:&quot;es&quot;}}'><\/div>\r\n\t<\/div><\/div><\/div><\/div><\/div><\/section><section class=\"l-section wpb_row height_medium\"><div class=\"l-section-h i-cf\"><div class=\"g-cols vc_row via_grid cols_1 laptops-cols_inherit tablets-cols_inherit mobiles-cols_1 valign_top type_default stacking_default\"><div class=\"wpb_column vc_column_container\"><div class=\"vc_column-inner\"><h2 class=\"w-text\"><span class=\"w-text-h\"><span class=\"w-text-value\">Gr\u00e1fica publicitaria y Comunicaci\u00f3n<\/span><\/span><\/h2><div class=\"w-grid type_grid layout_1338 cols_3 ratio_1x1\" id=\"us_grid_2\" style=\"--gap:1rem;\" data-filterable=\"true\"><style>@media (max-width:1024px){#us_grid_2 .w-grid-item{width:50%}#us_grid_2 .w-grid-item.size_2x1,#us_grid_2 .w-grid-item.size_2x2{width:100%}}@media (max-width:600px){#us_grid_2 .w-grid-list{margin:0}#us_grid_2 .w-grid-item{width:100%;padding:0;margin-bottom:var(--gap,0px)}}#us_grid_2 .w-grid-item-h:before{padding-bottom:100%}<\/style><div class=\"w-grid-list\">\t<article class=\"w-grid-item size_1x1 post-2373 us_portfolio type-us_portfolio status-publish has-post-thumbnail hentry us_portfolio_category-branding-e-imagen-corporativa us_portfolio_category-grafica-publicitaria-y-comunicacion us_portfolio_tag-destacado-en-portada\" data-id=\"2373\">\r\n\t\t<div class=\"w-grid-item-h\">\r\n\t\t\t\t\t\t\t<a href=\"https:\/\/azordisseny.com\/es\/portfolio\/aplicacion-rebranding-bitl-media-a-soportes\/\" class=\"w-grid-item-anchor\" aria-label=\"Aplicaci\u00f3n rebranding BITL Media a soportes\"><\/a>\r\n\t\t\t\t\t\t<div class=\"w-vwrapper usg_vwrapper_1 align_center valign_middle\" style=\"--vwrapper-gap:0rem\"><div class=\"w-post-elm post_image usg_post_image_1 has_ratio\"><div style=\"padding-bottom:100%\"><\/div><a href=\"https:\/\/azordisseny.com\/es\/portfolio\/aplicacion-rebranding-bitl-media-a-soportes\/\" aria-label=\"Aplicaci\u00f3n rebranding BITL Media a soportes\"><img loading=\"lazy\" decoding=\"async\" width=\"1024\" height=\"1024\" src=\"https:\/\/azordisseny.com\/wp-content\/uploads\/2026\/02\/w-mockup-web-bitlmedia-instagram-1024x1024.jpg\" class=\"attachment-large size-large wp-post-image\" alt=\"\" srcset=\"https:\/\/azordisseny.com\/wp-content\/uploads\/2026\/02\/w-mockup-web-bitlmedia-instagram-1024x1024.jpg 1024w, https:\/\/azordisseny.com\/wp-content\/uploads\/2026\/02\/w-mockup-web-bitlmedia-instagram-300x300.jpg 300w, https:\/\/azordisseny.com\/wp-content\/uploads\/2026\/02\/w-mockup-web-bitlmedia-instagram-150x150.jpg 150w, https:\/\/azordisseny.com\/wp-content\/uploads\/2026\/02\/w-mockup-web-bitlmedia-instagram.jpg 1772w\" sizes=\"auto, (max-width: 1024px) 100vw, 1024px\" \/><\/a><\/div><\/div><h3 class=\"w-post-elm post_title usg_post_title_1 has_text_color entry-title color_link_inherit\"><a href=\"https:\/\/azordisseny.com\/es\/portfolio\/aplicacion-rebranding-bitl-media-a-soportes\/\">Aplicaci\u00f3n rebranding BITL Media a soportes<\/a><\/h3>\t\t<\/div>\r\n\t<\/article>\r\n\t<article class=\"w-grid-item size_1x1 post-2369 us_portfolio type-us_portfolio status-publish has-post-thumbnail hentry us_portfolio_category-branding-e-imagen-corporativa us_portfolio_category-grafica-publicitaria-y-comunicacion us_portfolio_category-pack-e-imagen-de-producto us_portfolio_tag-destacado-en-portada\" data-id=\"2369\">\r\n\t\t<div class=\"w-grid-item-h\">\r\n\t\t\t\t\t\t\t<a href=\"https:\/\/azordisseny.com\/es\/portfolio\/totebag-y-libreta-corporativa-\u00b7-mmgestions\/\" class=\"w-grid-item-anchor\" aria-label=\"Totebag y libreta corporativa \u00b7 MMGestions\"><\/a>\r\n\t\t\t\t\t\t<div class=\"w-vwrapper usg_vwrapper_1 align_center valign_middle\" style=\"--vwrapper-gap:0rem\"><div class=\"w-post-elm post_image usg_post_image_1 has_ratio\"><div style=\"padding-bottom:100%\"><\/div><a href=\"https:\/\/azordisseny.com\/es\/portfolio\/totebag-y-libreta-corporativa-\u00b7-mmgestions\/\" aria-label=\"Totebag y libreta corporativa \u00b7 MMGestions\"><img loading=\"lazy\" decoding=\"async\" width=\"1024\" height=\"1024\" src=\"https:\/\/azordisseny.com\/wp-content\/uploads\/2026\/02\/w-mockup-totebag-MMGestionsinstagram-1024x1024.jpg\" class=\"attachment-large size-large wp-post-image\" alt=\"\" srcset=\"https:\/\/azordisseny.com\/wp-content\/uploads\/2026\/02\/w-mockup-totebag-MMGestionsinstagram-1024x1024.jpg 1024w, https:\/\/azordisseny.com\/wp-content\/uploads\/2026\/02\/w-mockup-totebag-MMGestionsinstagram-300x300.jpg 300w, https:\/\/azordisseny.com\/wp-content\/uploads\/2026\/02\/w-mockup-totebag-MMGestionsinstagram-150x150.jpg 150w, https:\/\/azordisseny.com\/wp-content\/uploads\/2026\/02\/w-mockup-totebag-MMGestionsinstagram.jpg 1772w\" sizes=\"auto, (max-width: 1024px) 100vw, 1024px\" \/><\/a><\/div><\/div><h3 class=\"w-post-elm post_title usg_post_title_1 has_text_color entry-title color_link_inherit\"><a href=\"https:\/\/azordisseny.com\/es\/portfolio\/totebag-y-libreta-corporativa-\u00b7-mmgestions\/\">Totebag y libreta corporativa \u00b7 MMGestions<\/a><\/h3>\t\t<\/div>\r\n\t<\/article>\r\n\t<article class=\"w-grid-item size_1x1 post-2367 us_portfolio type-us_portfolio status-publish has-post-thumbnail hentry us_portfolio_category-branding-e-imagen-corporativa us_portfolio_category-grafica-publicitaria-y-comunicacion us_portfolio_tag-destacado-en-portada\" data-id=\"2367\">\r\n\t\t<div class=\"w-grid-item-h\">\r\n\t\t\t\t\t\t\t<a href=\"https:\/\/azordisseny.com\/es\/portfolio\/diseno-de-stand-ferial-\u00b7-monocrom-\u00b7-san-francisco\/\" class=\"w-grid-item-anchor\" aria-label=\"Dise\u00f1o de stand ferial \u00b7 Monocrom \u00b7 San Francisco\"><\/a>\r\n\t\t\t\t\t\t<div class=\"w-vwrapper usg_vwrapper_1 align_center valign_middle\" style=\"--vwrapper-gap:0rem\"><div class=\"w-post-elm post_image usg_post_image_1 has_ratio\"><div style=\"padding-bottom:100%\"><\/div><a href=\"https:\/\/azordisseny.com\/es\/portfolio\/diseno-de-stand-ferial-\u00b7-monocrom-\u00b7-san-francisco\/\" aria-label=\"Dise\u00f1o de stand ferial \u00b7 Monocrom \u00b7 San Francisco\"><img loading=\"lazy\" decoding=\"async\" width=\"1024\" height=\"1024\" src=\"https:\/\/azordisseny.com\/wp-content\/uploads\/2026\/02\/w-mockup-monocrom-instagram-1024x1024.jpg\" class=\"attachment-large size-large wp-post-image\" alt=\"\" srcset=\"https:\/\/azordisseny.com\/wp-content\/uploads\/2026\/02\/w-mockup-monocrom-instagram-1024x1024.jpg 1024w, https:\/\/azordisseny.com\/wp-content\/uploads\/2026\/02\/w-mockup-monocrom-instagram-300x300.jpg 300w, https:\/\/azordisseny.com\/wp-content\/uploads\/2026\/02\/w-mockup-monocrom-instagram-150x150.jpg 150w, https:\/\/azordisseny.com\/wp-content\/uploads\/2026\/02\/w-mockup-monocrom-instagram.jpg 1772w\" sizes=\"auto, (max-width: 1024px) 100vw, 1024px\" \/><\/a><\/div><\/div><h3 class=\"w-post-elm post_title usg_post_title_1 has_text_color entry-title color_link_inherit\"><a href=\"https:\/\/azordisseny.com\/es\/portfolio\/diseno-de-stand-ferial-\u00b7-monocrom-\u00b7-san-francisco\/\">Dise\u00f1o de stand ferial \u00b7 Monocrom \u00b7 San Francisco<\/a><\/h3>\t\t<\/div>\r\n\t<\/article>\r\n\t<article class=\"w-grid-item size_1x1 post-2365 us_portfolio type-us_portfolio status-publish has-post-thumbnail hentry us_portfolio_category-branding-e-imagen-corporativa us_portfolio_category-grafica-publicitaria-y-comunicacion us_portfolio_tag-destacado-en-portada\" data-id=\"2365\">\r\n\t\t<div class=\"w-grid-item-h\">\r\n\t\t\t\t\t\t\t<a href=\"https:\/\/azordisseny.com\/es\/portfolio\/dipticos-estrategicos-para-captacion-internacional-\u00b7-ocf-international-\u00b7-mexico-2\/\" class=\"w-grid-item-anchor\" aria-label=\"D\u00edpticos estrat\u00e9gicos para captaci\u00f3n internacional \u00b7 OCF International \u00b7 M\u00e9xico\"><\/a>\r\n\t\t\t\t\t\t<div class=\"w-vwrapper usg_vwrapper_1 align_center valign_middle\" style=\"--vwrapper-gap:0rem\"><div class=\"w-post-elm post_image usg_post_image_1 has_ratio\"><div style=\"padding-bottom:100%\"><\/div><a href=\"https:\/\/azordisseny.com\/es\/portfolio\/dipticos-estrategicos-para-captacion-internacional-\u00b7-ocf-international-\u00b7-mexico-2\/\" aria-label=\"D\u00edpticos estrat\u00e9gicos para captaci\u00f3n internacional \u00b7 OCF International \u00b7 M\u00e9xico\"><img loading=\"lazy\" decoding=\"async\" width=\"1024\" height=\"1024\" src=\"https:\/\/azordisseny.com\/wp-content\/uploads\/2026\/02\/w-mockup-diptic-master-OCF-instagram-1024x1024.jpg\" class=\"attachment-large size-large wp-post-image\" alt=\"\" srcset=\"https:\/\/azordisseny.com\/wp-content\/uploads\/2026\/02\/w-mockup-diptic-master-OCF-instagram-1024x1024.jpg 1024w, https:\/\/azordisseny.com\/wp-content\/uploads\/2026\/02\/w-mockup-diptic-master-OCF-instagram-300x300.jpg 300w, https:\/\/azordisseny.com\/wp-content\/uploads\/2026\/02\/w-mockup-diptic-master-OCF-instagram-150x150.jpg 150w, https:\/\/azordisseny.com\/wp-content\/uploads\/2026\/02\/w-mockup-diptic-master-OCF-instagram.jpg 1772w\" sizes=\"auto, (max-width: 1024px) 100vw, 1024px\" \/><\/a><\/div><\/div><h3 class=\"w-post-elm post_title usg_post_title_1 has_text_color entry-title color_link_inherit\"><a href=\"https:\/\/azordisseny.com\/es\/portfolio\/dipticos-estrategicos-para-captacion-internacional-\u00b7-ocf-international-\u00b7-mexico-2\/\">D\u00edpticos estrat\u00e9gicos para captaci\u00f3n internacional \u00b7 OCF International \u00b7 M\u00e9xico<\/a><\/h3>\t\t<\/div>\r\n\t<\/article>\r\n\t<article class=\"w-grid-item size_1x1 post-2363 us_portfolio type-us_portfolio status-publish has-post-thumbnail hentry us_portfolio_category-grafica-publicitaria-y-comunicacion us_portfolio_tag-destacado-en-portada\" data-id=\"2363\">\r\n\t\t<div class=\"w-grid-item-h\">\r\n\t\t\t\t\t\t\t<a href=\"https:\/\/azordisseny.com\/es\/portfolio\/roll-up-una-herramienta-de-captacion-en-segundos\/\" class=\"w-grid-item-anchor\" aria-label=\"Roll-up, una herramienta de captaci\u00f3n en segundos\"><\/a>\r\n\t\t\t\t\t\t<div class=\"w-vwrapper usg_vwrapper_1 align_center valign_middle\" style=\"--vwrapper-gap:0rem\"><div class=\"w-post-elm post_image usg_post_image_1 has_ratio\"><div style=\"padding-bottom:100%\"><\/div><a href=\"https:\/\/azordisseny.com\/es\/portfolio\/roll-up-una-herramienta-de-captacion-en-segundos\/\" aria-label=\"Roll-up, una herramienta de captaci\u00f3n en segundos\"><img loading=\"lazy\" decoding=\"async\" width=\"1024\" height=\"1024\" src=\"https:\/\/azordisseny.com\/wp-content\/uploads\/2026\/02\/w-mockup-rollup-felizing-instagram-1024x1024.jpg\" class=\"attachment-large size-large wp-post-image\" alt=\"\" srcset=\"https:\/\/azordisseny.com\/wp-content\/uploads\/2026\/02\/w-mockup-rollup-felizing-instagram-1024x1024.jpg 1024w, https:\/\/azordisseny.com\/wp-content\/uploads\/2026\/02\/w-mockup-rollup-felizing-instagram-300x300.jpg 300w, https:\/\/azordisseny.com\/wp-content\/uploads\/2026\/02\/w-mockup-rollup-felizing-instagram-150x150.jpg 150w, https:\/\/azordisseny.com\/wp-content\/uploads\/2026\/02\/w-mockup-rollup-felizing-instagram.jpg 1181w\" sizes=\"auto, (max-width: 1024px) 100vw, 1024px\" \/><\/a><\/div><\/div><h3 class=\"w-post-elm post_title usg_post_title_1 has_text_color entry-title color_link_inherit\"><a href=\"https:\/\/azordisseny.com\/es\/portfolio\/roll-up-una-herramienta-de-captacion-en-segundos\/\">Roll-up, una herramienta de captaci\u00f3n en segundos<\/a><\/h3>\t\t<\/div>\r\n\t<\/article>\r\n\t<article class=\"w-grid-item size_1x1 post-2361 us_portfolio type-us_portfolio status-publish has-post-thumbnail hentry us_portfolio_category-branding-e-imagen-corporativa us_portfolio_category-grafica-publicitaria-y-comunicacion us_portfolio_tag-destacado-en-portada\" data-id=\"2361\">\r\n\t\t<div class=\"w-grid-item-h\">\r\n\t\t\t\t\t\t\t<a href=\"https:\/\/azordisseny.com\/es\/portfolio\/comunicacion-grafica-para-stand-ferial-\u00b7-ocf-international-\u00b7-mexico\/\" class=\"w-grid-item-anchor\" aria-label=\"Comunicaci\u00f3n gr\u00e1fica para stand ferial \u00b7 OCF International \u00b7 M\u00e9xico\"><\/a>\r\n\t\t\t\t\t\t<div class=\"w-vwrapper usg_vwrapper_1 align_center valign_middle\" style=\"--vwrapper-gap:0rem\"><div class=\"w-post-elm post_image usg_post_image_1 has_ratio\"><div style=\"padding-bottom:100%\"><\/div><a href=\"https:\/\/azordisseny.com\/es\/portfolio\/comunicacion-grafica-para-stand-ferial-\u00b7-ocf-international-\u00b7-mexico\/\" aria-label=\"Comunicaci\u00f3n gr\u00e1fica para stand ferial \u00b7 OCF International \u00b7 M\u00e9xico\"><img loading=\"lazy\" decoding=\"async\" width=\"1024\" height=\"1024\" src=\"https:\/\/azordisseny.com\/wp-content\/uploads\/2026\/02\/w-mockup-Feria-OCF-Mexico-1024x1024.jpg\" class=\"attachment-large size-large wp-post-image\" alt=\"\" srcset=\"https:\/\/azordisseny.com\/wp-content\/uploads\/2026\/02\/w-mockup-Feria-OCF-Mexico-1024x1024.jpg 1024w, https:\/\/azordisseny.com\/wp-content\/uploads\/2026\/02\/w-mockup-Feria-OCF-Mexico-300x300.jpg 300w, https:\/\/azordisseny.com\/wp-content\/uploads\/2026\/02\/w-mockup-Feria-OCF-Mexico-150x150.jpg 150w, https:\/\/azordisseny.com\/wp-content\/uploads\/2026\/02\/w-mockup-Feria-OCF-Mexico.jpg 1772w\" sizes=\"auto, (max-width: 1024px) 100vw, 1024px\" \/><\/a><\/div><\/div><h3 class=\"w-post-elm post_title usg_post_title_1 has_text_color entry-title color_link_inherit\"><a href=\"https:\/\/azordisseny.com\/es\/portfolio\/comunicacion-grafica-para-stand-ferial-\u00b7-ocf-international-\u00b7-mexico\/\">Comunicaci\u00f3n gr\u00e1fica para stand ferial \u00b7 OCF International \u00b7 M\u00e9xico<\/a><\/h3>\t\t<\/div>\r\n\t<\/article>\r\n\t<article class=\"w-grid-item size_1x1 post-2353 us_portfolio type-us_portfolio status-publish has-post-thumbnail hentry us_portfolio_category-branding-e-imagen-corporativa us_portfolio_category-grafica-publicitaria-y-comunicacion us_portfolio_tag-destacado-en-portada\" data-id=\"2353\">\r\n\t\t<div class=\"w-grid-item-h\">\r\n\t\t\t\t\t\t\t<a href=\"https:\/\/azordisseny.com\/es\/portfolio\/dipticos-estrategicos-para-captacion-internacional-\u00b7-ocf-international-\u00b7-mexico\/\" class=\"w-grid-item-anchor\" aria-label=\"D\u00edpticos estrat\u00e9gicos para captaci\u00f3n internacional \u00b7 OCF International \u00b7 M\u00e9xico\"><\/a>\r\n\t\t\t\t\t\t<div class=\"w-vwrapper usg_vwrapper_1 align_center valign_middle\" style=\"--vwrapper-gap:0rem\"><div class=\"w-post-elm post_image usg_post_image_1 has_ratio\"><div style=\"padding-bottom:100%\"><\/div><a href=\"https:\/\/azordisseny.com\/es\/portfolio\/dipticos-estrategicos-para-captacion-internacional-\u00b7-ocf-international-\u00b7-mexico\/\" aria-label=\"D\u00edpticos estrat\u00e9gicos para captaci\u00f3n internacional \u00b7 OCF International \u00b7 M\u00e9xico\"><img loading=\"lazy\" decoding=\"async\" width=\"1024\" height=\"1024\" src=\"https:\/\/azordisseny.com\/wp-content\/uploads\/2026\/02\/w-mockup-diptic-carrera-OCF-instagram-1024x1024.jpg\" class=\"attachment-large size-large wp-post-image\" alt=\"\" srcset=\"https:\/\/azordisseny.com\/wp-content\/uploads\/2026\/02\/w-mockup-diptic-carrera-OCF-instagram-1024x1024.jpg 1024w, https:\/\/azordisseny.com\/wp-content\/uploads\/2026\/02\/w-mockup-diptic-carrera-OCF-instagram-300x300.jpg 300w, https:\/\/azordisseny.com\/wp-content\/uploads\/2026\/02\/w-mockup-diptic-carrera-OCF-instagram-150x150.jpg 150w, https:\/\/azordisseny.com\/wp-content\/uploads\/2026\/02\/w-mockup-diptic-carrera-OCF-instagram.jpg 1720w\" sizes=\"auto, (max-width: 1024px) 100vw, 1024px\" \/><\/a><\/div><\/div><h3 class=\"w-post-elm post_title usg_post_title_1 has_text_color entry-title color_link_inherit\"><a href=\"https:\/\/azordisseny.com\/es\/portfolio\/dipticos-estrategicos-para-captacion-internacional-\u00b7-ocf-international-\u00b7-mexico\/\">D\u00edpticos estrat\u00e9gicos para captaci\u00f3n internacional \u00b7 OCF International \u00b7 M\u00e9xico<\/a><\/h3>\t\t<\/div>\r\n\t<\/article>\r\n\t<article class=\"w-grid-item size_1x1 post-2312 us_portfolio type-us_portfolio status-publish has-post-thumbnail hentry us_portfolio_category-editorial-es us_portfolio_category-grafica-publicitaria-y-comunicacion us_portfolio_tag-destacado-en-portada\" data-id=\"2312\">\r\n\t\t<div class=\"w-grid-item-h\">\r\n\t\t\t\t\t\t\t<a href=\"https:\/\/azordisseny.com\/es\/portfolio\/programa-de-bolsillo\/\" class=\"w-grid-item-anchor\" aria-label=\"Programa de bolsillo\"><\/a>\r\n\t\t\t\t\t\t<div class=\"w-vwrapper usg_vwrapper_1 align_center valign_middle\" style=\"--vwrapper-gap:0rem\"><div class=\"w-post-elm post_image usg_post_image_1 has_ratio\"><div style=\"padding-bottom:100%\"><\/div><a href=\"https:\/\/azordisseny.com\/es\/portfolio\/programa-de-bolsillo\/\" aria-label=\"Programa de bolsillo\"><img loading=\"lazy\" decoding=\"async\" width=\"787\" height=\"787\" src=\"https:\/\/azordisseny.com\/wp-content\/uploads\/2025\/07\/mercats-mockup.jpg\" class=\"attachment-large size-large wp-post-image\" alt=\"\" srcset=\"https:\/\/azordisseny.com\/wp-content\/uploads\/2025\/07\/mercats-mockup.jpg 787w, https:\/\/azordisseny.com\/wp-content\/uploads\/2025\/07\/mercats-mockup-300x300.jpg 300w, https:\/\/azordisseny.com\/wp-content\/uploads\/2025\/07\/mercats-mockup-150x150.jpg 150w\" sizes=\"auto, (max-width: 787px) 100vw, 787px\" \/><\/a><\/div><\/div><h3 class=\"w-post-elm post_title usg_post_title_1 has_text_color entry-title color_link_inherit\"><a href=\"https:\/\/azordisseny.com\/es\/portfolio\/programa-de-bolsillo\/\">Programa de bolsillo<\/a><\/h3>\t\t<\/div>\r\n\t<\/article>\r\n\t<article class=\"w-grid-item size_1x1 post-2295 us_portfolio type-us_portfolio status-publish has-post-thumbnail hentry us_portfolio_category-branding-e-imagen-corporativa us_portfolio_category-grafica-publicitaria-y-comunicacion us_portfolio_tag-destacado-en-portada\" data-id=\"2295\">\r\n\t\t<div class=\"w-grid-item-h\">\r\n\t\t\t\t\t\t\t<a href=\"https:\/\/azordisseny.com\/es\/portfolio\/catalogo-corporativo-y-de-servicios\/\" class=\"w-grid-item-anchor\" aria-label=\"Cat\u00e1logo corporativo y de servicios\"><\/a>\r\n\t\t\t\t\t\t<div class=\"w-vwrapper usg_vwrapper_1 align_center valign_middle\" style=\"--vwrapper-gap:0rem\"><div class=\"w-post-elm post_image usg_post_image_1 has_ratio\"><div style=\"padding-bottom:100%\"><\/div><a href=\"https:\/\/azordisseny.com\/es\/portfolio\/catalogo-corporativo-y-de-servicios\/\" aria-label=\"Cat\u00e1logo corporativo y de servicios\"><img loading=\"lazy\" decoding=\"async\" width=\"1024\" height=\"1024\" src=\"https:\/\/azordisseny.com\/wp-content\/uploads\/2025\/02\/cataleg-BiT-2025-web--1024x1024.jpg\" class=\"attachment-large size-large wp-post-image\" alt=\"\" srcset=\"https:\/\/azordisseny.com\/wp-content\/uploads\/2025\/02\/cataleg-BiT-2025-web--1024x1024.jpg 1024w, https:\/\/azordisseny.com\/wp-content\/uploads\/2025\/02\/cataleg-BiT-2025-web--300x300.jpg 300w, https:\/\/azordisseny.com\/wp-content\/uploads\/2025\/02\/cataleg-BiT-2025-web--150x150.jpg 150w, https:\/\/azordisseny.com\/wp-content\/uploads\/2025\/02\/cataleg-BiT-2025-web-.jpg 2000w\" sizes=\"auto, (max-width: 1024px) 100vw, 1024px\" \/><\/a><\/div><\/div><h3 class=\"w-post-elm post_title usg_post_title_1 has_text_color entry-title color_link_inherit\"><a href=\"https:\/\/azordisseny.com\/es\/portfolio\/catalogo-corporativo-y-de-servicios\/\">Cat\u00e1logo corporativo y de servicios<\/a><\/h3>\t\t<\/div>\r\n\t<\/article>\r\n\t<article class=\"w-grid-item size_1x1 post-2293 us_portfolio type-us_portfolio status-publish has-post-thumbnail hentry us_portfolio_category-grafica-publicitaria-y-comunicacion us_portfolio_tag-destacado-en-portada\" data-id=\"2293\">\r\n\t\t<div class=\"w-grid-item-h\">\r\n\t\t\t\t\t\t\t<a href=\"https:\/\/azordisseny.com\/es\/portfolio\/calendario-de-pared\/\" class=\"w-grid-item-anchor\" aria-label=\"Calendario de pared\"><\/a>\r\n\t\t\t\t\t\t<div class=\"w-vwrapper usg_vwrapper_1 align_center valign_middle\" style=\"--vwrapper-gap:0rem\"><div class=\"w-post-elm post_image usg_post_image_1 has_ratio\"><div style=\"padding-bottom:100%\"><\/div><a href=\"https:\/\/azordisseny.com\/es\/portfolio\/calendario-de-pared\/\" aria-label=\"Calendario de pared\"><img loading=\"lazy\" decoding=\"async\" width=\"1024\" height=\"1024\" src=\"https:\/\/azordisseny.com\/wp-content\/uploads\/2025\/02\/web-calendari-avinyonet--1024x1024.jpg\" class=\"attachment-large size-large wp-post-image\" alt=\"\" srcset=\"https:\/\/azordisseny.com\/wp-content\/uploads\/2025\/02\/web-calendari-avinyonet--1024x1024.jpg 1024w, https:\/\/azordisseny.com\/wp-content\/uploads\/2025\/02\/web-calendari-avinyonet--300x300.jpg 300w, https:\/\/azordisseny.com\/wp-content\/uploads\/2025\/02\/web-calendari-avinyonet--150x150.jpg 150w, https:\/\/azordisseny.com\/wp-content\/uploads\/2025\/02\/web-calendari-avinyonet-.jpg 1500w\" sizes=\"auto, (max-width: 1024px) 100vw, 1024px\" \/><\/a><\/div><\/div><h3 class=\"w-post-elm post_title usg_post_title_1 has_text_color entry-title color_link_inherit\"><a href=\"https:\/\/azordisseny.com\/es\/portfolio\/calendario-de-pared\/\">Calendario de pared<\/a><\/h3>\t\t<\/div>\r\n\t<\/article>\r\n\t<article class=\"w-grid-item size_1x1 post-2266 us_portfolio type-us_portfolio status-publish has-post-thumbnail hentry us_portfolio_category-grafica-publicitaria-y-comunicacion us_portfolio_tag-destacado-en-portada\" data-id=\"2266\">\r\n\t\t<div class=\"w-grid-item-h\">\r\n\t\t\t\t\t\t\t<a href=\"https:\/\/azordisseny.com\/es\/portfolio\/grafica-publicitaria-para-clinica-odontologica-integral-gijon\/\" class=\"w-grid-item-anchor\" aria-label=\"Gr\u00e1fica publicitaria para Cl\u00ednica Odontol\u00f3gica Integral &#8211; Gij\u00f3n\"><\/a>\r\n\t\t\t\t\t\t<div class=\"w-vwrapper usg_vwrapper_1 align_center valign_middle\" style=\"--vwrapper-gap:0rem\"><div class=\"w-post-elm post_image usg_post_image_1 has_ratio\"><div style=\"padding-bottom:100%\"><\/div><a href=\"https:\/\/azordisseny.com\/es\/portfolio\/grafica-publicitaria-para-clinica-odontologica-integral-gijon\/\" aria-label=\"Gr\u00e1fica publicitaria para Cl\u00ednica Odontol\u00f3gica Integral &#8211; Gij\u00f3n\"><img loading=\"lazy\" decoding=\"async\" width=\"1024\" height=\"1024\" src=\"https:\/\/azordisseny.com\/wp-content\/uploads\/2025\/02\/web-coi-clinica-odontologica-gijon--1024x1024.jpg\" class=\"attachment-large size-large wp-post-image\" alt=\"\" srcset=\"https:\/\/azordisseny.com\/wp-content\/uploads\/2025\/02\/web-coi-clinica-odontologica-gijon--1024x1024.jpg 1024w, https:\/\/azordisseny.com\/wp-content\/uploads\/2025\/02\/web-coi-clinica-odontologica-gijon--300x300.jpg 300w, https:\/\/azordisseny.com\/wp-content\/uploads\/2025\/02\/web-coi-clinica-odontologica-gijon--150x150.jpg 150w, https:\/\/azordisseny.com\/wp-content\/uploads\/2025\/02\/web-coi-clinica-odontologica-gijon-.jpg 1200w\" sizes=\"auto, (max-width: 1024px) 100vw, 1024px\" \/><\/a><\/div><\/div><h3 class=\"w-post-elm post_title usg_post_title_1 has_text_color entry-title color_link_inherit\"><a href=\"https:\/\/azordisseny.com\/es\/portfolio\/grafica-publicitaria-para-clinica-odontologica-integral-gijon\/\">Gr\u00e1fica publicitaria para Cl\u00ednica Odontol\u00f3gica Integral &#8211; Gij\u00f3n<\/a><\/h3>\t\t<\/div>\r\n\t<\/article>\r\n\t<article class=\"w-grid-item size_1x1 post-2226 us_portfolio type-us_portfolio status-publish has-post-thumbnail hentry us_portfolio_category-branding-e-imagen-corporativa us_portfolio_category-editorial-es us_portfolio_category-grafica-publicitaria-y-comunicacion us_portfolio_tag-destacado-en-portada\" data-id=\"2226\">\r\n\t\t<div class=\"w-grid-item-h\">\r\n\t\t\t\t\t\t\t<a href=\"https:\/\/azordisseny.com\/es\/portfolio\/catalogo-corporativo-y-de-productos-para-cava\/\" class=\"w-grid-item-anchor\" aria-label=\"Cat\u00e1logo corporativo y de productos para cava\"><\/a>\r\n\t\t\t\t\t\t<div class=\"w-vwrapper usg_vwrapper_1 align_center valign_middle\" style=\"--vwrapper-gap:0rem\"><div class=\"w-post-elm post_image usg_post_image_1 has_ratio\"><div style=\"padding-bottom:100%\"><\/div><a href=\"https:\/\/azordisseny.com\/es\/portfolio\/catalogo-corporativo-y-de-productos-para-cava\/\" aria-label=\"Cat\u00e1logo corporativo y de productos para cava\"><img loading=\"lazy\" decoding=\"async\" width=\"1024\" height=\"1024\" src=\"https:\/\/azordisseny.com\/wp-content\/uploads\/2024\/08\/cataleg-cava-jaume-giro-i-giro-1024x1024.jpg\" class=\"attachment-large size-large wp-post-image\" alt=\"\" srcset=\"https:\/\/azordisseny.com\/wp-content\/uploads\/2024\/08\/cataleg-cava-jaume-giro-i-giro-1024x1024.jpg 1024w, https:\/\/azordisseny.com\/wp-content\/uploads\/2024\/08\/cataleg-cava-jaume-giro-i-giro-300x300.jpg 300w, https:\/\/azordisseny.com\/wp-content\/uploads\/2024\/08\/cataleg-cava-jaume-giro-i-giro-150x150.jpg 150w\" sizes=\"auto, (max-width: 1024px) 100vw, 1024px\" \/><\/a><\/div><\/div><h3 class=\"w-post-elm post_title usg_post_title_1 has_text_color entry-title color_link_inherit\"><a href=\"https:\/\/azordisseny.com\/es\/portfolio\/catalogo-corporativo-y-de-productos-para-cava\/\">Cat\u00e1logo corporativo y de productos para cava<\/a><\/h3>\t\t<\/div>\r\n\t<\/article>\r\n\t<article class=\"w-grid-item size_1x1 post-2220 us_portfolio type-us_portfolio status-publish has-post-thumbnail hentry us_portfolio_category-editorial-es us_portfolio_category-grafica-publicitaria-y-comunicacion us_portfolio_tag-destacado-en-portada\" data-id=\"2220\">\r\n\t\t<div class=\"w-grid-item-h\">\r\n\t\t\t\t\t\t\t<a href=\"https:\/\/azordisseny.com\/es\/portfolio\/programa-de-actos-para-fiesta-mayor\/\" class=\"w-grid-item-anchor\" aria-label=\"Programa de actos para Fiesta Mayor\"><\/a>\r\n\t\t\t\t\t\t<div class=\"w-vwrapper usg_vwrapper_1 align_center valign_middle\" style=\"--vwrapper-gap:0rem\"><div class=\"w-post-elm post_image usg_post_image_1 has_ratio\"><div style=\"padding-bottom:100%\"><\/div><a href=\"https:\/\/azordisseny.com\/es\/portfolio\/programa-de-actos-para-fiesta-mayor\/\" aria-label=\"Programa de actos para Fiesta Mayor\"><img loading=\"lazy\" decoding=\"async\" width=\"1024\" height=\"1024\" src=\"https:\/\/azordisseny.com\/wp-content\/uploads\/2024\/08\/fm-bellvei-2024-fons-gris-1024x1024.jpg\" class=\"attachment-large size-large wp-post-image\" alt=\"\" srcset=\"https:\/\/azordisseny.com\/wp-content\/uploads\/2024\/08\/fm-bellvei-2024-fons-gris-1024x1024.jpg 1024w, https:\/\/azordisseny.com\/wp-content\/uploads\/2024\/08\/fm-bellvei-2024-fons-gris-300x300.jpg 300w, https:\/\/azordisseny.com\/wp-content\/uploads\/2024\/08\/fm-bellvei-2024-fons-gris-150x150.jpg 150w, https:\/\/azordisseny.com\/wp-content\/uploads\/2024\/08\/fm-bellvei-2024-fons-gris.jpg 1575w\" sizes=\"auto, (max-width: 1024px) 100vw, 1024px\" \/><\/a><\/div><\/div><h3 class=\"w-post-elm post_title usg_post_title_1 has_text_color entry-title color_link_inherit\"><a href=\"https:\/\/azordisseny.com\/es\/portfolio\/programa-de-actos-para-fiesta-mayor\/\">Programa de actos para Fiesta Mayor<\/a><\/h3>\t\t<\/div>\r\n\t<\/article>\r\n\t<article class=\"w-grid-item size_1x1 post-2214 us_portfolio type-us_portfolio status-publish has-post-thumbnail hentry us_portfolio_category-grafica-publicitaria-y-comunicacion\" data-id=\"2214\">\r\n\t\t<div class=\"w-grid-item-h\">\r\n\t\t\t\t\t\t\t<a href=\"https:\/\/azordisseny.com\/es\/portfolio\/comunicacion-grafica-para-pantalla-led\/\" class=\"w-grid-item-anchor\" aria-label=\"Comunicaci\u00f3n gr\u00e1fica para pantalla LED\"><\/a>\r\n\t\t\t\t\t\t<div class=\"w-vwrapper usg_vwrapper_1 align_center valign_middle\" style=\"--vwrapper-gap:0rem\"><div class=\"w-post-elm post_image usg_post_image_1 has_ratio\"><div style=\"padding-bottom:100%\"><\/div><a href=\"https:\/\/azordisseny.com\/es\/portfolio\/comunicacion-grafica-para-pantalla-led\/\" aria-label=\"Comunicaci\u00f3n gr\u00e1fica para pantalla LED\"><img loading=\"lazy\" decoding=\"async\" width=\"1024\" height=\"1024\" src=\"https:\/\/azordisseny.com\/wp-content\/uploads\/2024\/08\/pantalla-led-serra-immobiliaria-web-1024x1024.jpg\" class=\"attachment-large size-large wp-post-image\" alt=\"\" srcset=\"https:\/\/azordisseny.com\/wp-content\/uploads\/2024\/08\/pantalla-led-serra-immobiliaria-web-1024x1024.jpg 1024w, https:\/\/azordisseny.com\/wp-content\/uploads\/2024\/08\/pantalla-led-serra-immobiliaria-web-300x300.jpg 300w, https:\/\/azordisseny.com\/wp-content\/uploads\/2024\/08\/pantalla-led-serra-immobiliaria-web-150x150.jpg 150w, https:\/\/azordisseny.com\/wp-content\/uploads\/2024\/08\/pantalla-led-serra-immobiliaria-web.jpg 1181w\" sizes=\"auto, (max-width: 1024px) 100vw, 1024px\" \/><\/a><\/div><\/div><h3 class=\"w-post-elm post_title usg_post_title_1 has_text_color entry-title color_link_inherit\"><a href=\"https:\/\/azordisseny.com\/es\/portfolio\/comunicacion-grafica-para-pantalla-led\/\">Comunicaci\u00f3n gr\u00e1fica para pantalla LED<\/a><\/h3>\t\t<\/div>\r\n\t<\/article>\r\n\t<article class=\"w-grid-item size_1x1 post-2208 us_portfolio type-us_portfolio status-publish has-post-thumbnail hentry us_portfolio_category-grafica-publicitaria-y-comunicacion us_portfolio_tag-destacado-en-portada\" data-id=\"2208\">\r\n\t\t<div class=\"w-grid-item-h\">\r\n\t\t\t\t\t\t\t<a href=\"https:\/\/azordisseny.com\/es\/portfolio\/campana-comunicacion-digital-para-la-venta-y-alquiler-de-inmuebles\/\" class=\"w-grid-item-anchor\" aria-label=\"Campa\u00f1a comunicaci\u00f3n digital para la venta y alquiler de inmuebles\"><\/a>\r\n\t\t\t\t\t\t<div class=\"w-vwrapper usg_vwrapper_1 align_center valign_middle\" style=\"--vwrapper-gap:0rem\"><div class=\"w-post-elm post_image usg_post_image_1 has_ratio\"><div style=\"padding-bottom:100%\"><\/div><a href=\"https:\/\/azordisseny.com\/es\/portfolio\/campana-comunicacion-digital-para-la-venta-y-alquiler-de-inmuebles\/\" aria-label=\"Campa\u00f1a comunicaci\u00f3n digital para la venta y alquiler de inmuebles\"><img loading=\"lazy\" decoding=\"async\" width=\"1024\" height=\"1024\" src=\"https:\/\/azordisseny.com\/wp-content\/uploads\/2024\/08\/campanya-digital-MMGestions-w-1024x1024.jpg\" class=\"attachment-large size-large wp-post-image\" alt=\"\" srcset=\"https:\/\/azordisseny.com\/wp-content\/uploads\/2024\/08\/campanya-digital-MMGestions-w-1024x1024.jpg 1024w, https:\/\/azordisseny.com\/wp-content\/uploads\/2024\/08\/campanya-digital-MMGestions-w-300x300.jpg 300w, https:\/\/azordisseny.com\/wp-content\/uploads\/2024\/08\/campanya-digital-MMGestions-w-150x150.jpg 150w, https:\/\/azordisseny.com\/wp-content\/uploads\/2024\/08\/campanya-digital-MMGestions-w.jpg 1181w\" sizes=\"auto, (max-width: 1024px) 100vw, 1024px\" \/><\/a><\/div><\/div><h3 class=\"w-post-elm post_title usg_post_title_1 has_text_color entry-title color_link_inherit\"><a href=\"https:\/\/azordisseny.com\/es\/portfolio\/campana-comunicacion-digital-para-la-venta-y-alquiler-de-inmuebles\/\">Campa\u00f1a comunicaci\u00f3n digital para la venta y alquiler de inmuebles<\/a><\/h3>\t\t<\/div>\r\n\t<\/article>\r\n\t<article class=\"w-grid-item size_1x1 post-2202 us_portfolio type-us_portfolio status-publish has-post-thumbnail hentry us_portfolio_category-grafica-publicitaria-y-comunicacion us_portfolio_tag-destacado-en-portada\" data-id=\"2202\">\r\n\t\t<div class=\"w-grid-item-h\">\r\n\t\t\t\t\t\t\t<a href=\"https:\/\/azordisseny.com\/es\/portfolio\/flyer-para-las-jornadas-halemos-de-castillos-humanos\/\" class=\"w-grid-item-anchor\" aria-label=\"Flyer para las jornadas \u00abHalemos de castillos humanos\u00bb\"><\/a>\r\n\t\t\t\t\t\t<div class=\"w-vwrapper usg_vwrapper_1 align_center valign_middle\" style=\"--vwrapper-gap:0rem\"><div class=\"w-post-elm post_image usg_post_image_1 has_ratio\"><div style=\"padding-bottom:100%\"><\/div><a href=\"https:\/\/azordisseny.com\/es\/portfolio\/flyer-para-las-jornadas-halemos-de-castillos-humanos\/\" aria-label=\"Flyer para las jornadas \u00abHalemos de castillos humanos\u00bb\"><img loading=\"lazy\" decoding=\"async\" width=\"1024\" height=\"1024\" src=\"https:\/\/azordisseny.com\/wp-content\/uploads\/2024\/08\/flyer-xerrem-de-castells-w-1024x1024.jpg\" class=\"attachment-large size-large wp-post-image\" alt=\"\" srcset=\"https:\/\/azordisseny.com\/wp-content\/uploads\/2024\/08\/flyer-xerrem-de-castells-w-1024x1024.jpg 1024w, https:\/\/azordisseny.com\/wp-content\/uploads\/2024\/08\/flyer-xerrem-de-castells-w-300x300.jpg 300w, https:\/\/azordisseny.com\/wp-content\/uploads\/2024\/08\/flyer-xerrem-de-castells-w-150x150.jpg 150w, https:\/\/azordisseny.com\/wp-content\/uploads\/2024\/08\/flyer-xerrem-de-castells-w.jpg 1181w\" sizes=\"auto, (max-width: 1024px) 100vw, 1024px\" \/><\/a><\/div><\/div><h3 class=\"w-post-elm post_title usg_post_title_1 has_text_color entry-title color_link_inherit\"><a href=\"https:\/\/azordisseny.com\/es\/portfolio\/flyer-para-las-jornadas-halemos-de-castillos-humanos\/\">Flyer para las jornadas \u00abHalemos de castillos humanos\u00bb<\/a><\/h3>\t\t<\/div>\r\n\t<\/article>\r\n\t<article class=\"w-grid-item size_1x1 post-2190 us_portfolio type-us_portfolio status-publish has-post-thumbnail hentry us_portfolio_category-grafica-publicitaria-y-comunicacion us_portfolio_category-ilustracion us_portfolio_tag-destacado-en-portada\" data-id=\"2190\">\r\n\t\t<div class=\"w-grid-item-h\">\r\n\t\t\t\t\t\t\t<a href=\"https:\/\/azordisseny.com\/es\/portfolio\/diseno-de-ilustracion-para-camiseta-para-caminatas\/\" class=\"w-grid-item-anchor\" aria-label=\"Dise\u00f1o de ilustraci\u00f3n para camiseta para caminatas\"><\/a>\r\n\t\t\t\t\t\t<div class=\"w-vwrapper usg_vwrapper_1 align_center valign_middle\" style=\"--vwrapper-gap:0rem\"><div class=\"w-post-elm post_image usg_post_image_1 has_ratio\"><div style=\"padding-bottom:100%\"><\/div><a href=\"https:\/\/azordisseny.com\/es\/portfolio\/diseno-de-ilustracion-para-camiseta-para-caminatas\/\" aria-label=\"Dise\u00f1o de ilustraci\u00f3n para camiseta para caminatas\"><img loading=\"lazy\" decoding=\"async\" width=\"1024\" height=\"1024\" src=\"https:\/\/azordisseny.com\/wp-content\/uploads\/2024\/07\/samarreta-i-love-constanti-2024-w-1024x1024.jpg\" class=\"attachment-large size-large wp-post-image\" alt=\"\" srcset=\"https:\/\/azordisseny.com\/wp-content\/uploads\/2024\/07\/samarreta-i-love-constanti-2024-w-1024x1024.jpg 1024w, https:\/\/azordisseny.com\/wp-content\/uploads\/2024\/07\/samarreta-i-love-constanti-2024-w-300x300.jpg 300w, https:\/\/azordisseny.com\/wp-content\/uploads\/2024\/07\/samarreta-i-love-constanti-2024-w-150x150.jpg 150w, https:\/\/azordisseny.com\/wp-content\/uploads\/2024\/07\/samarreta-i-love-constanti-2024-w.jpg 1476w\" sizes=\"auto, (max-width: 1024px) 100vw, 1024px\" \/><\/a><\/div><\/div><h3 class=\"w-post-elm post_title usg_post_title_1 has_text_color entry-title color_link_inherit\"><a href=\"https:\/\/azordisseny.com\/es\/portfolio\/diseno-de-ilustracion-para-camiseta-para-caminatas\/\">Dise\u00f1o de ilustraci\u00f3n para camiseta para caminatas<\/a><\/h3>\t\t<\/div>\r\n\t<\/article>\r\n\t<article class=\"w-grid-item size_1x1 post-2183 us_portfolio type-us_portfolio status-publish has-post-thumbnail hentry us_portfolio_category-grafica-publicitaria-y-comunicacion us_portfolio_category-ilustracion us_portfolio_tag-destacado-en-portada\" data-id=\"2183\">\r\n\t\t<div class=\"w-grid-item-h\">\r\n\t\t\t\t\t\t\t<a href=\"https:\/\/azordisseny.com\/es\/portfolio\/diseno-de-ilustracion-para-camiseta-de-fiesta-mayor\/\" class=\"w-grid-item-anchor\" aria-label=\"Dise\u00f1o de ilustraci\u00f3n para camiseta de Fiesta Mayor\"><\/a>\r\n\t\t\t\t\t\t<div class=\"w-vwrapper usg_vwrapper_1 align_center valign_middle\" style=\"--vwrapper-gap:0rem\"><div class=\"w-post-elm post_image usg_post_image_1 has_ratio\"><div style=\"padding-bottom:100%\"><\/div><a href=\"https:\/\/azordisseny.com\/es\/portfolio\/diseno-de-ilustracion-para-camiseta-de-fiesta-mayor\/\" aria-label=\"Dise\u00f1o de ilustraci\u00f3n para camiseta de Fiesta Mayor\"><img loading=\"lazy\" decoding=\"async\" width=\"984\" height=\"984\" src=\"https:\/\/azordisseny.com\/wp-content\/uploads\/2024\/07\/samarreta-festa-major-constanti-2024-w.jpg\" class=\"attachment-large size-large wp-post-image\" alt=\"\" srcset=\"https:\/\/azordisseny.com\/wp-content\/uploads\/2024\/07\/samarreta-festa-major-constanti-2024-w.jpg 984w, https:\/\/azordisseny.com\/wp-content\/uploads\/2024\/07\/samarreta-festa-major-constanti-2024-w-300x300.jpg 300w, https:\/\/azordisseny.com\/wp-content\/uploads\/2024\/07\/samarreta-festa-major-constanti-2024-w-150x150.jpg 150w\" sizes=\"auto, (max-width: 984px) 100vw, 984px\" \/><\/a><\/div><\/div><h3 class=\"w-post-elm post_title usg_post_title_1 has_text_color entry-title color_link_inherit\"><a href=\"https:\/\/azordisseny.com\/es\/portfolio\/diseno-de-ilustracion-para-camiseta-de-fiesta-mayor\/\">Dise\u00f1o de ilustraci\u00f3n para camiseta de Fiesta Mayor<\/a><\/h3>\t\t<\/div>\r\n\t<\/article>\r\n\t<article class=\"w-grid-item size_1x1 post-1988 us_portfolio type-us_portfolio status-publish has-post-thumbnail hentry us_portfolio_category-grafica-publicitaria-y-comunicacion us_portfolio_tag-destacado-en-portada\" data-id=\"1988\">\r\n\t\t<div class=\"w-grid-item-h\">\r\n\t\t\t\t\t\t\t<a href=\"https:\/\/azordisseny.com\/es\/portfolio\/disseny-de-cartell-comunicatiu-per-a-cafeteria-de-canaries\/\" class=\"w-grid-item-anchor\" aria-label=\"Dise\u00f1o de cartel comunicativo para cafeter\u00eda de Canarias\"><\/a>\r\n\t\t\t\t\t\t<div class=\"w-vwrapper usg_vwrapper_1 align_center valign_middle\" style=\"--vwrapper-gap:0rem\"><div class=\"w-post-elm post_image usg_post_image_1 has_ratio\"><div style=\"padding-bottom:100%\"><\/div><a href=\"https:\/\/azordisseny.com\/es\/portfolio\/disseny-de-cartell-comunicatiu-per-a-cafeteria-de-canaries\/\" aria-label=\"Dise\u00f1o de cartel comunicativo para cafeter\u00eda de Canarias\"><img loading=\"lazy\" decoding=\"async\" width=\"1024\" height=\"1024\" src=\"https:\/\/azordisseny.com\/wp-content\/uploads\/2023\/11\/samoa-cafeteria-novell-canarias-w-1024x1024.jpg\" class=\"attachment-large size-large wp-post-image\" alt=\"\" srcset=\"https:\/\/azordisseny.com\/wp-content\/uploads\/2023\/11\/samoa-cafeteria-novell-canarias-w-1024x1024.jpg 1024w, https:\/\/azordisseny.com\/wp-content\/uploads\/2023\/11\/samoa-cafeteria-novell-canarias-w-300x300.jpg 300w, https:\/\/azordisseny.com\/wp-content\/uploads\/2023\/11\/samoa-cafeteria-novell-canarias-w-150x150.jpg 150w, https:\/\/azordisseny.com\/wp-content\/uploads\/2023\/11\/samoa-cafeteria-novell-canarias-w.jpg 1500w\" sizes=\"auto, (max-width: 1024px) 100vw, 1024px\" \/><\/a><\/div><\/div><h3 class=\"w-post-elm post_title usg_post_title_1 has_text_color entry-title color_link_inherit\"><a href=\"https:\/\/azordisseny.com\/es\/portfolio\/disseny-de-cartell-comunicatiu-per-a-cafeteria-de-canaries\/\">Dise\u00f1o de cartel comunicativo para cafeter\u00eda de Canarias<\/a><\/h3>\t\t<\/div>\r\n\t<\/article>\r\n\t<article class=\"w-grid-item size_1x1 post-1991 us_portfolio type-us_portfolio status-publish has-post-thumbnail hentry us_portfolio_category-grafica-publicitaria-y-comunicacion us_portfolio_tag-destacado-en-portada\" data-id=\"1991\">\r\n\t\t<div class=\"w-grid-item-h\">\r\n\t\t\t\t\t\t\t<a href=\"https:\/\/azordisseny.com\/es\/portfolio\/flyer-per-a-la-venda-i-lloguer-dimmobles\/\" class=\"w-grid-item-anchor\" aria-label=\"Flyer para la venta y alquiler de inmuebles\"><\/a>\r\n\t\t\t\t\t\t<div class=\"w-vwrapper usg_vwrapper_1 align_center valign_middle\" style=\"--vwrapper-gap:0rem\"><div class=\"w-post-elm post_image usg_post_image_1 has_ratio\"><div style=\"padding-bottom:100%\"><\/div><a href=\"https:\/\/azordisseny.com\/es\/portfolio\/flyer-per-a-la-venda-i-lloguer-dimmobles\/\" aria-label=\"Flyer para la venta y alquiler de inmuebles\"><img loading=\"lazy\" decoding=\"async\" width=\"1024\" height=\"1024\" src=\"https:\/\/azordisseny.com\/wp-content\/uploads\/2023\/11\/flyer-ven-o-lloga-fusiona-2-w-1024x1024.jpg\" class=\"attachment-large size-large wp-post-image\" alt=\"\" srcset=\"https:\/\/azordisseny.com\/wp-content\/uploads\/2023\/11\/flyer-ven-o-lloga-fusiona-2-w-1024x1024.jpg 1024w, https:\/\/azordisseny.com\/wp-content\/uploads\/2023\/11\/flyer-ven-o-lloga-fusiona-2-w-300x300.jpg 300w, https:\/\/azordisseny.com\/wp-content\/uploads\/2023\/11\/flyer-ven-o-lloga-fusiona-2-w-150x150.jpg 150w, https:\/\/azordisseny.com\/wp-content\/uploads\/2023\/11\/flyer-ven-o-lloga-fusiona-2-w.jpg 1063w\" sizes=\"auto, (max-width: 1024px) 100vw, 1024px\" \/><\/a><\/div><\/div><h3 class=\"w-post-elm post_title usg_post_title_1 has_text_color entry-title color_link_inherit\"><a href=\"https:\/\/azordisseny.com\/es\/portfolio\/flyer-per-a-la-venda-i-lloguer-dimmobles\/\">Flyer para la venta y alquiler de inmuebles<\/a><\/h3>\t\t<\/div>\r\n\t<\/article>\r\n\t<article class=\"w-grid-item size_1x1 post-1992 us_portfolio type-us_portfolio status-publish has-post-thumbnail hentry us_portfolio_category-grafica-publicitaria-y-comunicacion\" data-id=\"1992\">\r\n\t\t<div class=\"w-grid-item-h\">\r\n\t\t\t\t\t\t\t<a href=\"https:\/\/azordisseny.com\/es\/portfolio\/creativitat-per-a-tanca-publicitaria\/\" class=\"w-grid-item-anchor\" aria-label=\"Creatividad para valla publicitaria\"><\/a>\r\n\t\t\t\t\t\t<div class=\"w-vwrapper usg_vwrapper_1 align_center valign_middle\" style=\"--vwrapper-gap:0rem\"><div class=\"w-post-elm post_image usg_post_image_1 has_ratio\"><div style=\"padding-bottom:100%\"><\/div><a href=\"https:\/\/azordisseny.com\/es\/portfolio\/creativitat-per-a-tanca-publicitaria\/\" aria-label=\"Creatividad para valla publicitaria\"><img loading=\"lazy\" decoding=\"async\" width=\"945\" height=\"945\" src=\"https:\/\/azordisseny.com\/wp-content\/uploads\/2023\/11\/tanca-publicitaria-interclima-w.jpg\" class=\"attachment-large size-large wp-post-image\" alt=\"\" srcset=\"https:\/\/azordisseny.com\/wp-content\/uploads\/2023\/11\/tanca-publicitaria-interclima-w.jpg 945w, https:\/\/azordisseny.com\/wp-content\/uploads\/2023\/11\/tanca-publicitaria-interclima-w-300x300.jpg 300w, https:\/\/azordisseny.com\/wp-content\/uploads\/2023\/11\/tanca-publicitaria-interclima-w-150x150.jpg 150w\" sizes=\"auto, (max-width: 945px) 100vw, 945px\" \/><\/a><\/div><\/div><h3 class=\"w-post-elm post_title usg_post_title_1 has_text_color entry-title color_link_inherit\"><a href=\"https:\/\/azordisseny.com\/es\/portfolio\/creativitat-per-a-tanca-publicitaria\/\">Creatividad para valla publicitaria<\/a><\/h3>\t\t<\/div>\r\n\t<\/article>\r\n\t<article class=\"w-grid-item size_1x1 post-1999 us_portfolio type-us_portfolio status-publish has-post-thumbnail hentry us_portfolio_category-grafica-publicitaria-y-comunicacion\" data-id=\"1999\">\r\n\t\t<div class=\"w-grid-item-h\">\r\n\t\t\t\t\t\t\t<a href=\"https:\/\/azordisseny.com\/es\/portfolio\/dissey-de-triptic-de-serveis-per-a-loficina-jove\/\" class=\"w-grid-item-anchor\" aria-label=\"Dise\u00f1o de tr\u00edptico de servicios para la Oficina Joven\"><\/a>\r\n\t\t\t\t\t\t<div class=\"w-vwrapper usg_vwrapper_1 align_center valign_middle\" style=\"--vwrapper-gap:0rem\"><div class=\"w-post-elm post_image usg_post_image_1 has_ratio\"><div style=\"padding-bottom:100%\"><\/div><a href=\"https:\/\/azordisseny.com\/es\/portfolio\/dissey-de-triptic-de-serveis-per-a-loficina-jove\/\" aria-label=\"Dise\u00f1o de tr\u00edptico de servicios para la Oficina Joven\"><img loading=\"lazy\" decoding=\"async\" width=\"1024\" height=\"1024\" src=\"https:\/\/azordisseny.com\/wp-content\/uploads\/2023\/11\/mockup-triptic-A5-oficina-jove-CCAP-2-1024x1024.jpg\" class=\"attachment-large size-large wp-post-image\" alt=\"\" srcset=\"https:\/\/azordisseny.com\/wp-content\/uploads\/2023\/11\/mockup-triptic-A5-oficina-jove-CCAP-2-1024x1024.jpg 1024w, https:\/\/azordisseny.com\/wp-content\/uploads\/2023\/11\/mockup-triptic-A5-oficina-jove-CCAP-2-300x300.jpg 300w, https:\/\/azordisseny.com\/wp-content\/uploads\/2023\/11\/mockup-triptic-A5-oficina-jove-CCAP-2-150x150.jpg 150w\" sizes=\"auto, (max-width: 1024px) 100vw, 1024px\" \/><\/a><\/div><\/div><h3 class=\"w-post-elm post_title usg_post_title_1 has_text_color entry-title color_link_inherit\"><a href=\"https:\/\/azordisseny.com\/es\/portfolio\/dissey-de-triptic-de-serveis-per-a-loficina-jove\/\">Dise\u00f1o de tr\u00edptico de servicios para la Oficina Joven<\/a><\/h3>\t\t<\/div>\r\n\t<\/article>\r\n\t<article class=\"w-grid-item size_1x1 post-2000 us_portfolio type-us_portfolio status-publish has-post-thumbnail hentry us_portfolio_category-grafica-publicitaria-y-comunicacion\" data-id=\"2000\">\r\n\t\t<div class=\"w-grid-item-h\">\r\n\t\t\t\t\t\t\t<a href=\"https:\/\/azordisseny.com\/es\/portfolio\/disseny-de-senyalitzacio\/\" class=\"w-grid-item-anchor\" aria-label=\"Dise\u00f1o de se\u00f1alizaci\u00f3n\"><\/a>\r\n\t\t\t\t\t\t<div class=\"w-vwrapper usg_vwrapper_1 align_center valign_middle\" style=\"--vwrapper-gap:0rem\"><div class=\"w-post-elm post_image usg_post_image_1 has_ratio\"><div style=\"padding-bottom:100%\"><\/div><a href=\"https:\/\/azordisseny.com\/es\/portfolio\/disseny-de-senyalitzacio\/\" aria-label=\"Dise\u00f1o de se\u00f1alizaci\u00f3n\"><img loading=\"lazy\" decoding=\"async\" width=\"1024\" height=\"1024\" src=\"https:\/\/azordisseny.com\/wp-content\/uploads\/2023\/11\/senyaliltzacio-fmcastellvi-1024x1024.jpg\" class=\"attachment-large size-large wp-post-image\" alt=\"\" srcset=\"https:\/\/azordisseny.com\/wp-content\/uploads\/2023\/11\/senyaliltzacio-fmcastellvi-1024x1024.jpg 1024w, https:\/\/azordisseny.com\/wp-content\/uploads\/2023\/11\/senyaliltzacio-fmcastellvi-300x300.jpg 300w, https:\/\/azordisseny.com\/wp-content\/uploads\/2023\/11\/senyaliltzacio-fmcastellvi-150x150.jpg 150w, https:\/\/azordisseny.com\/wp-content\/uploads\/2023\/11\/senyaliltzacio-fmcastellvi.jpg 1211w\" sizes=\"auto, (max-width: 1024px) 100vw, 1024px\" \/><\/a><\/div><\/div><h3 class=\"w-post-elm post_title usg_post_title_1 has_text_color entry-title color_link_inherit\"><a href=\"https:\/\/azordisseny.com\/es\/portfolio\/disseny-de-senyalitzacio\/\">Dise\u00f1o de se\u00f1alizaci\u00f3n<\/a><\/h3>\t\t<\/div>\r\n\t<\/article>\r\n\t<article class=\"w-grid-item size_1x1 post-2005 us_portfolio type-us_portfolio status-publish has-post-thumbnail hentry us_portfolio_category-grafica-publicitaria-y-comunicacion\" data-id=\"2005\">\r\n\t\t<div class=\"w-grid-item-h\">\r\n\t\t\t\t\t\t\t<a href=\"https:\/\/azordisseny.com\/es\/portfolio\/disseny-de-cataleg-de-productes\/\" class=\"w-grid-item-anchor\" aria-label=\"Dise\u00f1o de cat\u00e1logo de productos\"><\/a>\r\n\t\t\t\t\t\t<div class=\"w-vwrapper usg_vwrapper_1 align_center valign_middle\" style=\"--vwrapper-gap:0rem\"><div class=\"w-post-elm post_image usg_post_image_1 has_ratio\"><div style=\"padding-bottom:100%\"><\/div><a href=\"https:\/\/azordisseny.com\/es\/portfolio\/disseny-de-cataleg-de-productes\/\" aria-label=\"Dise\u00f1o de cat\u00e1logo de productos\"><img loading=\"lazy\" decoding=\"async\" width=\"960\" height=\"960\" src=\"https:\/\/azordisseny.com\/wp-content\/uploads\/2020\/07\/grafica02.jpg\" class=\"attachment-large size-large wp-post-image\" alt=\"\" srcset=\"https:\/\/azordisseny.com\/wp-content\/uploads\/2020\/07\/grafica02.jpg 960w, https:\/\/azordisseny.com\/wp-content\/uploads\/2020\/07\/grafica02-300x300.jpg 300w, https:\/\/azordisseny.com\/wp-content\/uploads\/2020\/07\/grafica02-150x150.jpg 150w\" sizes=\"auto, (max-width: 960px) 100vw, 960px\" \/><\/a><\/div><\/div><h3 class=\"w-post-elm post_title usg_post_title_1 has_text_color entry-title color_link_inherit\"><a href=\"https:\/\/azordisseny.com\/es\/portfolio\/disseny-de-cataleg-de-productes\/\">Dise\u00f1o de cat\u00e1logo de productos<\/a><\/h3>\t\t<\/div>\r\n\t<\/article>\r\n\t<article class=\"w-grid-item size_1x1 post-2006 us_portfolio type-us_portfolio status-publish has-post-thumbnail hentry us_portfolio_category-grafica-publicitaria-y-comunicacion\" data-id=\"2006\">\r\n\t\t<div class=\"w-grid-item-h\">\r\n\t\t\t\t\t\t\t<a href=\"https:\/\/azordisseny.com\/es\/portfolio\/disseny-de-mupi-publicitari\/\" class=\"w-grid-item-anchor\" aria-label=\"Dise\u00f1o de mupi publicitario\"><\/a>\r\n\t\t\t\t\t\t<div class=\"w-vwrapper usg_vwrapper_1 align_center valign_middle\" style=\"--vwrapper-gap:0rem\"><div class=\"w-post-elm post_image usg_post_image_1 has_ratio\"><div style=\"padding-bottom:100%\"><\/div><a href=\"https:\/\/azordisseny.com\/es\/portfolio\/disseny-de-mupi-publicitari\/\" aria-label=\"Dise\u00f1o de mupi publicitario\"><img loading=\"lazy\" decoding=\"async\" width=\"960\" height=\"960\" src=\"https:\/\/azordisseny.com\/wp-content\/uploads\/2020\/07\/grafica03.jpg\" class=\"attachment-large size-large wp-post-image\" alt=\"\" srcset=\"https:\/\/azordisseny.com\/wp-content\/uploads\/2020\/07\/grafica03.jpg 960w, https:\/\/azordisseny.com\/wp-content\/uploads\/2020\/07\/grafica03-300x300.jpg 300w, https:\/\/azordisseny.com\/wp-content\/uploads\/2020\/07\/grafica03-150x150.jpg 150w\" sizes=\"auto, (max-width: 960px) 100vw, 960px\" \/><\/a><\/div><\/div><h3 class=\"w-post-elm post_title usg_post_title_1 has_text_color entry-title color_link_inherit\"><a href=\"https:\/\/azordisseny.com\/es\/portfolio\/disseny-de-mupi-publicitari\/\">Dise\u00f1o de mupi publicitario<\/a><\/h3>\t\t<\/div>\r\n\t<\/article>\r\n\t<article class=\"w-grid-item size_1x1 post-2007 us_portfolio type-us_portfolio status-publish has-post-thumbnail hentry us_portfolio_category-grafica-publicitaria-y-comunicacion\" data-id=\"2007\">\r\n\t\t<div class=\"w-grid-item-h\">\r\n\t\t\t\t\t\t\t<a href=\"https:\/\/azordisseny.com\/es\/portfolio\/disseny-de-campanya-de-civisme\/\" class=\"w-grid-item-anchor\" aria-label=\"Dise\u00f1o de campa\u00f1a de civismo\"><\/a>\r\n\t\t\t\t\t\t<div class=\"w-vwrapper usg_vwrapper_1 align_center valign_middle\" style=\"--vwrapper-gap:0rem\"><div class=\"w-post-elm post_image usg_post_image_1 has_ratio\"><div style=\"padding-bottom:100%\"><\/div><a href=\"https:\/\/azordisseny.com\/es\/portfolio\/disseny-de-campanya-de-civisme\/\" aria-label=\"Dise\u00f1o de campa\u00f1a de civismo\"><img loading=\"lazy\" decoding=\"async\" width=\"960\" height=\"960\" src=\"https:\/\/azordisseny.com\/wp-content\/uploads\/2020\/07\/grafica04.jpg\" class=\"attachment-large size-large wp-post-image\" alt=\"\" srcset=\"https:\/\/azordisseny.com\/wp-content\/uploads\/2020\/07\/grafica04.jpg 960w, https:\/\/azordisseny.com\/wp-content\/uploads\/2020\/07\/grafica04-300x300.jpg 300w, https:\/\/azordisseny.com\/wp-content\/uploads\/2020\/07\/grafica04-150x150.jpg 150w\" sizes=\"auto, (max-width: 960px) 100vw, 960px\" \/><\/a><\/div><\/div><h3 class=\"w-post-elm post_title usg_post_title_1 has_text_color entry-title color_link_inherit\"><a href=\"https:\/\/azordisseny.com\/es\/portfolio\/disseny-de-campanya-de-civisme\/\">Dise\u00f1o de campa\u00f1a de civismo<\/a><\/h3>\t\t<\/div>\r\n\t<\/article>\r\n\t<article class=\"w-grid-item size_1x1 post-2008 us_portfolio type-us_portfolio status-publish has-post-thumbnail hentry us_portfolio_category-grafica-publicitaria-y-comunicacion\" data-id=\"2008\">\r\n\t\t<div class=\"w-grid-item-h\">\r\n\t\t\t\t\t\t\t<a href=\"https:\/\/azordisseny.com\/es\/portfolio\/disseny-dimatge-aplicada-a-rollup-per-a-comunicacio-corporativa\/\" class=\"w-grid-item-anchor\" aria-label=\"Dise\u00f1o de imagen aplicada a rollup para comunicaci\u00f3n corporativa\"><\/a>\r\n\t\t\t\t\t\t<div class=\"w-vwrapper usg_vwrapper_1 align_center valign_middle\" style=\"--vwrapper-gap:0rem\"><div class=\"w-post-elm post_image usg_post_image_1 has_ratio\"><div style=\"padding-bottom:100%\"><\/div><a href=\"https:\/\/azordisseny.com\/es\/portfolio\/disseny-dimatge-aplicada-a-rollup-per-a-comunicacio-corporativa\/\" aria-label=\"Dise\u00f1o de imagen aplicada a rollup para comunicaci\u00f3n corporativa\"><img loading=\"lazy\" decoding=\"async\" width=\"960\" height=\"960\" src=\"https:\/\/azordisseny.com\/wp-content\/uploads\/2020\/07\/grafica06.jpg\" class=\"attachment-large size-large wp-post-image\" alt=\"\" srcset=\"https:\/\/azordisseny.com\/wp-content\/uploads\/2020\/07\/grafica06.jpg 960w, https:\/\/azordisseny.com\/wp-content\/uploads\/2020\/07\/grafica06-300x300.jpg 300w, https:\/\/azordisseny.com\/wp-content\/uploads\/2020\/07\/grafica06-150x150.jpg 150w\" sizes=\"auto, (max-width: 960px) 100vw, 960px\" \/><\/a><\/div><\/div><h3 class=\"w-post-elm post_title usg_post_title_1 has_text_color entry-title color_link_inherit\"><a href=\"https:\/\/azordisseny.com\/es\/portfolio\/disseny-dimatge-aplicada-a-rollup-per-a-comunicacio-corporativa\/\">Dise\u00f1o de imagen aplicada a rollup para comunicaci\u00f3n corporativa<\/a><\/h3>\t\t<\/div>\r\n\t<\/article>\r\n\t<article class=\"w-grid-item size_1x1 post-2009 us_portfolio type-us_portfolio status-publish has-post-thumbnail hentry us_portfolio_category-grafica-publicitaria-y-comunicacion\" data-id=\"2009\">\r\n\t\t<div class=\"w-grid-item-h\">\r\n\t\t\t\t\t\t\t<a href=\"https:\/\/azordisseny.com\/es\/portfolio\/disseny-de-fulleto-informatiu-sobre-la-gamma-ecologica-de-cafe-de-cafes-novell\/\" class=\"w-grid-item-anchor\" aria-label=\"Dise\u00f1o de folleto informativo sobre la gama ecol\u00f3gica de caf\u00e9 de Caf\u00e9s Novell\"><\/a>\r\n\t\t\t\t\t\t<div class=\"w-vwrapper usg_vwrapper_1 align_center valign_middle\" style=\"--vwrapper-gap:0rem\"><div class=\"w-post-elm post_image usg_post_image_1 has_ratio\"><div style=\"padding-bottom:100%\"><\/div><a href=\"https:\/\/azordisseny.com\/es\/portfolio\/disseny-de-fulleto-informatiu-sobre-la-gamma-ecologica-de-cafe-de-cafes-novell\/\" aria-label=\"Dise\u00f1o de folleto informativo sobre la gama ecol\u00f3gica de caf\u00e9 de Caf\u00e9s Novell\"><img loading=\"lazy\" decoding=\"async\" width=\"960\" height=\"960\" src=\"https:\/\/azordisseny.com\/wp-content\/uploads\/2020\/07\/grafica07.jpg\" class=\"attachment-large size-large wp-post-image\" alt=\"\" srcset=\"https:\/\/azordisseny.com\/wp-content\/uploads\/2020\/07\/grafica07.jpg 960w, https:\/\/azordisseny.com\/wp-content\/uploads\/2020\/07\/grafica07-300x300.jpg 300w, https:\/\/azordisseny.com\/wp-content\/uploads\/2020\/07\/grafica07-150x150.jpg 150w\" sizes=\"auto, (max-width: 960px) 100vw, 960px\" \/><\/a><\/div><\/div><h3 class=\"w-post-elm post_title usg_post_title_1 has_text_color entry-title color_link_inherit\"><a href=\"https:\/\/azordisseny.com\/es\/portfolio\/disseny-de-fulleto-informatiu-sobre-la-gamma-ecologica-de-cafe-de-cafes-novell\/\">Dise\u00f1o de folleto informativo sobre la gama ecol\u00f3gica de caf\u00e9 de Caf\u00e9s Novell<\/a><\/h3>\t\t<\/div>\r\n\t<\/article>\r\n\t<article class=\"w-grid-item size_1x1 post-2010 us_portfolio type-us_portfolio status-publish has-post-thumbnail hentry us_portfolio_category-grafica-publicitaria-y-comunicacion\" data-id=\"2010\">\r\n\t\t<div class=\"w-grid-item-h\">\r\n\t\t\t\t\t\t\t<a href=\"https:\/\/azordisseny.com\/es\/portfolio\/disseny-dimatge-i-maquetacio-de-programa-dactes\/\" class=\"w-grid-item-anchor\" aria-label=\"Dise\u00f1o de imagen y maquetaci\u00f3n de programa de actos\"><\/a>\r\n\t\t\t\t\t\t<div class=\"w-vwrapper usg_vwrapper_1 align_center valign_middle\" style=\"--vwrapper-gap:0rem\"><div class=\"w-post-elm post_image usg_post_image_1 has_ratio\"><div style=\"padding-bottom:100%\"><\/div><a href=\"https:\/\/azordisseny.com\/es\/portfolio\/disseny-dimatge-i-maquetacio-de-programa-dactes\/\" aria-label=\"Dise\u00f1o de imagen y maquetaci\u00f3n de programa de actos\"><img loading=\"lazy\" decoding=\"async\" width=\"768\" height=\"768\" src=\"https:\/\/azordisseny.com\/wp-content\/uploads\/2023\/11\/12-programa-mostra-artistica.png\" class=\"attachment-large size-large wp-post-image\" alt=\"\" srcset=\"https:\/\/azordisseny.com\/wp-content\/uploads\/2023\/11\/12-programa-mostra-artistica.png 768w, https:\/\/azordisseny.com\/wp-content\/uploads\/2023\/11\/12-programa-mostra-artistica-300x300.png 300w, https:\/\/azordisseny.com\/wp-content\/uploads\/2023\/11\/12-programa-mostra-artistica-150x150.png 150w\" sizes=\"auto, (max-width: 768px) 100vw, 768px\" \/><\/a><\/div><\/div><h3 class=\"w-post-elm post_title usg_post_title_1 has_text_color entry-title color_link_inherit\"><a href=\"https:\/\/azordisseny.com\/es\/portfolio\/disseny-dimatge-i-maquetacio-de-programa-dactes\/\">Dise\u00f1o de imagen y maquetaci\u00f3n de programa de actos<\/a><\/h3>\t\t<\/div>\r\n\t<\/article>\r\n\t<article class=\"w-grid-item size_1x1 post-2012 us_portfolio type-us_portfolio status-publish has-post-thumbnail hentry us_portfolio_category-grafica-publicitaria-y-comunicacion\" data-id=\"2012\">\r\n\t\t<div class=\"w-grid-item-h\">\r\n\t\t\t\t\t\t\t<a href=\"https:\/\/azordisseny.com\/es\/portfolio\/disseny-de-la-grafica-comunicativa-per-a-fira-professional\/\" class=\"w-grid-item-anchor\" aria-label=\"Dise\u00f1o de la gr\u00e1fica comunicativa para feria profesional\"><\/a>\r\n\t\t\t\t\t\t<div class=\"w-vwrapper usg_vwrapper_1 align_center valign_middle\" style=\"--vwrapper-gap:0rem\"><div class=\"w-post-elm post_image usg_post_image_1 has_ratio\"><div style=\"padding-bottom:100%\"><\/div><a href=\"https:\/\/azordisseny.com\/es\/portfolio\/disseny-de-la-grafica-comunicativa-per-a-fira-professional\/\" aria-label=\"Dise\u00f1o de la gr\u00e1fica comunicativa para feria profesional\"><img loading=\"lazy\" decoding=\"async\" width=\"960\" height=\"960\" src=\"https:\/\/azordisseny.com\/wp-content\/uploads\/2020\/07\/grafica19.jpg\" class=\"attachment-large size-large wp-post-image\" alt=\"\" srcset=\"https:\/\/azordisseny.com\/wp-content\/uploads\/2020\/07\/grafica19.jpg 960w, https:\/\/azordisseny.com\/wp-content\/uploads\/2020\/07\/grafica19-300x300.jpg 300w, https:\/\/azordisseny.com\/wp-content\/uploads\/2020\/07\/grafica19-150x150.jpg 150w\" sizes=\"auto, (max-width: 960px) 100vw, 960px\" \/><\/a><\/div><\/div><h3 class=\"w-post-elm post_title usg_post_title_1 has_text_color entry-title color_link_inherit\"><a href=\"https:\/\/azordisseny.com\/es\/portfolio\/disseny-de-la-grafica-comunicativa-per-a-fira-professional\/\">Dise\u00f1o de la gr\u00e1fica comunicativa para feria profesional<\/a><\/h3>\t\t<\/div>\r\n\t<\/article>\r\n\t<article class=\"w-grid-item size_1x1 post-2013 us_portfolio type-us_portfolio status-publish has-post-thumbnail hentry us_portfolio_category-grafica-publicitaria-y-comunicacion\" data-id=\"2013\">\r\n\t\t<div class=\"w-grid-item-h\">\r\n\t\t\t\t\t\t\t<a href=\"https:\/\/azordisseny.com\/es\/portfolio\/comunicacio-dstand-per-a-fira-professional\/\" class=\"w-grid-item-anchor\" aria-label=\"Creaci\u00f3n de la comunicaci\u00f3n de estand para feria profesional\"><\/a>\r\n\t\t\t\t\t\t<div class=\"w-vwrapper usg_vwrapper_1 align_center valign_middle\" style=\"--vwrapper-gap:0rem\"><div class=\"w-post-elm post_image usg_post_image_1 has_ratio\"><div style=\"padding-bottom:100%\"><\/div><a href=\"https:\/\/azordisseny.com\/es\/portfolio\/comunicacio-dstand-per-a-fira-professional\/\" aria-label=\"Creaci\u00f3n de la comunicaci\u00f3n de estand para feria profesional\"><img loading=\"lazy\" decoding=\"async\" width=\"960\" height=\"960\" src=\"https:\/\/azordisseny.com\/wp-content\/uploads\/2020\/07\/grafica16-1.jpg\" class=\"attachment-large size-large wp-post-image\" alt=\"\" srcset=\"https:\/\/azordisseny.com\/wp-content\/uploads\/2020\/07\/grafica16-1.jpg 960w, https:\/\/azordisseny.com\/wp-content\/uploads\/2020\/07\/grafica16-1-300x300.jpg 300w, https:\/\/azordisseny.com\/wp-content\/uploads\/2020\/07\/grafica16-1-150x150.jpg 150w\" sizes=\"auto, (max-width: 960px) 100vw, 960px\" \/><\/a><\/div><\/div><h3 class=\"w-post-elm post_title usg_post_title_1 has_text_color entry-title color_link_inherit\"><a href=\"https:\/\/azordisseny.com\/es\/portfolio\/comunicacio-dstand-per-a-fira-professional\/\">Creaci\u00f3n de la comunicaci\u00f3n de estand para feria profesional<\/a><\/h3>\t\t<\/div>\r\n\t<\/article>\r\n\t<article class=\"w-grid-item size_1x1 post-2014 us_portfolio type-us_portfolio status-publish has-post-thumbnail hentry us_portfolio_category-grafica-publicitaria-y-comunicacion\" data-id=\"2014\">\r\n\t\t<div class=\"w-grid-item-h\">\r\n\t\t\t\t\t\t\t<a href=\"https:\/\/azordisseny.com\/es\/portfolio\/disseny-de-cartell-en-contra-de-la-violencia-de-genere\/\" class=\"w-grid-item-anchor\" aria-label=\"Dise\u00f1o de cartel en contra de la violencia de g\u00e9nero\"><\/a>\r\n\t\t\t\t\t\t<div class=\"w-vwrapper usg_vwrapper_1 align_center valign_middle\" style=\"--vwrapper-gap:0rem\"><div class=\"w-post-elm post_image usg_post_image_1 has_ratio\"><div style=\"padding-bottom:100%\"><\/div><a href=\"https:\/\/azordisseny.com\/es\/portfolio\/disseny-de-cartell-en-contra-de-la-violencia-de-genere\/\" aria-label=\"Dise\u00f1o de cartel en contra de la violencia de g\u00e9nero\"><img loading=\"lazy\" decoding=\"async\" width=\"1024\" height=\"1024\" src=\"https:\/\/azordisseny.com\/wp-content\/uploads\/2021\/02\/25n-cosntanti2020-1-scaled-1-1024x1024.jpg\" class=\"attachment-large size-large wp-post-image\" alt=\"\" srcset=\"https:\/\/azordisseny.com\/wp-content\/uploads\/2021\/02\/25n-cosntanti2020-1-scaled-1-1024x1024.jpg 1024w, https:\/\/azordisseny.com\/wp-content\/uploads\/2021\/02\/25n-cosntanti2020-1-scaled-1-300x300.jpg 300w, https:\/\/azordisseny.com\/wp-content\/uploads\/2021\/02\/25n-cosntanti2020-1-scaled-1-150x150.jpg 150w\" sizes=\"auto, (max-width: 1024px) 100vw, 1024px\" \/><\/a><\/div><\/div><h3 class=\"w-post-elm post_title usg_post_title_1 has_text_color entry-title color_link_inherit\"><a href=\"https:\/\/azordisseny.com\/es\/portfolio\/disseny-de-cartell-en-contra-de-la-violencia-de-genere\/\">Dise\u00f1o de cartel en contra de la violencia de g\u00e9nero<\/a><\/h3>\t\t<\/div>\r\n\t<\/article>\r\n<\/div><div class=\"w-grid-preloader\">\t<div class=\"g-preloader type_1\">\r\n\t\t<div><\/div>\r\n\t<\/div>\r\n\t<\/div>\t<div class=\"w-grid-json hidden\" onclick='return {&quot;action&quot;:&quot;us_ajax_grid&quot;,&quot;ajax_url&quot;:&quot;https:\\\/\\\/azordisseny.com\\\/wp-admin\\\/admin-ajax.php&quot;,&quot;infinite_scroll&quot;:0,&quot;max_num_pages&quot;:2,&quot;pagination&quot;:&quot;none&quot;,&quot;template_vars&quot;:{&quot;columns&quot;:&quot;3&quot;,&quot;exclude_items&quot;:&quot;none&quot;,&quot;img_size&quot;:&quot;large&quot;,&quot;ignore_items_size&quot;:0,&quot;items_layout&quot;:&quot;1338&quot;,&quot;items_offset&quot;:&quot;1&quot;,&quot;load_animation&quot;:&quot;none&quot;,&quot;overriding_link&quot;:&quot;%7B%22type%22%3A%22post%22%7D&quot;,&quot;post_id&quot;:0,&quot;query_args&quot;:{&quot;post_type&quot;:[&quot;us_portfolio&quot;],&quot;tax_query&quot;:[{&quot;taxonomy&quot;:&quot;us_portfolio_category&quot;,&quot;field&quot;:&quot;slug&quot;,&quot;terms&quot;:[&quot;grafica-publicitaria-i-comunicacio&quot;]}],&quot;post_status&quot;:[&quot;publish&quot;,&quot;acf-disabled&quot;],&quot;posts_per_page&quot;:&quot;32&quot;},&quot;orderby_query_args&quot;:{&quot;orderby&quot;:{&quot;date&quot;:&quot;DESC&quot;}},&quot;type&quot;:&quot;grid&quot;,&quot;us_grid_ajax_index&quot;:2,&quot;us_grid_filter_params&quot;:[],&quot;us_grid_index&quot;:2,&quot;_us_grid_post_type&quot;:&quot;us_portfolio&quot;,&quot;page_args&quot;:[],&quot;lang&quot;:&quot;es&quot;}}'><\/div>\r\n\t<\/div><\/div><\/div><\/div><\/div><\/section><section class=\"l-section wpb_row height_medium\"><div class=\"l-section-h i-cf\"><div class=\"g-cols vc_row via_grid cols_1 laptops-cols_inherit tablets-cols_inherit mobiles-cols_1 valign_top type_default stacking_default\"><div class=\"wpb_column vc_column_container\"><div class=\"vc_column-inner\"><h2 class=\"w-text\"><span class=\"w-text-h\"><span class=\"w-text-value\">Dise\u00f1o para particulares<\/span><\/span><\/h2><div class=\"w-grid type_grid layout_1338 cols_3 ratio_1x1\" id=\"us_grid_3\" style=\"--gap:1rem;\" data-filterable=\"true\"><style>@media (max-width:1024px){#us_grid_3 .w-grid-item{width:50%}#us_grid_3 .w-grid-item.size_2x1,#us_grid_3 .w-grid-item.size_2x2{width:100%}}@media (max-width:600px){#us_grid_3 .w-grid-list{margin:0}#us_grid_3 .w-grid-item{width:100%;padding:0;margin-bottom:var(--gap,0px)}}#us_grid_3 .w-grid-item-h:before{padding-bottom:100%}<\/style><div class=\"w-grid-list\">\t<article class=\"w-grid-item size_1x1 post-2152 us_portfolio type-us_portfolio status-publish has-post-thumbnail hentry us_portfolio_category-diseno-para-particulares\" data-id=\"2152\">\r\n\t\t<div class=\"w-grid-item-h\">\r\n\t\t\t\t\t\t\t<a href=\"https:\/\/azordisseny.com\/es\/portfolio\/biel\/\" class=\"w-grid-item-anchor\" aria-label=\"Recordatorio personalizado Primera Comuni\u00f3n\"><\/a>\r\n\t\t\t\t\t\t<div class=\"w-vwrapper usg_vwrapper_1 align_center valign_middle\" style=\"--vwrapper-gap:0rem\"><div class=\"w-post-elm post_image usg_post_image_1 has_ratio\"><div style=\"padding-bottom:100%\"><\/div><a href=\"https:\/\/azordisseny.com\/es\/portfolio\/biel\/\" aria-label=\"Recordatorio personalizado Primera Comuni\u00f3n\"><img loading=\"lazy\" decoding=\"async\" width=\"960\" height=\"960\" src=\"https:\/\/azordisseny.com\/wp-content\/uploads\/2020\/07\/biel.jpg\" class=\"attachment-large size-large wp-post-image\" alt=\"\" srcset=\"https:\/\/azordisseny.com\/wp-content\/uploads\/2020\/07\/biel.jpg 960w, https:\/\/azordisseny.com\/wp-content\/uploads\/2020\/07\/biel-300x300.jpg 300w, https:\/\/azordisseny.com\/wp-content\/uploads\/2020\/07\/biel-150x150.jpg 150w\" sizes=\"auto, (max-width: 960px) 100vw, 960px\" \/><\/a><\/div><\/div><h3 class=\"w-post-elm post_title usg_post_title_1 has_text_color entry-title color_link_inherit\"><a href=\"https:\/\/azordisseny.com\/es\/portfolio\/biel\/\">Recordatorio personalizado Primera Comuni\u00f3n<\/a><\/h3>\t\t<\/div>\r\n\t<\/article>\r\n\t<article class=\"w-grid-item size_1x1 post-2158 us_portfolio type-us_portfolio status-publish has-post-thumbnail hentry us_portfolio_category-diseno-para-particulares\" data-id=\"2158\">\r\n\t\t<div class=\"w-grid-item-h\">\r\n\t\t\t\t\t\t\t<a href=\"https:\/\/azordisseny.com\/es\/portfolio\/aida-roger\/\" class=\"w-grid-item-anchor\" aria-label=\"Dise\u00f1o de invitaci\u00f3n para la celebraci\u00f3n de una boda\"><\/a>\r\n\t\t\t\t\t\t<div class=\"w-vwrapper usg_vwrapper_1 align_center valign_middle\" style=\"--vwrapper-gap:0rem\"><div class=\"w-post-elm post_image usg_post_image_1 has_ratio\"><div style=\"padding-bottom:100%\"><\/div><a href=\"https:\/\/azordisseny.com\/es\/portfolio\/aida-roger\/\" aria-label=\"Dise\u00f1o de invitaci\u00f3n para la celebraci\u00f3n de una boda\"><img loading=\"lazy\" decoding=\"async\" width=\"960\" height=\"960\" src=\"https:\/\/azordisseny.com\/wp-content\/uploads\/2020\/07\/casament.jpg\" class=\"attachment-large size-large wp-post-image\" alt=\"\" srcset=\"https:\/\/azordisseny.com\/wp-content\/uploads\/2020\/07\/casament.jpg 960w, https:\/\/azordisseny.com\/wp-content\/uploads\/2020\/07\/casament-300x300.jpg 300w, https:\/\/azordisseny.com\/wp-content\/uploads\/2020\/07\/casament-150x150.jpg 150w\" sizes=\"auto, (max-width: 960px) 100vw, 960px\" \/><\/a><\/div><\/div><h3 class=\"w-post-elm post_title usg_post_title_1 has_text_color entry-title color_link_inherit\"><a href=\"https:\/\/azordisseny.com\/es\/portfolio\/aida-roger\/\">Dise\u00f1o de invitaci\u00f3n para la celebraci\u00f3n de una boda<\/a><\/h3>\t\t<\/div>\r\n\t<\/article>\r\n\t<article class=\"w-grid-item size_1x1 post-2160 us_portfolio type-us_portfolio status-publish has-post-thumbnail hentry us_portfolio_category-diseno-para-particulares\" data-id=\"2160\">\r\n\t\t<div class=\"w-grid-item-h\">\r\n\t\t\t\t\t\t\t<a href=\"https:\/\/azordisseny.com\/es\/portfolio\/angel-merce\/\" class=\"w-grid-item-anchor\" aria-label=\"Personalizaci\u00f3n de pack y etiqueta de cava para aniversario\"><\/a>\r\n\t\t\t\t\t\t<div class=\"w-vwrapper usg_vwrapper_1 align_center valign_middle\" style=\"--vwrapper-gap:0rem\"><div class=\"w-post-elm post_image usg_post_image_1 has_ratio\"><div style=\"padding-bottom:100%\"><\/div><a href=\"https:\/\/azordisseny.com\/es\/portfolio\/angel-merce\/\" aria-label=\"Personalizaci\u00f3n de pack y etiqueta de cava para aniversario\"><img loading=\"lazy\" decoding=\"async\" width=\"960\" height=\"960\" src=\"https:\/\/azordisseny.com\/wp-content\/uploads\/2020\/07\/angel.jpg\" class=\"attachment-large size-large wp-post-image\" alt=\"\" srcset=\"https:\/\/azordisseny.com\/wp-content\/uploads\/2020\/07\/angel.jpg 960w, https:\/\/azordisseny.com\/wp-content\/uploads\/2020\/07\/angel-300x300.jpg 300w, https:\/\/azordisseny.com\/wp-content\/uploads\/2020\/07\/angel-150x150.jpg 150w\" sizes=\"auto, (max-width: 960px) 100vw, 960px\" \/><\/a><\/div><\/div><h3 class=\"w-post-elm post_title usg_post_title_1 has_text_color entry-title color_link_inherit\"><a href=\"https:\/\/azordisseny.com\/es\/portfolio\/angel-merce\/\">Personalizaci\u00f3n de pack y etiqueta de cava para aniversario<\/a><\/h3>\t\t<\/div>\r\n\t<\/article>\r\n\t<article class=\"w-grid-item size_1x1 post-2161 us_portfolio type-us_portfolio status-publish has-post-thumbnail hentry us_portfolio_category-diseno-para-particulares\" data-id=\"2161\">\r\n\t\t<div class=\"w-grid-item-h\">\r\n\t\t\t\t\t\t\t<a href=\"https:\/\/azordisseny.com\/es\/portfolio\/mireia-sergi\/\" class=\"w-grid-item-anchor\" aria-label=\"Dise\u00f1o de invitaci\u00f3n de boda\"><\/a>\r\n\t\t\t\t\t\t<div class=\"w-vwrapper usg_vwrapper_1 align_center valign_middle\" style=\"--vwrapper-gap:0rem\"><div class=\"w-post-elm post_image usg_post_image_1 has_ratio\"><div style=\"padding-bottom:100%\"><\/div><a href=\"https:\/\/azordisseny.com\/es\/portfolio\/mireia-sergi\/\" aria-label=\"Dise\u00f1o de invitaci\u00f3n de boda\"><img loading=\"lazy\" decoding=\"async\" width=\"960\" height=\"960\" src=\"https:\/\/azordisseny.com\/wp-content\/uploads\/2020\/07\/mireia.jpg\" class=\"attachment-large size-large wp-post-image\" alt=\"\" srcset=\"https:\/\/azordisseny.com\/wp-content\/uploads\/2020\/07\/mireia.jpg 960w, https:\/\/azordisseny.com\/wp-content\/uploads\/2020\/07\/mireia-300x300.jpg 300w, https:\/\/azordisseny.com\/wp-content\/uploads\/2020\/07\/mireia-150x150.jpg 150w\" sizes=\"auto, (max-width: 960px) 100vw, 960px\" \/><\/a><\/div><\/div><h3 class=\"w-post-elm post_title usg_post_title_1 has_text_color entry-title color_link_inherit\"><a href=\"https:\/\/azordisseny.com\/es\/portfolio\/mireia-sergi\/\">Dise\u00f1o de invitaci\u00f3n de boda<\/a><\/h3>\t\t<\/div>\r\n\t<\/article>\r\n\t<article class=\"w-grid-item size_1x1 post-2162 us_portfolio type-us_portfolio status-publish has-post-thumbnail hentry us_portfolio_category-diseno-para-particulares\" data-id=\"2162\">\r\n\t\t<div class=\"w-grid-item-h\">\r\n\t\t\t\t\t\t\t<a href=\"https:\/\/azordisseny.com\/es\/portfolio\/miriam-david\/\" class=\"w-grid-item-anchor\" aria-label=\"Dise\u00f1o de invitaci\u00f3n de boda\"><\/a>\r\n\t\t\t\t\t\t<div class=\"w-vwrapper usg_vwrapper_1 align_center valign_middle\" style=\"--vwrapper-gap:0rem\"><div class=\"w-post-elm post_image usg_post_image_1 has_ratio\"><div style=\"padding-bottom:100%\"><\/div><a href=\"https:\/\/azordisseny.com\/es\/portfolio\/miriam-david\/\" aria-label=\"Dise\u00f1o de invitaci\u00f3n de boda\"><img loading=\"lazy\" decoding=\"async\" width=\"960\" height=\"960\" src=\"https:\/\/azordisseny.com\/wp-content\/uploads\/2020\/07\/arros.jpg\" class=\"attachment-large size-large wp-post-image\" alt=\"\" srcset=\"https:\/\/azordisseny.com\/wp-content\/uploads\/2020\/07\/arros.jpg 960w, https:\/\/azordisseny.com\/wp-content\/uploads\/2020\/07\/arros-300x300.jpg 300w, https:\/\/azordisseny.com\/wp-content\/uploads\/2020\/07\/arros-150x150.jpg 150w\" sizes=\"auto, (max-width: 960px) 100vw, 960px\" \/><\/a><\/div><\/div><h3 class=\"w-post-elm post_title usg_post_title_1 has_text_color entry-title color_link_inherit\"><a href=\"https:\/\/azordisseny.com\/es\/portfolio\/miriam-david\/\">Dise\u00f1o de invitaci\u00f3n de boda<\/a><\/h3>\t\t<\/div>\r\n\t<\/article>\r\n<\/div><div class=\"w-grid-preloader\">\t<div class=\"g-preloader type_1\">\r\n\t\t<div><\/div>\r\n\t<\/div>\r\n\t<\/div>\t<div class=\"w-grid-json hidden\" onclick='return {&quot;action&quot;:&quot;us_ajax_grid&quot;,&quot;ajax_url&quot;:&quot;https:\\\/\\\/azordisseny.com\\\/wp-admin\\\/admin-ajax.php&quot;,&quot;infinite_scroll&quot;:0,&quot;max_num_pages&quot;:1,&quot;pagination&quot;:&quot;none&quot;,&quot;template_vars&quot;:{&quot;columns&quot;:&quot;3&quot;,&quot;exclude_items&quot;:&quot;none&quot;,&quot;img_size&quot;:&quot;large&quot;,&quot;ignore_items_size&quot;:0,&quot;items_layout&quot;:&quot;1338&quot;,&quot;items_offset&quot;:&quot;1&quot;,&quot;load_animation&quot;:&quot;none&quot;,&quot;overriding_link&quot;:&quot;%7B%22type%22%3A%22post%22%7D&quot;,&quot;post_id&quot;:0,&quot;query_args&quot;:{&quot;post_type&quot;:[&quot;us_portfolio&quot;],&quot;tax_query&quot;:[{&quot;taxonomy&quot;:&quot;us_portfolio_category&quot;,&quot;field&quot;:&quot;slug&quot;,&quot;terms&quot;:[&quot;diseno-para-particulares&quot;]}],&quot;post_status&quot;:[&quot;publish&quot;,&quot;acf-disabled&quot;],&quot;posts_per_page&quot;:&quot;32&quot;},&quot;orderby_query_args&quot;:{&quot;orderby&quot;:{&quot;date&quot;:&quot;DESC&quot;}},&quot;type&quot;:&quot;grid&quot;,&quot;us_grid_ajax_index&quot;:3,&quot;us_grid_filter_params&quot;:[],&quot;us_grid_index&quot;:3,&quot;_us_grid_post_type&quot;:&quot;us_portfolio&quot;,&quot;page_args&quot;:[],&quot;lang&quot;:&quot;es&quot;}}'><\/div>\r\n\t<\/div><\/div><\/div><\/div><\/div><\/section>\n","protected":false},"excerpt":{"rendered":"MIRIAM &amp; DAVID Personalizaci\u00f3n de invitaci\u00f3n de boda.","protected":false},"author":1,"featured_media":0,"parent":0,"menu_order":0,"comment_status":"closed","ping_status":"closed","template":"","meta":{"footnotes":""},"class_list":["post-1687","page","type-page","status-publish","hentry"],"acf":[],"_links":{"self":[{"href":"https:\/\/azordisseny.com\/es\/wp-json\/wp\/v2\/pages\/1687","targetHints":{"allow":["GET"]}}],"collection":[{"href":"https:\/\/azordisseny.com\/es\/wp-json\/wp\/v2\/pages"}],"about":[{"href":"https:\/\/azordisseny.com\/es\/wp-json\/wp\/v2\/types\/page"}],"author":[{"embeddable":true,"href":"https:\/\/azordisseny.com\/es\/wp-json\/wp\/v2\/users\/1"}],"replies":[{"embeddable":true,"href":"https:\/\/azordisseny.com\/es\/wp-json\/wp\/v2\/comments?post=1687"}],"version-history":[{"count":4,"href":"https:\/\/azordisseny.com\/es\/wp-json\/wp\/v2\/pages\/1687\/revisions"}],"predecessor-version":[{"id":2150,"href":"https:\/\/azordisseny.com\/es\/wp-json\/wp\/v2\/pages\/1687\/revisions\/2150"}],"wp:attachment":[{"href":"https:\/\/azordisseny.com\/es\/wp-json\/wp\/v2\/media?parent=1687"}],"curies":[{"name":"wp","href":"https:\/\/api.w.org\/{rel}","templated":true}]}}